{"id":32718,"date":"2022-07-29T15:50:44","date_gmt":"2022-07-29T15:50:44","guid":{"rendered":"https:\/\/www.coloredcaramel.com\/terms-of-service-2\/"},"modified":"2026-09-05T12:35:42","modified_gmt":"2026-09-05T12:35:42","slug":"kullanim-sartlari","status":"publish","type":"page","link":"https:\/\/www.coloredcaramel.com\/tr\/kullanim-sartlari\/","title":{"rendered":"Kullan\u0131m \u015eartlar\u0131"},"content":{"rendered":"\n<p class=\"wp-block-paragraph\">H\u0130ZMET \u015eARTLARI<\/p>\n\n\n\n<hr class=\"wp-block-separator has-alpha-channel-opacity\"\/>\n\n\n\n<p class=\"wp-block-paragraph\">GENEL BAKI\u015e<\/p>\n\n\n\n<p class=\"wp-block-paragraph\">Bu web sitesi Colored Caramel (Manfred Limited&#8217;e ba\u011fl\u0131 bir \u015firket) taraf\u0131ndan i\u015fletilmektedir. Site genelinde &#8220;biz&#8221;, &#8220;bizi&#8221; ve &#8220;bizim&#8221; terimleri Manfred Limited&#8217;i ifade eder. Manfred Limited, bu sitede bulunan t\u00fcm bilgiler, ara\u00e7lar ve Hizmetler dahil olmak \u00fczere bu web sitesini, burada belirtilen t\u00fcm \u015fartlar\u0131, ko\u015fullar\u0131, politikalar\u0131 ve bildirimleri kabul etmen ko\u015fuluyla sana, yani kullan\u0131c\u0131ya sunar.<\/p>\n\n\n\n<p class=\"wp-block-paragraph\">Sitemizi ziyaret ederek ve\/veya bizden bir \u015fey sat\u0131n alarak &#8220;Hizmetimize&#8221; kat\u0131l\u0131rs\u0131n ve burada at\u0131fta bulunulan ve\/veya k\u00f6pr\u00fc ile eri\u015filebilen ek \u015fartlar, ko\u015fullar ve politikalar dahil olmak \u00fczere a\u015fa\u011f\u0131daki \u015fartlar ve ko\u015fullara (&#8220;Hizmet \u015eartlar\u0131&#8221;, &#8220;\u015eartlar&#8221;) ba\u011fl\u0131 kalmay\u0131 kabul edersin. Bu Hizmet \u015eartlar\u0131, taray\u0131c\u0131lar, sat\u0131c\u0131lar, m\u00fc\u015fteriler, t\u00fcccarlar ve\/veya i\u00e7erik katk\u0131da bulunanlar dahil ancak bunlarla s\u0131n\u0131rl\u0131 olmamak \u00fczere sitenin t\u00fcm kullan\u0131c\u0131lar\u0131 i\u00e7in ge\u00e7erlidir.<br>L\u00fctfen web sitemize eri\u015fmeden veya web sitemizi kullanmadan \u00f6nce bu Hizmet \u015eartlar\u0131n\u0131 dikkatlice oku. Sitenin herhangi bir b\u00f6l\u00fcm\u00fcne eri\u015ferek veya kullanarak bu Hizmet \u015eartlar\u0131na ba\u011fl\u0131 kalmay\u0131 kabul edersin. Bu s\u00f6zle\u015fmenin t\u00fcm \u015fart ve ko\u015fullar\u0131n\u0131 kabul etmiyorsan, web sitesine eri\u015femez veya herhangi bir Hizmeti kullanamazs\u0131n. Bu Hizmet \u015eartlar\u0131 bir teklif olarak kabul edilirse, kabul a\u00e7\u0131k\u00e7a bu Hizmet \u015eartlar\u0131 ile s\u0131n\u0131rl\u0131d\u0131r.<\/p>\n\n\n\n<p class=\"wp-block-paragraph\">Mevcut ma\u011fazaya eklenen t\u00fcm yeni \u00f6zellikler veya ara\u00e7lar da Hizmet \u015eartlar\u0131na tabi olacakt\u0131r. Hizmet \u015eartlar\u0131n\u0131n en g\u00fcncel s\u00fcr\u00fcm\u00fcn\u00fc istedi\u011fin zaman bu sayfada inceleyebilirsin. Web sitemizde g\u00fcncellemeler ve\/veya de\u011fi\u015fiklikler yay\u0131nlayarak bu Hizmet \u015eartlar\u0131n\u0131n herhangi bir b\u00f6l\u00fcm\u00fcn\u00fc g\u00fcncelleme, de\u011fi\u015ftirme veya yerine yenisini koyma hakk\u0131m\u0131z\u0131 sakl\u0131 tutar\u0131z. De\u011fi\u015fiklikler i\u00e7in bu sayfay\u0131 periyodik olarak kontrol etmek senin sorumlulu\u011fundad\u0131r. Herhangi bir de\u011fi\u015fikli\u011fin yay\u0131nlanmas\u0131n\u0131n ard\u0131ndan web sitesini kullanmaya veya web sitesine eri\u015fmeye devam etmen, bu de\u011fi\u015fiklikleri kabul etti\u011fin anlam\u0131na gelir.<br>Ma\u011fazam\u0131z Shopify Inc. \u00fczerinde bar\u0131nd\u0131r\u0131lmaktad\u0131r. Bize \u00fcr\u00fcnlerimizi ve Hizmetlerimizi sana satmam\u0131z\u0131 sa\u011flayan \u00e7evrimi\u00e7i e-ticaret platformunu sa\u011flarlar.<\/p>\n\n\n\n<p class=\"wp-block-paragraph\">B\u00d6L\u00dcM 1 &#8211; \u00c7EVR\u0130M\u0130\u00c7\u0130 MA\u011eAZA \u015eARTLARI<\/p>\n\n\n\n<p class=\"wp-block-paragraph\">Bu Hizmet \u015eartlar\u0131n\u0131 kabul ederek, ikamet etti\u011fin eyalet veya ilde en az re\u015fit olma ya\u015f\u0131nda oldu\u011funu veya ikamet etti\u011fin eyalet veya ilde re\u015fit olma ya\u015f\u0131nda oldu\u011funu ve re\u015fit olmayan bakmakla y\u00fck\u00fcml\u00fc oldu\u011fun ki\u015filerin bu siteyi kullanmas\u0131na izin vermemiz i\u00e7in bize onay verdi\u011fini beyan edersin.<\/p>\n\n\n\n<p class=\"wp-block-paragraph\">\u00dcr\u00fcnlerimizi yasa d\u0131\u015f\u0131 veya yetkisiz bir ama\u00e7 i\u00e7in kullanamazs\u0131n ve Hizmetin kullan\u0131m\u0131nda kendi yarg\u0131 alan\u0131ndaki hi\u00e7bir yasay\u0131 (telif hakk\u0131 yasalar\u0131 dahil ancak bunlarla s\u0131n\u0131rl\u0131 olmamak \u00fczere) ihlal edemezsin.<\/p>\n\n\n\n<p class=\"wp-block-paragraph\">Herhangi bir solucan, vir\u00fcs veya y\u0131k\u0131c\u0131 nitelikte herhangi bir kod iletmemelisin.<\/p>\n\n\n\n<p class=\"wp-block-paragraph\">\u015eartlardan herhangi birinin ihlali, Hizmetlerinin derhal sonland\u0131r\u0131lmas\u0131na neden olacakt\u0131r.<\/p>\n\n\n\n<p class=\"wp-block-paragraph\">B\u00d6L\u00dcM 2 &#8211; GENEL KO\u015eULLAR<\/p>\n\n\n\n<p class=\"wp-block-paragraph\">Herhangi bir zamanda herhangi bir nedenle herhangi birine hizmet vermeyi reddetme hakk\u0131m\u0131z\u0131 sakl\u0131 tutar\u0131z.<\/p>\n\n\n\n<p class=\"wp-block-paragraph\">\u0130\u00e7eri\u011finin (kredi kart\u0131 bilgileri hari\u00e7) \u015fifrelenmemi\u015f olarak aktar\u0131labilece\u011fini ve (a) \u00e7e\u015fitli a\u011flar \u00fczerinden aktar\u0131mlar\u0131 ve (b) ba\u011flanan a\u011flar\u0131n veya cihazlar\u0131n teknik gereksinimlerine uymak ve bunlara uyum sa\u011flamak i\u00e7in de\u011fi\u015fiklikleri i\u00e7erebilece\u011fini anl\u0131yorsun. Kredi kart\u0131 bilgileri, a\u011flar \u00fczerinden aktar\u0131m s\u0131ras\u0131nda her zaman \u015fifrelenir.<\/p>\n\n\n\n<p class=\"wp-block-paragraph\">Hizmetin herhangi bir b\u00f6l\u00fcm\u00fcn\u00fc, Hizmetin kullan\u0131m\u0131n\u0131 veya Hizmete eri\u015fimi veya hizmetin sa\u011fland\u0131\u011f\u0131 web sitesindeki herhangi bir ki\u015fiyi, taraf\u0131m\u0131zdan a\u00e7\u0131k yaz\u0131l\u0131 izin al\u0131nmadan \u00e7o\u011faltmamay\u0131, kopyalamamay\u0131, satmamay\u0131, yeniden satmamay\u0131 veya istismar etmemeyi kabul edersin.<\/p>\n\n\n\n<p class=\"wp-block-paragraph\">Bu s\u00f6zle\u015fmede kullan\u0131lan ba\u015fl\u0131klar yaln\u0131zca kolayl\u0131k sa\u011flamak amac\u0131yla eklenmi\u015ftir ve bu \u015eartlar\u0131 s\u0131n\u0131rlamayacak veya ba\u015fka \u015fekilde etkilemeyecektir.<\/p>\n\n\n\n<p class=\"wp-block-paragraph\">B\u00d6L\u00dcM 3 &#8211; B\u0130LG\u0130LER\u0130N DO\u011eRULU\u011eU, EKS\u0130KS\u0130ZL\u0130\u011e\u0130 VE ZAMANINDALI\u011eI<\/p>\n\n\n\n<p class=\"wp-block-paragraph\">Bu sitede sunulan bilgilerin do\u011fru, eksiksiz veya g\u00fcncel olmamas\u0131ndan sorumlu de\u011filiz. Bu sitedeki materyal yaln\u0131zca genel bilgi amac\u0131yla sa\u011flanm\u0131\u015ft\u0131r ve birincil, daha do\u011fru, daha eksiksiz veya daha g\u00fcncel bilgi kaynaklar\u0131na dan\u0131\u015f\u0131lmadan karar vermek i\u00e7in tek temel olarak g\u00fcvenilmemeli veya kullan\u0131lmamal\u0131d\u0131r. Bu sitedeki materyale g\u00fcvenmenin riski tamamen sana aittir.<\/p>\n\n\n\n<p class=\"wp-block-paragraph\">Bu site belirli ge\u00e7mi\u015f bilgileri i\u00e7erebilir. Ge\u00e7mi\u015f bilgiler zorunlu olarak g\u00fcncel de\u011fildir ve yaln\u0131zca referans olmas\u0131 amac\u0131yla sa\u011flanm\u0131\u015ft\u0131r. Bu sitenin i\u00e7eri\u011fini istedi\u011fimiz zaman de\u011fi\u015ftirme hakk\u0131m\u0131z\u0131 sakl\u0131 tutar\u0131z, ancak sitemizdeki hi\u00e7bir bilgiyi g\u00fcncelleme y\u00fck\u00fcml\u00fcl\u00fc\u011f\u00fcm\u00fcz yoktur. Sitemizdeki de\u011fi\u015fiklikleri izlemenin senin sorumlulu\u011funda oldu\u011funu kabul edersin.<\/p>\n\n\n\n<p class=\"wp-block-paragraph\">B\u00d6L\u00dcM 4 &#8211; H\u0130ZMET VE F\u0130YATLARDA DE\u011e\u0130\u015e\u0130KL\u0130KLER<\/p>\n\n\n\n<p class=\"wp-block-paragraph\">\u00dcr\u00fcnlerimizin fiyatlar\u0131 \u00f6nceden haber verilmeksizin de\u011fi\u015ftirilebilir.<\/p>\n\n\n\n<p class=\"wp-block-paragraph\">Hizmeti (veya herhangi bir b\u00f6l\u00fcm\u00fcn\u00fc veya i\u00e7eri\u011fini) herhangi bir zamanda \u00f6nceden haber vermeksizin de\u011fi\u015ftirme veya durdurma hakk\u0131m\u0131z\u0131 sakl\u0131 tutar\u0131z.<\/p>\n\n\n\n<p class=\"wp-block-paragraph\">Hizmetin herhangi bir \u015fekilde de\u011fi\u015ftirilmesi, fiyat de\u011fi\u015fikli\u011fi, ask\u0131ya al\u0131nmas\u0131 veya durdurulmas\u0131 nedeniyle sana veya herhangi bir \u00fc\u00e7\u00fcnc\u00fc tarafa kar\u015f\u0131 sorumlu olmayaca\u011f\u0131z.<\/p>\n\n\n\n<p class=\"wp-block-paragraph\">B\u00d6L\u00dcM 5 &#8211; \u00dcR\u00dcNLER VEYA H\u0130ZMETLER (varsa)<\/p>\n\n\n\n<p class=\"wp-block-paragraph\">Belirli \u00fcr\u00fcnler veya Hizmetler yaln\u0131zca web sitesi \u00fczerinden \u00e7evrimi\u00e7i olarak mevcut olabilir. Bu \u00fcr\u00fcnler veya Hizmetler s\u0131n\u0131rl\u0131 miktarlarda olabilir ve yaln\u0131zca \u0130ade Politikam\u0131za g\u00f6re iade veya de\u011fi\u015fime tabidir. \u0130ade Politikam\u0131z\u0131 g\u00f6r\u00fcnt\u00fclemek i\u00e7in l\u00fctfen \u0130ade Politikam\u0131z\u0131 ziyaret et.<\/p>\n\n\n\n<p class=\"wp-block-paragraph\">Ma\u011fazada g\u00f6r\u00fcnen \u00fcr\u00fcnlerimizin renklerini ve resimlerini olabildi\u011fince do\u011fru bir \u015fekilde g\u00f6stermek i\u00e7in her t\u00fcrl\u00fc \u00e7abay\u0131 g\u00f6sterdik. Bilgisayar monit\u00f6r\u00fcn\u00fcn herhangi bir rengi do\u011fru g\u00f6sterece\u011fini garanti edemeyiz.<br>\u00dcr\u00fcnlerimizin veya Hizmetlerimizin sat\u0131\u015f\u0131n\u0131 herhangi bir ki\u015fiye, co\u011frafi b\u00f6lgeye veya yarg\u0131 alan\u0131na s\u0131n\u0131rlama hakk\u0131m\u0131z\u0131 sakl\u0131 tutar\u0131z, ancak buna mecbur de\u011filiz. Bu hakk\u0131 duruma g\u00f6re kullanabiliriz. Sundu\u011fumuz herhangi bir \u00fcr\u00fcn veya Hizmetin miktar\u0131n\u0131 s\u0131n\u0131rlama hakk\u0131m\u0131z\u0131 sakl\u0131 tutar\u0131z. \u00dcr\u00fcnlerin veya \u00fcr\u00fcn fiyatland\u0131rmas\u0131n\u0131n t\u00fcm a\u00e7\u0131klamalar\u0131, tamamen bizim takdirimize ba\u011fl\u0131 olarak, herhangi bir zamanda \u00f6nceden haber verilmeksizin de\u011fi\u015ftirilebilir. Herhangi bir \u00fcr\u00fcn\u00fc herhangi bir zamanda durdurma hakk\u0131m\u0131z\u0131 sakl\u0131 tutar\u0131z. Bu sitede yap\u0131lan herhangi bir \u00fcr\u00fcn veya hizmet teklifi, yasakland\u0131\u011f\u0131 yerlerde ge\u00e7ersizdir.<\/p>\n\n\n\n<p class=\"wp-block-paragraph\">Taraf\u0131ndan sat\u0131n al\u0131nan veya elde edilen herhangi bir \u00fcr\u00fcn\u00fcn, Hizmetin, bilginin veya di\u011fer materyalin kalitesinin beklentilerini kar\u015f\u0131layaca\u011f\u0131n\u0131 veya Hizmetteki herhangi bir hatan\u0131n d\u00fczeltilece\u011fini garanti etmiyoruz.<\/p>\n\n\n\n<p class=\"wp-block-paragraph\">B\u00d6L\u00dcM 6 &#8211; FATURALANDIRMA VE HESAP B\u0130LG\u0130LER\u0130N\u0130N DO\u011eRULU\u011eU<\/p>\n\n\n\n<p class=\"wp-block-paragraph\">Bize verdi\u011fin herhangi bir sipari\u015fi reddetme hakk\u0131m\u0131z\u0131 sakl\u0131 tutar\u0131z. Tamamen kendi takdirimize ba\u011fl\u0131 olarak, ki\u015fi ba\u015f\u0131na, hane ba\u015f\u0131na veya sipari\u015f ba\u015f\u0131na sat\u0131n al\u0131nan miktarlar\u0131 s\u0131n\u0131rlayabilir veya iptal edebiliriz. Bu k\u0131s\u0131tlamalar, ayn\u0131 m\u00fc\u015fteri hesab\u0131, ayn\u0131 kredi kart\u0131 taraf\u0131ndan veya alt\u0131nda verilen sipari\u015fleri ve\/veya ayn\u0131 fatura ve\/veya g\u00f6nderim adresini kullanan sipari\u015fleri i\u00e7erebilir. Bir sipari\u015fte de\u011fi\u015fiklik yapmam\u0131z veya sipari\u015fi iptal etmemiz durumunda, sipari\u015fin verildi\u011fi s\u0131rada sa\u011flanan e-posta ve\/veya fatura adresi\/telefon numaras\u0131 ile ileti\u015fime ge\u00e7erek seni bilgilendirmeye \u00e7al\u0131\u015fabiliriz. Tamamen kendi karar\u0131m\u0131za g\u00f6re bayiler, sat\u0131c\u0131lar veya distrib\u00fct\u00f6rler taraf\u0131ndan verilmi\u015f gibi g\u00f6r\u00fcnen sipari\u015fleri s\u0131n\u0131rlama veya yasaklama hakk\u0131m\u0131z\u0131 sakl\u0131 tutar\u0131z.<br>Ma\u011fazam\u0131zda yap\u0131lan t\u00fcm sat\u0131n alma i\u015flemleri i\u00e7in g\u00fcncel, eksiksiz ve do\u011fru sat\u0131n alma ve hesap bilgilerini sa\u011flamay\u0131 kabul edersin. \u0130\u015flemlerini tamamlayabilmemiz ve gerekti\u011finde seninle ileti\u015fime ge\u00e7ebilmemiz i\u00e7in e-posta adresin, kredi kart\u0131 numaralar\u0131n ve son kullanma tarihlerin dahil olmak \u00fczere hesab\u0131n\u0131 ve di\u011fer bilgilerini derhal g\u00fcncellemeyi kabul edersin.<\/p>\n\n\n\n<p class=\"wp-block-paragraph\">Daha fazla ayr\u0131nt\u0131 i\u00e7in l\u00fctfen \u0130ade Politikam\u0131z\u0131 incele.<\/p>\n\n\n\n<p class=\"wp-block-paragraph\">B\u00d6L\u00dcM 7 &#8211; \u0130STE\u011eE BA\u011eLI ARA\u00c7LAR<\/p>\n\n\n\n<p class=\"wp-block-paragraph\">Sana, \u00fczerinde ne izleme yapt\u0131\u011f\u0131m\u0131z ne de herhangi bir kontrol\u00fcm\u00fcz veya girdimiz olan \u00fc\u00e7\u00fcnc\u00fc taraf ara\u00e7lar\u0131na eri\u015fim sa\u011flayabiliriz.<\/p>\n\n\n\n<p class=\"wp-block-paragraph\">Bu t\u00fcr ara\u00e7lara herhangi bir garanti, beyan veya ko\u015ful olmaks\u0131z\u0131n ve herhangi bir onay olmaks\u0131z\u0131n &#8220;oldu\u011fu gibi&#8221; ve &#8220;mevcut oldu\u011fu \u015fekilde&#8221; eri\u015fim sa\u011flad\u0131\u011f\u0131m\u0131z\u0131 kabul ve beyan edersin. \u0130ste\u011fe ba\u011fl\u0131 \u00fc\u00e7\u00fcnc\u00fc taraf ara\u00e7lar\u0131n\u0131 kullanmandan kaynaklanan veya bununla ilgili herhangi bir sorumlulu\u011fumuz olmayacakt\u0131r.<\/p>\n\n\n\n<p class=\"wp-block-paragraph\">Site arac\u0131l\u0131\u011f\u0131yla sunulan iste\u011fe ba\u011fl\u0131 ara\u00e7lar\u0131 kullan\u0131m\u0131n tamamen kendi riskine ve takdirine ba\u011fl\u0131d\u0131r ve ara\u00e7lar\u0131n ilgili \u00fc\u00e7\u00fcnc\u00fc taraf sa\u011flay\u0131c\u0131(lar) taraf\u0131ndan sa\u011fland\u0131\u011f\u0131 ko\u015fullara a\u015fina oldu\u011fundan ve bunlar\u0131 onaylad\u0131\u011f\u0131ndan emin olmal\u0131s\u0131n.<\/p>\n\n\n\n<p class=\"wp-block-paragraph\">Gelecekte web sitesi arac\u0131l\u0131\u011f\u0131yla yeni Hizmetler ve\/veya \u00f6zellikler (yeni ara\u00e7lar\u0131n ve kaynaklar\u0131n piyasaya s\u00fcr\u00fclmesi dahil) sunabiliriz. Bu t\u00fcr yeni \u00f6zellikler ve\/veya Hizmetler de bu Hizmet \u015eartlar\u0131na tabi olacakt\u0131r.<\/p>\n\n\n<p class=\"wp-block-paragraph\">Bu t\u00fcr ara\u00e7lara &#8220;oldu\u011fu gibi&#8221; ve &#8220;kullan\u0131labilir oldu\u011fu \u015fekilde&#8221;, herhangi bir garanti, beyan veya ko\u015ful olmaks\u0131z\u0131n ve herhangi bir onaylama yapmadan eri\u015fim sa\u011flad\u0131\u011f\u0131m\u0131z\u0131 kabul edersin. \u0130ste\u011fe ba\u011fl\u0131 \u00fc\u00e7\u00fcnc\u00fc taraf ara\u00e7lar\u0131n\u0131 kullanmandan kaynaklanan veya bununla ilgili hi\u00e7bir sorumlulu\u011fumuz yoktur.<\/p>\n\n\n<p class=\"wp-block-paragraph\">Site \u00fczerinden sunulan iste\u011fe ba\u011fl\u0131 ara\u00e7lar\u0131 kullanman tamamen senin kendi riskin ve takdirindedir. \u0130lgili \u00fc\u00e7\u00fcnc\u00fc taraf sa\u011flay\u0131c\u0131lar\u0131n bu ara\u00e7lar\u0131 sundu\u011fu \u015fartlar\u0131 bildi\u011finden ve onaylad\u0131\u011f\u0131ndan emin olmal\u0131s\u0131n.<\/p>\n\n\n<p class=\"wp-block-paragraph\">Gelecekte web sitesi \u00fczerinden yeni Hizmetler ve\/veya \u00f6zellikler (yeni ara\u00e7lar ve kaynaklar\u0131n yay\u0131nlanmas\u0131 dahil) sunabiliriz. Bu yeni \u00f6zellikler ve\/veya Hizmetler de bu Hizmet \u015eartlar\u0131&#8217;na tabi olacakt\u0131r.<\/p>\n\n\n<p class=\"wp-block-paragraph\">B\u00d6L\u00dcM 8 &#8211; \u00dc\u00c7\u00dcNC\u00dc TARAF BA\u011eLANTILARI<\/p>\n\n\n<p class=\"wp-block-paragraph\">Hizmetimiz arac\u0131l\u0131\u011f\u0131yla sunulan baz\u0131 i\u00e7erik, \u00fcr\u00fcn ve Hizmetler \u00fc\u00e7\u00fcnc\u00fc taraflara ait materyaller i\u00e7erebilir.<\/p>\n\n\n<p class=\"wp-block-paragraph\">Bu sitedeki \u00fc\u00e7\u00fcnc\u00fc taraf ba\u011flant\u0131lar\u0131, seni bizimle ba\u011flant\u0131s\u0131 olmayan \u00fc\u00e7\u00fcnc\u00fc taraf web sitelerine y\u00f6nlendirebilir. \u0130\u00e7eri\u011fi veya do\u011frulu\u011fu incelemekten veya de\u011ferlendirmekten sorumlu de\u011filiz ve \u00fc\u00e7\u00fcnc\u00fc taraf materyalleri veya web siteleri ile \u00fc\u00e7\u00fcnc\u00fc taraflar\u0131n di\u011fer materyalleri, \u00fcr\u00fcnleri veya Hizmetleri i\u00e7in herhangi bir garanti vermiyoruz ve hi\u00e7bir y\u00fck\u00fcml\u00fcl\u00fc\u011f\u00fcm\u00fcz veya sorumlulu\u011fumuz olmayacakt\u0131r.<\/p>\n\n\n<p class=\"wp-block-paragraph\">\u00dc\u00e7\u00fcnc\u00fc taraf web siteleriyle ba\u011flant\u0131l\u0131 olarak yap\u0131lan mal, Hizmet, kaynak, i\u00e7erik sat\u0131n al\u0131nmas\u0131 veya kullan\u0131lmas\u0131 ya da di\u011fer i\u015flemlerle ilgili herhangi bir zarar veya ziyandan sorumlu de\u011filiz. L\u00fctfen herhangi bir i\u015flem yapmadan \u00f6nce \u00fc\u00e7\u00fcnc\u00fc taraf\u0131n politikalar\u0131n\u0131 ve uygulamalar\u0131n\u0131 dikkatlice incele ve anlad\u0131\u011f\u0131ndan emin ol. \u00dc\u00e7\u00fcnc\u00fc taraf \u00fcr\u00fcnleriyle ilgili \u015fikayetler, talepler, endi\u015feler veya sorular do\u011frudan \u00fc\u00e7\u00fcnc\u00fc tarafa y\u00f6nlendirilmelidir.<\/p>\n\n\n<p class=\"wp-block-paragraph\">B\u00d6L\u00dcM 9 &#8211; KULLANICI YORUMLARI, GER\u0130 B\u0130LD\u0130R\u0130MLER VE D\u0130\u011eER G\u00d6NDER\u0130LER<\/p>\n\n\n<p class=\"wp-block-paragraph\">Bizim talebimiz \u00fczerine belirli g\u00f6nderiler (\u00f6rne\u011fin yar\u0131\u015fma kat\u0131l\u0131mlar\u0131) veya bizden bir talep olmaks\u0131z\u0131n \u00e7evrimi\u00e7i, e-posta, posta veya ba\u015fka bir yolla yarat\u0131c\u0131 fikirler, \u00f6neriler, teklifler, planlar veya di\u011fer materyaller (topluca &#8216;yorumlar&#8217;) g\u00f6nderirsen, bize iletti\u011fin bu yorumlar\u0131 herhangi bir zamanda, k\u0131s\u0131tlama olmaks\u0131z\u0131n d\u00fczenleyebilece\u011fimizi, kopyalayabilece\u011fimizi, yay\u0131nlayabilece\u011fimizi, da\u011f\u0131tabilece\u011fimizi, \u00e7evirebilece\u011fimizi ve herhangi bir mecrada kullanabilece\u011fimizi kabul edersin. (1) Herhangi bir yorumu gizli tutma, (2) herhangi bir yorum i\u00e7in tazminat \u00f6deme veya (3) herhangi bir yoruma yan\u0131t verme y\u00fck\u00fcml\u00fcl\u00fc\u011f\u00fcm\u00fcz yoktur ve olmayacakt\u0131r.<br>Kendi takdirimize ba\u011fl\u0131 olarak yasa d\u0131\u015f\u0131, sald\u0131rgan, tehditkar, iftira niteli\u011finde, karalay\u0131c\u0131, pornografik, m\u00fcstehcen veya ba\u015fka bir \u015fekilde sak\u0131ncal\u0131 buldu\u011fumuz veya herhangi bir taraf\u0131n fikri m\u00fclkiyetini ya da bu Hizmet \u015eartlar\u0131&#8217;n\u0131 ihlal eden i\u00e7erikleri izleyebilir, d\u00fczenleyebilir veya kald\u0131rabiliriz, ancak b\u00f6yle bir y\u00fck\u00fcml\u00fcl\u00fc\u011f\u00fcm\u00fcz yoktur.<br>Yorumlar\u0131n\u0131n telif hakk\u0131, ticari marka, gizlilik, ki\u015filik veya di\u011fer ki\u015fisel ya da m\u00fclkiyet haklar\u0131 dahil olmak \u00fczere hi\u00e7bir \u00fc\u00e7\u00fcnc\u00fc taraf\u0131n hakk\u0131n\u0131 ihlal etmeyece\u011fini kabul edersin. Ayr\u0131ca yorumlar\u0131n\u0131n iftira niteli\u011finde veya ba\u015fka bir \u015fekilde yasa d\u0131\u015f\u0131, istismar edici veya m\u00fcstehcen materyaller i\u00e7ermeyece\u011fini ya da Hizmetin veya ilgili herhangi bir web sitesinin \u00e7al\u0131\u015fmas\u0131n\u0131 herhangi bir \u015fekilde etkileyebilecek herhangi bir bilgisayar vir\u00fcs\u00fc veya ba\u015fka bir k\u00f6t\u00fc ama\u00e7l\u0131 yaz\u0131l\u0131m i\u00e7ermeyece\u011fini kabul edersin. Sahte bir e-posta adresi kullanamaz, kendinden ba\u015fka biriymi\u015f gibi davranamaz veya herhangi bir yorumun kayna\u011f\u0131 konusunda bizi veya \u00fc\u00e7\u00fcnc\u00fc taraflar\u0131 yan\u0131ltamazs\u0131n. Yapt\u0131\u011f\u0131n yorumlardan ve bunlar\u0131n do\u011frulu\u011fundan tamamen sen sorumlusun. Senin veya herhangi bir \u00fc\u00e7\u00fcnc\u00fc taraf\u0131n yay\u0131nlad\u0131\u011f\u0131 yorumlar i\u00e7in hi\u00e7bir sorumluluk kabul etmiyoruz.<\/p>\n\n\n<p class=\"wp-block-paragraph\">B\u00d6L\u00dcM 10 &#8211; K\u0130\u015e\u0130SEL B\u0130LG\u0130LER<\/p>\n\n\n<p class=\"wp-block-paragraph\">Ma\u011faza arac\u0131l\u0131\u011f\u0131yla ki\u015fisel bilgilerini g\u00f6ndermen Gizlilik Politikam\u0131za tabidir. Gizlilik Politikam\u0131z\u0131 g\u00f6r\u00fcnt\u00fclemek i\u00e7in <a href=\"https:\/\/www.coloredcaramel.com\/privacy-policy\/\">buraya t\u0131kla.<\/a> <\/p>\n\n\n<p class=\"wp-block-paragraph\">B\u00d6L\u00dcM 11 &#8211; HATALAR, YANLI\u015eLIKLAR VE EKS\u0130KL\u0130KLER<\/p>\n\n\n<p class=\"wp-block-paragraph\">Bazen sitemizde veya Hizmette \u00fcr\u00fcn a\u00e7\u0131klamalar\u0131, fiyatland\u0131rma, promosyonlar, teklifler, \u00fcr\u00fcn kargo \u00fccretleri, ta\u015f\u0131ma s\u00fcreleri ve bulunabilirlik ile ilgili olabilecek yaz\u0131m hatalar\u0131, yanl\u0131\u015fl\u0131klar veya eksiklikler i\u00e7eren bilgiler olabilir. Hizmetteki veya ilgili herhangi bir web sitesindeki herhangi bir bilginin yanl\u0131\u015f olmas\u0131 durumunda, \u00f6nceden haber vermeksizin (sipari\u015fini verdikten sonra da dahil olmak \u00fczere) herhangi bir zamanda hatalar\u0131, yanl\u0131\u015fl\u0131klar\u0131 veya eksiklikleri d\u00fczeltme ve bilgileri de\u011fi\u015ftirme veya g\u00fcncelleme ya da sipari\u015fleri iptal etme hakk\u0131m\u0131z\u0131 sakl\u0131 tutar\u0131z.<\/p>\n\n\n<p class=\"wp-block-paragraph\">Yasalar\u0131n gerektirdi\u011fi durumlar haricinde, fiyatland\u0131rma bilgileri dahil ancak bunlarla s\u0131n\u0131rl\u0131 olmamak \u00fczere, Hizmetteki veya ilgili herhangi bir web sitesindeki bilgileri g\u00fcncelleme, de\u011fi\u015ftirme veya a\u00e7\u0131kl\u0131\u011fa kavu\u015fturma y\u00fck\u00fcml\u00fcl\u00fc\u011f\u00fcm\u00fcz yoktur. Hizmette veya ilgili herhangi bir web sitesinde uygulanan belirli bir g\u00fcncelleme veya yenileme tarihi, Hizmetteki veya ilgili herhangi bir web sitesindeki t\u00fcm bilgilerin de\u011fi\u015ftirildi\u011fini veya g\u00fcncellendi\u011fini g\u00f6stermek i\u00e7in al\u0131nmamal\u0131d\u0131r.<\/p>\n\n\n<p class=\"wp-block-paragraph\">B\u00d6L\u00dcM 12 &#8211; YASAKLANMI\u015e KULLANIMLAR<\/p>\n\n\n<p class=\"wp-block-paragraph\">Hizmet \u015eartlar\u0131&#8217;nda belirtilen di\u011fer yasaklara ek olarak, siteyi veya i\u00e7eri\u011fini \u015fu ama\u00e7larla kullanman yasakt\u0131r:<br>(a) herhangi bir yasa d\u0131\u015f\u0131 ama\u00e7 i\u00e7in; (b) ba\u015fkalar\u0131n\u0131 herhangi bir yasa d\u0131\u015f\u0131 eylemi ger\u00e7ekle\u015ftirmeye veya bunlara kat\u0131lmaya te\u015fvik etmek; (c) herhangi bir uluslararas\u0131, federal, b\u00f6lgesel veya eyalet d\u00fczenlemesini, kural\u0131n\u0131, yasas\u0131n\u0131 veya yerel y\u00f6netmeli\u011fini ihlal etmek; (d) fikri m\u00fclkiyet haklar\u0131m\u0131z\u0131 veya ba\u015fkalar\u0131n\u0131n fikri m\u00fclkiyet haklar\u0131n\u0131 ihlal etmek; (e) cinsiyet, cinsel y\u00f6nelim, din, etnik k\u00f6ken, \u0131rk, ya\u015f, ulusal k\u00f6ken veya engellilik temelinde taciz etmek, istismar etmek, hakaret etmek, zarar vermek, karalamak, iftira atmak, a\u015fa\u011f\u0131lamak, korkutmak veya ayr\u0131mc\u0131l\u0131k yapmak; (f) yanl\u0131\u015f veya yan\u0131lt\u0131c\u0131 bilgi sunmak;<br>(g) Hizmetin veya ilgili herhangi bir web sitesinin, di\u011fer web sitelerinin veya internetin i\u015flevselli\u011fini veya \u00e7al\u0131\u015fmas\u0131n\u0131 etkileyecek herhangi bir \u015fekilde kullan\u0131lacak veya kullan\u0131labilecek vir\u00fcsleri veya di\u011fer herhangi bir t\u00fcr k\u00f6t\u00fc ama\u00e7l\u0131 kodu y\u00fcklemek veya iletmek; (h) ba\u015fkalar\u0131n\u0131n ki\u015fisel bilgilerini toplamak veya izlemek; (i) spam, kimlik av\u0131, pharm, pretext, spider, crawl veya scrape yapmak; (j) herhangi bir m\u00fcstehcen veya ahlaka ayk\u0131r\u0131 ama\u00e7 i\u00e7in; veya (k) Hizmetin veya ilgili herhangi bir web sitesinin, di\u011fer web sitelerinin veya internetin g\u00fcvenlik \u00f6zelliklerine m\u00fcdahale etmek veya bunlar\u0131 atlatmak. Yasaklanm\u0131\u015f kullan\u0131mlardan herhangi birini ihlal etmen durumunda Hizmeti veya ilgili herhangi bir web sitesini kullan\u0131m\u0131n\u0131 sonland\u0131rma hakk\u0131m\u0131z\u0131 sakl\u0131 tutar\u0131z.<\/p>\n\n\n<p class=\"wp-block-paragraph\">B\u00d6L\u00dcM 13 &#8211; GARANT\u0130 REDD\u0130; SORUMLULU\u011eUN SINIRLANDIRILMASI<\/p>\n\n\n<p class=\"wp-block-paragraph\">Hizmetimizi kullan\u0131m\u0131n\u0131n kesintisiz, zaman\u0131nda, g\u00fcvenli veya hatas\u0131z olaca\u011f\u0131n\u0131 garanti etmiyor, beyan etmiyor veya taahh\u00fct etmiyoruz.<\/p>\n\n\n<p class=\"wp-block-paragraph\">Hizmetin kullan\u0131m\u0131ndan elde edilebilecek sonu\u00e7lar\u0131n do\u011fru veya g\u00fcvenilir olaca\u011f\u0131n\u0131 garanti etmiyoruz.<\/p>\n\n\n<p class=\"wp-block-paragraph\">Hizmeti zaman zaman belirsiz s\u00fcrelerle kald\u0131rabilece\u011fimizi veya sana bildirimde bulunmaks\u0131z\u0131n istedi\u011fimiz zaman iptal edebilece\u011fimizi kabul ediyorsun.<br>Hizmeti kullan\u0131m\u0131n\u0131n veya kullanamaman\u0131n riskinin tamamen sana ait oldu\u011funu a\u00e7\u0131k\u00e7a kabul ediyorsun. Hizmet ve hizmet arac\u0131l\u0131\u011f\u0131yla sana sunulan t\u00fcm \u00fcr\u00fcnler ve hizmetler (taraf\u0131m\u0131zca a\u00e7\u0131k\u00e7a belirtilmedi\u011fi s\u00fcrece) kullan\u0131m\u0131n i\u00e7in &#8216;oldu\u011fu gibi&#8217; ve &#8216;mevcut oldu\u011fu \u015fekilde&#8217;, ticari elveri\u015flilik, ticari kalite, belirli bir amaca uygunluk, dayan\u0131kl\u0131l\u0131k, m\u00fclkiyet ve ihlal etmeme gibi z\u0131mni garantiler veya ko\u015fullar dahil olmak \u00fczere, a\u00e7\u0131k veya z\u0131mni hi\u00e7bir beyan, garanti veya ko\u015ful olmaks\u0131z\u0131n sunulmaktad\u0131r.<br>Hi\u00e7bir durumda Manfred Limited, y\u00f6neticilerimiz, memurlar\u0131m\u0131z, \u00e7al\u0131\u015fanlar\u0131m\u0131z, i\u015ftiraklerimiz, acentelerimiz, y\u00fcklenicilerimiz, stajyerlerimiz, tedarik\u00e7ilerimiz, hizmet sa\u011flay\u0131c\u0131lar\u0131m\u0131z veya lisans verenlerimiz, kar kayb\u0131, gelir kayb\u0131, tasarruf kayb\u0131, veri kayb\u0131, de\u011fi\u015ftirme maliyetleri veya benzeri hasarlar dahil ancak bunlarla s\u0131n\u0131rl\u0131 olmamak \u00fczere, s\u00f6zle\u015fmeye, haks\u0131z fiile (ihmal dahil), kusursuz sorumlulu\u011fa veya ba\u015fka bir nedene dayal\u0131 olsun, hizmeti veya hizmet kullan\u0131larak temin edilen herhangi bir \u00fcr\u00fcn\u00fc kullan\u0131m\u0131ndan kaynaklanan veya hizmeti veya herhangi bir \u00fcr\u00fcn\u00fc kullan\u0131m\u0131nla herhangi bir \u015fekilde ilgili olan ba\u015fka herhangi bir iddia i\u00e7in, herhangi bir i\u00e7erikteki hatalar veya eksiklikler veya hizmetin veya hizmet arac\u0131l\u0131\u011f\u0131yla yay\u0131nlanan, iletilen veya ba\u015fka bir \u015fekilde kullan\u0131ma sunulan herhangi bir i\u00e7eri\u011fin (veya \u00fcr\u00fcn\u00fcn) kullan\u0131m\u0131n\u0131n bir sonucu olarak ortaya \u00e7\u0131kan herhangi bir t\u00fcr kay\u0131p veya hasar dahil ancak bunlarla s\u0131n\u0131rl\u0131 olmamak \u00fczere, olas\u0131l\u0131klar\u0131 bildirilmi\u015f olsa bile, herhangi bir yaralanma, kay\u0131p, iddia veya herhangi bir do\u011frudan, dolayl\u0131, ar\u0131zi, cezai, \u00f6zel veya sonu\u00e7 olarak ortaya \u00e7\u0131kan hasardan sorumlu tutulamaz.<br>Baz\u0131 eyaletler veya yarg\u0131 b\u00f6lgeleri, sonu\u00e7 olarak ortaya \u00e7\u0131kan veya ar\u0131zi hasarlar i\u00e7in sorumlulu\u011fun hari\u00e7 tutulmas\u0131na veya s\u0131n\u0131rland\u0131r\u0131lmas\u0131na izin vermedi\u011finden, bu t\u00fcr eyaletlerde veya yarg\u0131 b\u00f6lgelerinde sorumlulu\u011fumuz yasalar\u0131n izin verdi\u011fi azami \u00f6l\u00e7\u00fcde s\u0131n\u0131rland\u0131r\u0131lacakt\u0131r.<\/p>\n\n\n<p class=\"wp-block-paragraph\">B\u00d6L\u00dcM 14 &#8211; TAZM\u0130NAT<\/p>\n\n\n<p class=\"wp-block-paragraph\">Manfred Limited&#8217;i ve ana \u015firketimizi, yan kurulu\u015flar\u0131m\u0131z\u0131, i\u015ftiraklerimizi, ortaklar\u0131m\u0131z\u0131, memurlar\u0131m\u0131z\u0131, y\u00f6neticilerimizi, acentelerimizi, y\u00fcklenicilerimizi, lisans verenlerimizi, hizmet sa\u011flay\u0131c\u0131lar\u0131m\u0131z\u0131, alt y\u00fcklenicilerimizi, tedarik\u00e7ilerimizi, stajyerlerimizi ve \u00e7al\u0131\u015fanlar\u0131m\u0131z\u0131, bu Hizmet \u015eartlar\u0131n\u0131 veya referans olarak dahil ettikleri belgeleri ihlal etmenden veya herhangi bir yasay\u0131 veya \u00fc\u00e7\u00fcnc\u00fc bir taraf\u0131n haklar\u0131n\u0131 ihlal etmenden kaynaklanan veya \u00fc\u00e7\u00fcnc\u00fc bir taraf\u00e7a yap\u0131lan makul avukatl\u0131k \u00fccretleri de dahil olmak \u00fczere herhangi bir iddia veya talepten muaf tutmay\u0131, savunmay\u0131 ve zararlar\u0131n\u0131 kar\u015f\u0131lamay\u0131 kabul ediyorsun.<\/p>\n\n\n<p class=\"wp-block-paragraph\">B\u00d6L\u00dcM 15 &#8211; B\u00d6L\u00dcNEB\u0130L\u0130RL\u0130K<\/p>\n\n\n<p class=\"wp-block-paragraph\">Bu Hizmet \u015eartlar\u0131n\u0131n herhangi bir h\u00fckm\u00fcn\u00fcn yasa d\u0131\u015f\u0131, ge\u00e7ersiz veya uygulanamaz oldu\u011funun belirlenmesi durumunda, s\u00f6z konusu h\u00fck\u00fcm yine de ge\u00e7erli yasalar\u0131n izin verdi\u011fi en geni\u015f \u00f6l\u00e7\u00fcde uygulanabilir olacak ve uygulanamayan k\u0131s\u0131m bu Hizmet \u015eartlar\u0131ndan ayr\u0131lm\u0131\u015f say\u0131lacakt\u0131r; bu belirleme, kalan di\u011fer h\u00fck\u00fcmlerin ge\u00e7erlili\u011fini ve uygulanabilirli\u011fini etkilemeyecektir.<\/p>\n\n\n<p class=\"wp-block-paragraph\">B\u00d6L\u00dcM 16 &#8211; FES\u0130H<\/p>\n\n\n<p class=\"wp-block-paragraph\">Taraflar\u0131n fesih tarihinden \u00f6nce do\u011fan y\u00fck\u00fcml\u00fcl\u00fckleri ve sorumluluklar\u0131, bu s\u00f6zle\u015fmenin feshinden sonra da her t\u00fcrl\u00fc ama\u00e7 i\u00e7in ge\u00e7erlili\u011fini koruyacakt\u0131r.<\/p>\n\n\n<p class=\"wp-block-paragraph\">Bu Hizmet \u015eartlar\u0131, sen veya bizim taraf\u0131m\u0131zdan feshedilmedik\u00e7e ve feshedilene kadar ge\u00e7erlidir. Hizmetlerimizi art\u0131k kullanmak istemedi\u011fini bize bildirerek veya sitemizi kullanmay\u0131 b\u0131rakt\u0131\u011f\u0131nda bu Hizmet \u015eartlar\u0131n\u0131 istedi\u011fin zaman feshedebilirsin.<br>Kendi takdirimize ba\u011fl\u0131 olarak bu Hizmet \u015eartlar\u0131n\u0131n herhangi bir \u015fart\u0131na veya h\u00fckm\u00fcne uymad\u0131\u011f\u0131n\u0131 tespit edersek veya uymad\u0131\u011f\u0131ndan \u015f\u00fcphelenirsek, bu s\u00f6zle\u015fmeyi herhangi bir zamanda bildirimde bulunmaks\u0131z\u0131n feshedebiliriz ve fesih tarihi de dahil olmak \u00fczere o tarihe kadar \u00f6denmesi gereken t\u00fcm tutarlardan sorumlu olmaya devam edersin; ve\/veya buna ba\u011fl\u0131 olarak Hizmetlerimize (veya herhangi bir b\u00f6l\u00fcm\u00fcne) eri\u015fimini reddedebiliriz.<\/p>\n\n\n<p class=\"wp-block-paragraph\">B\u00d6L\u00dcM 17 &#8211; S\u00d6ZLE\u015eMEN\u0130N B\u00dcT\u00dcNL\u00dc\u011e\u00dc<\/p>\n\n\n<p class=\"wp-block-paragraph\">Bu Hizmet \u015eartlar\u0131n\u0131n herhangi bir hakk\u0131n\u0131 veya h\u00fckm\u00fcn\u00fc kullanmamam\u0131z veya uygulamamam\u0131z, s\u00f6z konusu hak veya h\u00fck\u00fcmden feragat etti\u011fimiz anlam\u0131na gelmez.<\/p>\n\n\n<p class=\"wp-block-paragraph\">Bu Hizmet \u015eartlar\u0131 ve bu sitede veya Hizmetle ilgili olarak taraf\u0131m\u0131zca yay\u0131nlanan t\u00fcm politikalar veya i\u015fletim kurallar\u0131, seninle bizim aram\u0131zdaki s\u00f6zle\u015fmenin ve anlay\u0131\u015f\u0131n b\u00fct\u00fcn\u00fcn\u00fc olu\u015fturur ve Hizmeti kullan\u0131m\u0131n\u0131 y\u00f6neterek, seninle bizim aram\u0131zdaki (Hizmet \u015eartlar\u0131n\u0131n \u00f6nceki s\u00fcr\u00fcmleri dahil ancak bunlarla s\u0131n\u0131rl\u0131 olmamak \u00fczere) s\u00f6zl\u00fc veya yaz\u0131l\u0131 \u00f6nceki veya e\u015fzamanl\u0131 t\u00fcm s\u00f6zle\u015fmelerin, ileti\u015fimlerin ve tekliflerin yerine ge\u00e7er.<br>Bu Hizmet \u015eartlar\u0131n\u0131n yorumlanmas\u0131ndaki herhangi bir belirsizlik, tasla\u011f\u0131 haz\u0131rlayan taraf\u0131n aleyhine yorumlanmayacakt\u0131r.<\/p>\n\n\n<p class=\"wp-block-paragraph\">B\u00d6L\u00dcM 18 &#8211; GE\u00c7ERL\u0130 YASA<\/p>\n\n\n<p class=\"wp-block-paragraph\">Bu Hizmet \u015eartlar\u0131 ve sana Hizmet sa\u011flad\u0131\u011f\u0131m\u0131z di\u011fer ayr\u0131 s\u00f6zle\u015fmeler, Amerika Birle\u015fik Devletleri yasalar\u0131na tabi olacak ve bu yasalara g\u00f6re yorumlanacakt\u0131r.<\/p>\n\n\n<p class=\"wp-block-paragraph\">B\u00d6L\u00dcM 19 &#8211; H\u0130ZMET \u015eARTLARINDAK\u0130 DE\u011e\u0130\u015e\u0130KL\u0130KLER<\/p>\n\n\n<p class=\"wp-block-paragraph\">Hizmet \u015eartlar\u0131n\u0131n en g\u00fcncel s\u00fcr\u00fcm\u00fcn\u00fc istedi\u011fin zaman bu sayfadan inceleyebilirsin.<\/p>\n\n\n<p class=\"wp-block-paragraph\">Kendi takdirimize ba\u011fl\u0131 olarak, web sitemizde g\u00fcncellemeler ve de\u011fi\u015fiklikler yay\u0131nlayarak bu Hizmet \u015eartlar\u0131n\u0131n herhangi bir b\u00f6l\u00fcm\u00fcn\u00fc g\u00fcncelleme, de\u011fi\u015ftirme veya yerine yenisini koyma hakk\u0131m\u0131z\u0131 sakl\u0131 tutar\u0131z. De\u011fi\u015fiklikler i\u00e7in web sitemizi periyodik olarak kontrol etmek senin sorumlulu\u011fundad\u0131r. Bu Hizmet \u015eartlar\u0131nda yap\u0131lan herhangi bir de\u011fi\u015fikli\u011fin yay\u0131nlanmas\u0131n\u0131n ard\u0131ndan web sitemizi veya Hizmeti kullanmaya veya bunlara eri\u015fmeye devam etmen, bu de\u011fi\u015fiklikleri kabul etti\u011fin anlam\u0131na gelir.<\/p>\n\n\n<p class=\"wp-block-paragraph\">B\u00d6L\u00dcM 20 &#8211; \u0130LET\u0130\u015e\u0130M B\u0130LG\u0130LER\u0130<\/p>\n\n\n<p class=\"wp-block-paragraph\">Hizmet \u015eartlar\u0131 ile ilgili sorular\u0131n\u0131 support@coloredcaramel.com adresinden bize g\u00f6nderebilirsin.<\/p>\n\n\n<p class=\"wp-block-paragraph\">\u0130leti\u015fim bilgilerimiz a\u015fa\u011f\u0131da yer almaktad\u0131r:<br>Colored Caramel (Manfred Limited&#8217;e ba\u011fl\u0131 bir \u015firket). <br><a href=\"mailto:support@coloredcaramel.com\">support@coloredcaramel.com<\/a><br>Manfred Limited (coloredcaramel.com Departman\u0131)<br><\/p>\n\n\n<p class=\"wp-block-paragraph\">Room 1405, 14\/F.,<br>135 Bonham Strand Trade Centre,<br>135 Bonham Strand,<br>Sheung Wan,<br>Hong Kong<br>+32 474 90 70 47<br>\u0130\u015fletme kay\u0131t numaras\u0131: 67340930-000<br>Vergi Numaras\u0131: 67340930-000<\/p>\n\n\n<p class=\"wp-block-paragraph\"><\/p>\n\n\n<h1 class=\"wp-block-heading\"><br>Hizmet \u015eartlar\u0131<\/h1>\n\n\n<p class=\"wp-block-paragraph\">Colored Caramel Mobil Uygulamas\u0131 &nbsp;\u00b7&nbsp; Son g\u00fcncelleme: 10 A\u011fustos 2026<\/p>\n\n\n<p class=\"wp-block-paragraph\">Bu \u015fartlar, <strong>iOS ve Android i\u00e7in Colored Caramel boyama uygulamas\u0131<\/strong>&nbsp;(&#8220;Uygulama&#8221;) ve uygulama i\u00e7inden sat\u0131n alabilece\u011fin abonelik i\u00e7in ge\u00e7erlidir. Bunlar ayr\u0131, ba\u011f\u0131ms\u0131z bir s\u00f6zle\u015fmedir. Yukar\u0131daki \u015fartlar web sitemizi ve coloredcaramel.com adresindeki bas\u0131l\u0131 kitaplar\u0131m\u0131z\u0131n sat\u0131\u015f\u0131n\u0131 y\u00f6netir ve Uygulama i\u00e7in ge\u00e7erli de\u011fildir; bu \u015fartlar web sitesi i\u00e7in ge\u00e7erli de\u011fildir.<\/p>\n\n\n<h2 class=\"wp-block-heading\">1. Biz kimiz<\/h2>\n\n\n<p class=\"wp-block-paragraph\">Uygulama \u015fu \u015firket taraf\u0131ndan sa\u011flanmaktad\u0131r:<\/p>\n\n\n<p class=\"wp-block-paragraph\"><strong>Manfred Limited<\/strong>&#8216;in bir alt \u015firketi olan <strong>Colored Caramel<\/strong><br>Room 1405, 14\/F., 135 Bonham Strand Trade Centre,<br>135 Bonham Strand, Sheung Wan, Hong Kong<br>\u0130\u015fletme kay\u0131t numaras\u0131: 67340930-000<br>Kurulu\u015f belgesi numaras\u0131: 2494263<br>E-posta:&nbsp;<a href=\"mailto:support@coloredcaramel.com\">support@coloredcaramel.com<\/a><\/p>\n\n\n<p class=\"wp-block-paragraph\">Bu \u015fartlarda &#8220;biz&#8221;, &#8220;bize&#8221; ve &#8220;bizim&#8221; ifadeleri Colored Caramel&#8217;i, &#8220;sen&#8221; ise Uygulamay\u0131 kullanan ki\u015fiyi ifade eder.<\/p>\n\n\n<h2 class=\"wp-block-heading\">2. Bu \u015fartlar\u0131 kabul etme<\/h2>\n\n\n<p class=\"wp-block-paragraph\">Uygulamay\u0131 indirerek veya kullanarak bu \u015fartlar\u0131 kabul etmi\u015f olursun. Bunlar\u0131 kabul etmiyorsan, l\u00fctfen Uygulamay\u0131 kullanma , ve zaten y\u00fcklediysen, silebilirsin.<\/p>\n\n\n<p class=\"wp-block-paragraph\">Bu \u015fartlar seninle bizim aram\u0131zdad\u0131r. Apple veya Google ile bir s\u00f6zle\u015fme <strong>de\u011fildir<\/strong> ve Uygulamadan veya i\u00e7eri\u011finden Apple veya Google sorumlu de\u011fildir.<\/p>\n\n\n<h2 class=\"wp-block-heading\">3. Uygulamay\u0131 kimler kullanabilir<\/h2>\n\n\n<p class=\"wp-block-paragraph\">Uygulama yeti\u015fkinler i\u00e7in tasarlanm\u0131\u015ft\u0131r. Uygulamay\u0131 kullanarak en az 18 ya\u015f\u0131nda oldu\u011funu veya bu \u015fartlar\u0131 senin ad\u0131na kabul eden bir ebeveynin veya vasinin onay\u0131yla kulland\u0131\u011f\u0131n\u0131 onaylam\u0131\u015f olursun.<\/p>\n\n\n<p class=\"wp-block-paragraph\">Abonelikleri yaln\u0131zca yeti\u015fkin bir hesap sahibi sat\u0131n alabilir. E\u011fer ebeveynsen ve senin iznin olmadan hesab\u0131ndan bir sat\u0131n alma i\u015flemi yap\u0131ld\u0131ysa, iadelerle ilgilenen Apple veya Google ile ileti\u015fime ge\u00e7 ve bize de haber ver ki sana yard\u0131mc\u0131 olabilelim.<\/p>\n\n\n<h2 class=\"wp-block-heading\">4. Uygulamayla yapabileceklerin ve yapamayacaklar\u0131n<\/h2>\n\n\n<p class=\"wp-block-paragraph\">Sana, Uygulaman\u0131n bir kopyas\u0131n\u0131 sahip oldu\u011fun veya kontrol etti\u011fin Apple markal\u0131 cihazlara ya da Android cihazlara, kendi \u00f6zel ve ticari olmayan e\u011flencen i\u00e7in y\u00fcklemen ve kullanman amac\u0131yla ki\u015fisel, m\u00fcnhas\u0131r olmayan, devredilemez ve geri al\u0131nabilir bir lisans veriyoruz. T\u00fcm ald\u0131\u011f\u0131n bu lisanst\u0131r; sana Uygulamay\u0131 veya i\u00e7indeki herhangi bir \u015feyi satm\u0131yoruz.<\/p>\n\n\n<p class=\"wp-block-paragraph\">Boyama sayfalar\u0131, \u00e7izimler, ill\u00fcstrasyonlar, paletler, yaz\u0131 tipleri, sesler, Colored Caramel ad\u0131 ve logosu ile Uygulaman\u0131n kendisi bize veya lisans verenlerimize aittir ve telif hakk\u0131 ile ticari marka yasalar\u0131yla korunmaktad\u0131r.<\/p>\n\n\n<p class=\"wp-block-paragraph\"><strong>Bitirdi\u011fin boyamalar senindir.<\/strong>&nbsp;Onlar\u0131 saklayabilir, evde yazd\u0131rabilir ve arkada\u015flar\u0131nla veya ailenle payla\u015fabilirsin. Ancak onlar\u0131 satamaz, sat\u0131l\u0131k \u00fcr\u00fcnlerin \u00fczerine koyamaz veya ticari olarak kullanamazs\u0131n, \u00e7\u00fcnk\u00fc temel ill\u00fcstrasyon hala bize aittir. E\u011fer bir boyamay\u0131 ticari olarak kullanmak istersen, bize yaz ve sor; biz makul insanlar\u0131z.<\/p>\n\n\n<p class=\"wp-block-paragraph\">L\u00fctfen \u015funlar\u0131 yapma: \u00e7izimleri veya Uygulaman\u0131n herhangi bir b\u00f6l\u00fcm\u00fcn\u00fc kopyalama, \u00e7\u0131karma veya yeniden da\u011f\u0131tma; yasalar\u0131n izin verdi\u011fi s\u0131n\u0131rl\u0131 \u00f6l\u00e7\u00fc d\u0131\u015f\u0131nda tersine m\u00fchendislik yapma, kaynak kodunu \u00e7\u00f6zmeye veya elde etmeye \u00e7al\u0131\u015fma; herhangi bir telif hakk\u0131 veya ticari marka bildirimini kald\u0131rma veya gizleme; Uygulamay\u0131 yasalar\u0131 \u00e7i\u011fnemek veya birinin haklar\u0131n\u0131 ihlal etmek i\u00e7in kullanma; aboneli\u011fi atlatmaya veya \u00f6deme yapmadan \u00fccretli i\u00e7eri\u011fi a\u00e7maya \u00e7al\u0131\u015fma; Uygulamaya veya sunucular\u0131m\u0131za kar\u015f\u0131 botlar, kaz\u0131y\u0131c\u0131lar veya otomatik sistemler kullanma; Uygulaman\u0131n g\u00fcvenli\u011fine veya ba\u015fkalar\u0131n\u0131n Uygulamay\u0131 kullanmas\u0131na m\u00fcdahale etme.<\/p>\n\n\n<h2 class=\"wp-block-heading\">5. Bas\u0131l\u0131 kitaplar Uygulamada de\u011fil, web sitemizde sat\u0131l\u0131r<\/h2>\n\n\n<p class=\"wp-block-paragraph\">Uygulamadaki ill\u00fcstrasyonlar\u0131n bir\u00e7o\u011fu&nbsp;<strong>bas\u0131l\u0131 boyama kitaplar\u0131<\/strong>&nbsp;olarak da mevcuttur ve Uygulama, bunlar\u0131 sat\u0131n alabilece\u011fin&nbsp;<a href=\"https:\/\/www.coloredcaramel.com\/tr\/\">coloredcaramel.com<\/a>&nbsp;adresindeki \u00e7evrimi\u00e7i ma\u011fazam\u0131za ba\u011flant\u0131lar i\u00e7erir.<\/p>\n\n\n<p class=\"wp-block-paragraph\"><strong>Uygulama i\u00e7inde sat\u0131n alabilece\u011fin tek \u015fey b\u00f6l\u00fcm 6&#8217;da a\u00e7\u0131klanan aboneliktir.<\/strong>&nbsp;Bas\u0131l\u0131 kitaplar web sitesinden sat\u0131n al\u0131n\u0131r ve teslimat, iadeler ve geri \u00f6demeler dahil olmak \u00fczere bu sat\u0131n al\u0131mlar, bu \u015fartlara de\u011fil, web sitesinde yay\u0131nlanan \u015fartlara ve iade politikas\u0131na tabidir. Aboneli\u011fin bas\u0131l\u0131 kitaplar\u0131 i\u00e7ermez ve bas\u0131l\u0131 bir kitap sat\u0131n almak sana bir abonelik vermez.<\/p>\n\n\n<h2 class=\"wp-block-heading\">6. Abonelik<\/h2>\n\n\n<p class=\"wp-block-paragraph\">Uygulamay\u0131 indirmek \u00fccretsizdir ve b\u00fcy\u00fck bir k\u0131sm\u0131 \u00fccretsiz olarak kullan\u0131labilir. \u0130ste\u011fe ba\u011fl\u0131 \u00fccretli bir abonelik ise geri kalan\u0131n\u0131n kilidini a\u00e7ar.<\/p>\n\n\n<p class=\"wp-block-paragraph\"><strong>Mevcut planlar, her birinin ne kadar s\u00fcrd\u00fc\u011f\u00fc, neleri i\u00e7erdi\u011fi ve ne kadara mal oldu\u011fu sat\u0131n almadan \u00f6nce Uygulamada ve sat\u0131n alma an\u0131nda Apple veya Google taraf\u0131ndan tekrar g\u00f6sterilir.<\/strong>&nbsp;Fiyatlar \u00fclkeye g\u00f6re de\u011fi\u015fir ve sat\u0131n alma s\u0131ras\u0131nda sana g\u00f6sterilen fiyat ge\u00e7erlidir. Herhangi bir \u00fccret al\u0131nmadan \u00f6nce bunu sana g\u00f6sterir ve onaylaman\u0131 isteriz.<\/p>\n\n\n<p class=\"wp-block-paragraph\"><strong>Otomatik yenilenen bir abonelik hakk\u0131nda \u00f6nemli \u015feyler:<\/strong><\/p>\n\n\n<ul class=\"wp-block-list\">\n<li>Sat\u0131n alma i\u015flemini onaylad\u0131\u011f\u0131nda \u00f6deme Apple Kimli\u011finden veya Google hesab\u0131ndan al\u0131n\u0131r.<\/li>\n\n\n<li>Mevcut d\u00f6nemin bitiminden en az 24 saat \u00f6nce iptal etmedi\u011fin s\u00fcrece, ayn\u0131 s\u00fcre i\u00e7in ayn\u0131 fiyattan&nbsp;<strong>otomatik olarak yenilenir<\/strong>.<\/li>\n\n\n<li>Mevcut d\u00f6nemin bitiminden \u00f6nceki 24 saat i\u00e7inde yenileme \u00fccreti hesab\u0131ndan al\u0131n\u0131r.<\/li>\n\n\n<li>Aboneli\u011fini kendi ma\u011faza hesap ayarlar\u0131ndan y\u00f6netir ve iptal edersin; iOS&#8217;ta Ayarlar \u2192 ad\u0131n \u2192 Abonelikler b\u00f6l\u00fcm\u00fcnden, Android&#8217;de Play Store&#8217;da \u00d6demeler ve abonelikler alt\u0131ndan.&nbsp;<strong>Uygulamay\u0131 silmek aboneli\u011fi iptal etmez.<\/strong><\/li>\n\n\n<li>E\u011fer \u00fccretsiz bir deneme sunulmu\u015fsa ve deneme s\u00fcresi bitmeden bir abonelik sat\u0131n al\u0131rsan, denemenin kullan\u0131lmayan k\u0131sm\u0131 iptal olur.<\/li>\n\n\n<li>E\u011fer fiyat\u0131 de\u011fi\u015ftirirsek, sana \u00f6nceden haber veririz ve yeni fiyat al\u0131nmadan \u00f6nce kabul etmeni isteriz. E\u011fer kabul etmezsen, abonelik mevcut d\u00f6nemin sonunda basit\u00e7e durur.<\/li>\n<\/ul>\n\n\n<h3 class=\"wp-block-heading\">6.1 \u0130adeler ve iptal<\/h3>\n\n\n<p class=\"wp-block-paragraph\">Apple ve Google, ma\u011fazalar\u0131 arac\u0131l\u0131\u011f\u0131yla sat\u0131n al\u0131nan aboneliklerin kay\u0131tl\u0131 sat\u0131c\u0131lar\u0131d\u0131r, bu nedenle&nbsp;<strong>iadeler kendi \u015fartlar\u0131 alt\u0131nda onlar taraf\u0131ndan ele al\u0131n\u0131r<\/strong>&nbsp;ve biz do\u011frudan iade yapamay\u0131z. iOS&#8217;ta,&nbsp;<a href=\"https:\/\/reportaproblem.apple.com\/\" target=\"_blank\" rel=\"noopener\">reportaproblem.apple.com<\/a>&nbsp;adresinden iade talebinde bulunabilirsin. Android&#8217;de, Play Store&#8217;un iade s\u00fcrecini kullan. Bir \u015feyler ters gittiyse bize de&nbsp;<a href=\"mailto:support@coloredcaramel.com\">support@coloredcaramel.com<\/a>&nbsp;adresinden haber ver, talebini desteklemek de dahil olmak \u00fczere elimizden geldi\u011fince yard\u0131mc\u0131 oluruz.<\/p>\n\n\n<p class=\"wp-block-paragraph\"><strong>E\u011fer Avrupa Birli\u011fi, Avrupa Ekonomik Alan\u0131 veya Birle\u015fik Krall\u0131k&#8217;ta bir t\u00fcketiciysen<\/strong>, dijital hizmet sat\u0131n al\u0131m\u0131ndan hi\u00e7bir neden g\u00f6stermeksizin&nbsp;<strong>14 g\u00fcn<\/strong>&nbsp;i\u00e7inde cayma hakk\u0131na sahipsin. Aboneli\u011fi hemen sa\u011flamaya ba\u015flamam\u0131z\u0131 istedi\u011finde ve hizmet tamamen yerine getirildi\u011finde bu hakk\u0131n\u0131 kaybedece\u011fini kabul etti\u011finde, bu hak o noktada sona erer. Aksi takdirde, sat\u0131n alma i\u015fleminden sonraki 14 g\u00fcn i\u00e7inde&nbsp;<a href=\"mailto:support@coloredcaramel.com\">support@coloredcaramel.com<\/a>&nbsp;adresine yaz, halihaz\u0131rda kulland\u0131\u011f\u0131n k\u0131s\u0131m i\u00e7in orant\u0131l\u0131 bir miktar d\u00fc\u015ferek \u00f6denmesi gereken tutar\u0131n iadesini ayarlar\u0131z. Bu \u015fartlardaki hi\u00e7bir \u015fey bu hakk\u0131n\u0131 veya ya\u015fad\u0131\u011f\u0131n \u00fclkenin t\u00fcketici yasalar\u0131 kapsam\u0131ndaki di\u011fer haklar\u0131n\u0131 elinden almaz.<\/p>\n\n\n<h2 class=\"wp-block-heading\">7. Hesab\u0131n<\/h2>\n\n\n<p class=\"wp-block-paragraph\">Uygulamay\u0131 kullanmak i\u00e7in bir hesaba ihtiyac\u0131n var, b\u00f6ylece boyamalar\u0131n kaydedilir ve cihazlar aras\u0131nda seni takip eder. L\u00fctfen bize do\u011fru bilgiler ver ve \u015fifreni kendine sakla; hesab\u0131n alt\u0131nda olanlardan sen sorumlusun. Ba\u015fka birinin hesab\u0131na girdi\u011fini d\u00fc\u015f\u00fcn\u00fcyorsan bize hemen haber ver.<\/p>\n\n\n<p class=\"wp-block-paragraph\">Hesab\u0131n\u0131 istedi\u011fin zaman Uygulamada&nbsp;<strong>Ayarlar \u2192 Hesap \u2192 Hesab\u0131 sil<\/strong>&nbsp;alt\u0131ndan veya bize e-posta g\u00f6ndererek silebilirsin. Hesab\u0131n\u0131 silmek,&nbsp;<a href=\"https:\/\/www.coloredcaramel.com\/privacy-policy\/#app\">gizlilik politikas\u0131nda<\/a>&nbsp;belirtilen muhasebe d\u00f6nemleri i\u00e7in saklamam\u0131z gereken kay\u0131tlar d\u0131\u015f\u0131nda, kaydedilmi\u015f boyamalar\u0131n\u0131 ve ona ba\u011fl\u0131 ki\u015fisel ayr\u0131nt\u0131lar\u0131 kald\u0131r\u0131r.&nbsp;<strong>Hesab\u0131n\u0131 silmek aboneli\u011fini iptal etmez<\/strong>; bunu b\u00f6l\u00fcm 6&#8217;da a\u00e7\u0131kland\u0131\u011f\u0131 gibi ma\u011faza hesap ayarlar\u0131ndan iptal etmelisin.<\/p>\n\n\n<h2 class=\"wp-block-heading\">8. Uygulaman\u0131n \u00e7al\u0131\u015fmas\u0131n\u0131 sa\u011flama<\/h2>\n\n\n<p class=\"wp-block-paragraph\">Uygulamay\u0131 devam eden bir hizmet olarak sunuyoruz ve \u00f6zellikler ekleyebilir, de\u011fi\u015ftirebilir veya kald\u0131rabiliriz. \u00dccretli bir aboneli\u011fin sana verdiklerini \u00f6nemli \u00f6l\u00e7\u00fcde azaltan bir de\u011fi\u015fiklik yaparsak, sana \u00f6nce haber veririz ve iptal edip kullan\u0131lmayan d\u00f6nem i\u00e7in orant\u0131l\u0131 bir iadeyi desteklememizi isteyebilirsin.<\/p>\n\n\n<p class=\"wp-block-paragraph\">Bak\u0131m i\u00e7in Uygulamay\u0131 ask\u0131ya almam\u0131z gerekebilir ve kontrol\u00fcm\u00fcz d\u0131\u015f\u0131ndaki nedenlerden dolay\u0131 kullan\u0131lamayaca\u011f\u0131 zamanlar olacakt\u0131r. Planlanan herhangi bir kesintiyi makul \u00f6l\u00e7\u00fcde olabildi\u011fince k\u0131sa tutaca\u011f\u0131z.<\/p>\n\n\n<p class=\"wp-block-paragraph\">iOS veya Android&#8217;in eski s\u00fcr\u00fcmlerini ya da eski cihazlar\u0131 desteklemeyi b\u0131rakabiliriz. Cihaz\u0131n art\u0131k desteklenmiyorsa Uygulama o cihazda \u00e7al\u0131\u015fmay\u0131 durdurabilir ve d\u00f6nem ba\u015flad\u0131ktan sonra bu nedenle bir aboneli\u011fi iade edemeyiz, ancak elbette gelecekteki yenilemeleri iptal edebilirsin.<\/p>\n\n\n<h2 class=\"wp-block-heading\">9. Gizlilik<\/h2>\n\n\n<p class=\"wp-block-paragraph\">Ki\u015fisel verilerini nas\u0131l i\u015fledi\u011fimiz, bu \u015fartlar\u0131n bir par\u00e7as\u0131 olan <a href=\"https:\/\/www.coloredcaramel.com\/privacy-policy\/#app\">uygulama gizlilik politikam\u0131zda<\/a> a\u00e7\u0131klanm\u0131\u015ft\u0131r. K\u0131sacas\u0131: reklam g\u00f6stermiyoruz, seni di\u011fer \u015firketlerin uygulama veya web sitelerinde takip etmiyoruz, cihaz\u0131ndaki reklam tan\u0131mlay\u0131c\u0131s\u0131n\u0131 asla toplam\u0131yoruz, verilerini satm\u0131yor veya payla\u015fm\u0131yoruz ve sen kabul etmedik\u00e7e hi\u00e7bir analiz verisi toplam\u0131yoruz.<\/p>\n\n\n<h2 class=\"wp-block-heading\">10. E\u011fer yollar\u0131m\u0131z\u0131 ay\u0131rmam\u0131z gerekirse<\/h2>\n\n\n<p class=\"wp-block-paragraph\">Uygulamay\u0131 kullanmay\u0131 diledi\u011fin zaman, silerek ve varsa aboneli\u011fini iptal edip hesab\u0131n\u0131 silerek b\u0131rakabilirsin.<\/p>\n\n\n<p class=\"wp-block-paragraph\">Bu \u015fartlar\u0131 ciddi veya tekrarlayan bir \u015fekilde ihlal edersen, yasalar gerektirirse veya hesab\u0131n\u0131n hileli kullan\u0131ld\u0131\u011f\u0131na makul bir \u015fekilde inan\u0131rsak hesab\u0131n\u0131 ask\u0131ya alabilir veya kapatabiliriz. Ko\u015fullar imkans\u0131z k\u0131lmad\u0131k\u00e7a, sana nedenini s\u00f6yleyecek ve \u00f6nce d\u00fczeltme \u015fans\u0131 verece\u011fiz. Hesab\u0131n\u0131 senin hatan olmayan bir nedenle kapat\u0131rsak, herhangi bir abonelik d\u00f6neminin kullan\u0131lmayan k\u0131sm\u0131n\u0131n iadesini destekleyece\u011fiz.<\/p>\n\n\n<h2 class=\"wp-block-heading\">11. Sana kar\u015f\u0131 sorumlulu\u011fumuz ve s\u0131n\u0131rlar\u0131<\/h2>\n\n\n<p class=\"wp-block-paragraph\">Uygulamay\u0131 makul \u00f6zen ve beceriyle sunaca\u011f\u0131z. Bununla birlikte, Uygulama oldu\u011fu gibi sunulan bir boyama uygulamas\u0131d\u0131r; her zaman eri\u015filebilir olaca\u011f\u0131na, her zaman hatas\u0131z olaca\u011f\u0131na veya her cihazda m\u00fckemmel \u00e7al\u0131\u015faca\u011f\u0131na s\u00f6z veremeyiz.<\/p>\n\n\n<p class=\"wp-block-paragraph\">Yasalar\u0131n izin verdi\u011fi \u00f6l\u00e7\u00fcde, dolayl\u0131 veya sonu\u00e7 olarak ortaya \u00e7\u0131kan kay\u0131plardan, kar, i\u015f veya veri kayb\u0131ndan veya makul olarak \u00f6ng\u00f6r\u00fclemeyen hi\u00e7bir \u015feyden sorumlu de\u011filiz. Sorumlulu\u011fun hari\u00e7 tutulamad\u0131\u011f\u0131 durumlarda, Uygulama ile ba\u011flant\u0131l\u0131 herhangi bir talep i\u00e7in sana kar\u015f\u0131 toplam sorumlulu\u011fumuz, talepten \u00f6nceki on iki ay i\u00e7inde bize \u00f6dedi\u011fin tutar veya 50 EUR&#8217;dan hangisi daha b\u00fcy\u00fckse onunla s\u0131n\u0131rl\u0131d\u0131r.<\/p>\n\n\n<p class=\"wp-block-paragraph\"><strong>Bunlar\u0131n hi\u00e7biri t\u00fcketici olarak yasal haklar\u0131n\u0131 etkilemez.<\/strong>&nbsp;\u0130hmalimizden kaynaklanan \u00f6l\u00fcm veya ki\u015fisel yaralanma, doland\u0131r\u0131c\u0131l\u0131k veya yasalar\u0131n s\u0131n\u0131rland\u0131rmam\u0131za izin vermedi\u011fi di\u011fer herhangi bir \u015fey i\u00e7in sorumlulu\u011fumuzu hari\u00e7 tutmuyor veya s\u0131n\u0131rland\u0131rm\u0131yoruz. \u00d6zellikle, Avrupa Birli\u011fi, Avrupa Ekonomik Alan\u0131 veya Birle\u015fik Krall\u0131k&#8217;ta bir t\u00fcketiciysen, dijital i\u00e7erik veya dijital hizmetin a\u00e7\u0131kland\u0131\u011f\u0131 gibi olmamas\u0131 veya tatmin edici kalitede olmamas\u0131 durumunda \u00e7\u00f6z\u00fcm hakk\u0131 da dahil olmak \u00fczere, \u00fclkendeki yasalar\u0131n sana verdi\u011fi her hakk\u0131 sakl\u0131 tutars\u0131n.<\/p>\n\n\n<p class=\"wp-block-paragraph\">Uygulamay\u0131 bu \u015fartlar\u0131n izin vermedi\u011fi bir \u015fekilde, \u00f6rne\u011fin \u00e7izimlerimizi \u00e7\u0131kar\u0131p yeniden satarak kullanman nedeniyle u\u011frad\u0131\u011f\u0131m\u0131z her t\u00fcrl\u00fc kay\u0131ptan sorumlu olmay\u0131 kabul edersin.<\/p>\n\n\n<h2 class=\"wp-block-heading\">12. Uygulama ma\u011fazalar\u0131n\u0131n gerektirdi\u011fi \u015fartlar<\/h2>\n\n\n<p class=\"wp-block-paragraph\">A\u015fa\u011f\u0131dakiler Apple ve Google gerektirdi\u011fi i\u00e7in ge\u00e7erlidir. Bu \u015fartlar\u0131n geri kalan\u0131 veya t\u00fcketici yasalar\u0131 kapsam\u0131ndaki haklar\u0131n\u0131 azaltmazlar.<\/p>\n\n\n<h3 class=\"wp-block-heading\">12.1 Bu s\u00f6zle\u015fme bizimledir<\/h3>\n\n\n<p class=\"wp-block-paragraph\">Bu \u015fartlar\u0131n Apple veya Google ile de\u011fil, yaln\u0131zca seninle bizim aram\u0131zda yap\u0131ld\u0131\u011f\u0131n\u0131 kabul edersin.<\/p>\n\n\n<h3 class=\"wp-block-heading\">12.2 Lisans\u0131n\u0131n kapsam\u0131<\/h3>\n\n\n<p class=\"wp-block-paragraph\">B\u00f6l\u00fcm 4&#8217;teki lisans devredilemez ve Uygulamay\u0131, Apple Medya Hizmetleri H\u00fck\u00fcm ve Ko\u015fullar\u0131ndaki Kullan\u0131m Kurallar\u0131n\u0131n izin verdi\u011fi \u015fekilde sahip oldu\u011fun veya kontrol etti\u011fin Apple markal\u0131 \u00fcr\u00fcnlerde veya sahip oldu\u011fun veya kontrol etti\u011fin Android cihazlarda kullanmakla s\u0131n\u0131rl\u0131d\u0131r.<\/p>\n\n\n<h3 class=\"wp-block-heading\">12.3 Bak\u0131m ve destek<\/h3>\n\n\n<p class=\"wp-block-paragraph\">Uygulama i\u00e7in herhangi bir bak\u0131m ve destek sa\u011flamaktan yaln\u0131zca biz sorumluyuz. Apple ve Google&#8217;\u0131n bununla ilgili herhangi bir bak\u0131m veya destek hizmeti sa\u011flama y\u00fck\u00fcml\u00fcl\u00fc\u011f\u00fc yoktur.<\/p>\n\n\n<h3 class=\"wp-block-heading\">12.4 Garanti<\/h3>\n\n\n<p class=\"wp-block-paragraph\">Etkili bir \u015fekilde reddedilmedikleri s\u00fcrece, a\u00e7\u0131k veya yasalarca z\u0131mni her t\u00fcrl\u00fc \u00fcr\u00fcn garantisinden yaln\u0131zca biz sorumluyuz. Uygulama ge\u00e7erli herhangi bir garantiye uymazsa, Apple&#8217;a bildirebilirsin ve Apple Uygulaman\u0131n sat\u0131n alma fiyat\u0131n\u0131 sana iade edecektir; yasalar\u0131n izin verdi\u011fi azami \u00f6l\u00e7\u00fcde, Apple&#8217;\u0131n Uygulama ile ilgili ba\u015fka hi\u00e7bir garanti y\u00fck\u00fcml\u00fcl\u00fc\u011f\u00fc yoktur.<\/p>\n\n\n<h3 class=\"wp-block-heading\">12.5 \u00dcr\u00fcn talepleri<\/h3>\n\n\n<p class=\"wp-block-paragraph\">\u00dcr\u00fcn sorumlulu\u011fu talepleri, Uygulaman\u0131n yasal veya d\u00fczenleyici bir gereklili\u011fe uymad\u0131\u011f\u0131na dair herhangi bir talep ve t\u00fcketicinin korunmas\u0131 veya benzeri mevzuat kapsam\u0131nda ortaya \u00e7\u0131kan talepler dahil olmak \u00fczere, Uygulama veya onu kullan\u0131m\u0131nla ilgili senin veya herhangi bir \u00fc\u00e7\u00fcnc\u00fc taraf\u0131n taleplerini ele almaktan Apple veya Google de\u011fil, biz sorumluyuz.<\/p>\n\n\n<h3 class=\"wp-block-heading\">12.6 Fikri m\u00fclkiyet haklar\u0131<\/h3>\n\n\n<p class=\"wp-block-paragraph\">\u00dc\u00e7\u00fcnc\u00fc bir taraf, Uygulaman\u0131n veya onu kullan\u0131m\u0131n\u0131n fikri m\u00fclkiyet haklar\u0131n\u0131 ihlal etti\u011fini iddia ederse, bu iddian\u0131n soru\u015fturulmas\u0131, savunulmas\u0131, \u00e7\u00f6z\u00fcmlenmesi ve sonu\u00e7land\u0131r\u0131lmas\u0131ndan Apple veya Google de\u011fil, yaln\u0131zca biz sorumluyuz.<\/p>\n\n\n<h3 class=\"wp-block-heading\">12.7 Yasal uyumluluk<\/h3>\n\n\n<p class=\"wp-block-paragraph\">ABD H\u00fck\u00fcmeti ambargosuna tabi olan veya ABD H\u00fck\u00fcmeti taraf\u0131ndan &#8220;ter\u00f6ristleri destekleyen&#8221; \u00fclke olarak belirlenmi\u015f bir \u00fclkede bulunmad\u0131\u011f\u0131n\u0131 ve ABD H\u00fck\u00fcmeti&#8217;nin yasakl\u0131 veya k\u0131s\u0131tl\u0131 taraflar listesinde yer almad\u0131\u011f\u0131n\u0131 beyan ve taahh\u00fct edersin.<\/p>\n\n\n<h3 class=\"wp-block-heading\">12.8 \u00dc\u00e7\u00fcnc\u00fc taraf \u015fartlar\u0131<\/h3>\n\n\n<p class=\"wp-block-paragraph\">Uygulamay\u0131 kullan\u0131rken, \u00f6rne\u011fin mobil a\u011f operat\u00f6r\u00fcn\u00fcn \u015fartlar\u0131 ve Apple Medya Hizmetleri H\u00fck\u00fcm ve Ko\u015fullar\u0131 veya Google Play Hizmet \u015eartlar\u0131 gibi ge\u00e7erli \u00fc\u00e7\u00fcnc\u00fc taraf \u015fartlar\u0131na uymay\u0131 kabul edersin.<\/p>\n\n\n<h3 class=\"wp-block-heading\">12.9 \u00dc\u00e7\u00fcnc\u00fc taraf lehtar\u0131<\/h3>\n\n\n<p class=\"wp-block-paragraph\">Apple ve yan kurulu\u015flar\u0131n\u0131n ve Google ve i\u015ftiraklerinin bu \u015fartlar\u0131n \u00fc\u00e7\u00fcnc\u00fc taraf lehtarlar\u0131 oldu\u011funu ve her birinin bu \u015fartlar\u0131 sana kar\u015f\u0131 \u00fc\u00e7\u00fcnc\u00fc taraf lehtar\u0131 olarak uygulama hakk\u0131na sahip oldu\u011funu kabul edersin.<\/p>\n\n\n<h3 class=\"wp-block-heading\">12.10 Soru veya \u015fikayetler i\u00e7in ileti\u015fim<\/h3>\n\n\n<p class=\"wp-block-paragraph\">Uygulama hakk\u0131ndaki her t\u00fcrl\u00fc soru, \u015fikayet veya talep bize <a href=\"mailto:support@coloredcaramel.com\">support@coloredcaramel.com<\/a> adresinden veya posta yoluyla b\u00f6l\u00fcm 1&#8217;deki adrese y\u00f6nlendirilmelidir.<\/p>\n\n\n<h2 class=\"wp-block-heading\">13. Bu \u015fartlardaki de\u011fi\u015fiklikler<\/h2>\n\n\n<p class=\"wp-block-paragraph\">Uygulama geli\u015ftik\u00e7e veya yasalar de\u011fi\u015ftik\u00e7e bu \u015fartlar\u0131 g\u00fcncelleyebiliriz. G\u00fcncel s\u00fcr\u00fcm her zaman <a href=\"https:\/\/www.coloredcaramel.com\/terms-of-service\/#app\">coloredcaramel.com\/terms-of-service\/#app<\/a> adresinde ve Uygulamada Ayarlar \u2192 Hizmet \u015eartlar\u0131 alt\u0131nda bulunur ve \u00fcstteki &#8220;Son g\u00fcncelleme&#8221; tarihi de\u011fi\u015fir.<\/p>\n\n\n<p class=\"wp-block-paragraph\">Bir de\u011fi\u015fiklik seni \u00f6nemli \u00f6l\u00e7\u00fcde etkiliyorsa, y\u00fcr\u00fcrl\u00fc\u011fe girmeden en az 30 g\u00fcn \u00f6nce Uygulama i\u00e7inde veya e-posta ile sana bildirece\u011fiz. De\u011fi\u015fikli\u011fi kabul etmiyorsan, uygulanmadan \u00f6nce aboneli\u011fini iptal edebilir ve hesab\u0131n\u0131 silebilirsin; o tarihten sonra Uygulamay\u0131 kullanmaya devam etmen yeni \u015fartlar\u0131 kabul etti\u011fin anlam\u0131na gelir. Bir de\u011fi\u015fikli\u011fi asla daha \u00f6nce olmu\u015f bir \u015feye geriye d\u00f6n\u00fck olarak uygulamayaca\u011f\u0131z.<\/p>\n\n\n<h2 class=\"wp-block-heading\">14. Ufak tefek detaylar<\/h2>\n\n\n<p class=\"wp-block-paragraph\">Bu \u015fartlar\u0131n herhangi bir b\u00f6l\u00fcm\u00fcn\u00fcn uygulanamaz oldu\u011fu ortaya \u00e7\u0131karsa, geri kalan\u0131 hala ge\u00e7erlidir. Bir hakk\u0131 hemen uygulamamam\u0131z, ondan vazge\u00e7ti\u011fimiz anlam\u0131na gelmez. Haklar\u0131n azalt\u0131lmad\u0131\u011f\u0131 s\u00fcrece, bu \u015fartlar\u0131 i\u015fimizin bir sat\u0131\u015f\u0131 veya yeniden d\u00fczenlenmesinin bir par\u00e7as\u0131 olarak ba\u015fka bir \u015firkete devredebiliriz; sen bizim onay\u0131m\u0131z olmadan bunlar\u0131 devredemezsin. Bu \u015fartlar, gizlilik politikas\u0131yla birlikte, Uygulama hakk\u0131nda aram\u0131zdaki s\u00f6zle\u015fmenin tamam\u0131d\u0131r.<\/p>\n\n\n<h2 class=\"wp-block-heading\">15. Ge\u00e7erli yasa ve anla\u015fmazl\u0131klar\u0131n \u00e7\u00f6z\u00fclece\u011fi yer<\/h2>\n\n\n<p class=\"wp-block-paragraph\">Bu \u015fartlar <strong>Hong Kong<\/strong> yasalar\u0131na tabidir ve herhangi bir anla\u015fmazl\u0131k durumunda Hong Kong mahkemeleri yetkilidir.<\/p>\n\n\n<p class=\"wp-block-paragraph\"><strong>Bu, yerel haklar\u0131n\u0131 elinden almaz.<\/strong>&nbsp;E\u011fer bir t\u00fcketiciysen, ya\u015fad\u0131\u011f\u0131n \u00fclkenin zorunlu t\u00fcketici yasalar\u0131n\u0131n korumas\u0131n\u0131 s\u00fcrd\u00fcr\u00fcrs\u00fcn ve kendi yerel mahkemelerinde dava a\u00e7abilirsin. Avrupa Birli\u011fi&#8217;ndeki t\u00fcketiciler Avrupa Komisyonu&#8217;nun \u00e7evrimi\u00e7i uyu\u015fmazl\u0131k \u00e7\u00f6z\u00fcm platformunu da kullanabilir ve d\u00fcnyan\u0131n her yerindeki t\u00fcketiciler kendi ulusal t\u00fcketici koruma kurumlar\u0131yla ileti\u015fime ge\u00e7ebilir.<\/p>\n\n\n<p class=\"wp-block-paragraph\">Resmi bir i\u015fleme ba\u015fvurmadan \u00f6nce l\u00fctfen <a href=\"mailto:support@coloredcaramel.com\">support@coloredcaramel.com<\/a> adresine e-posta g\u00f6nder. Neredeyse her \u015feyi konu\u015farak \u00e7\u00f6zmek \u00e7ok daha kolayd\u0131r.<\/p>\n\n\n<h2 class=\"wp-block-heading\">16. Bizimle ileti\u015fime ge\u00e7<\/h2>\n\n\n<p class=\"wp-block-paragraph\"><strong>Colored Caramel<\/strong>, bir Manfred Limited alt \u015firketi<br>Room 1405, 14\/F., 135 Bonham Strand Trade Centre,<br>135 Bonham Strand, Sheung Wan, Hong Kong<br>\u0130\u015fletme kay\u0131t numaras\u0131: 67340930-000<br>Kurulu\u015f sertifika numaras\u0131: 2494263<br><a href=\"mailto:support@coloredcaramel.com\">support@coloredcaramel.com<\/a><\/p>\n","protected":false},"excerpt":{"rendered":"<p>H\u0130ZMET \u015eARTLARI GENEL BAKI\u015e Bu web sitesi Colored Caramel (Manfred Limited&#8217;e ba\u011fl\u0131 bir \u015firket) taraf\u0131ndan i\u015fletilmektedir. Site genelinde &#8220;biz&#8221;, &#8220;bizi&#8221; ve &#8220;bizim&#8221; terimleri Manfred Limited&#8217;i ifade eder. Manfred Limited, bu\u2026<\/p>\n","protected":false},"author":2,"featured_media":0,"parent":0,"menu_order":0,"comment_status":"closed","ping_status":"closed","template":"","meta":{"_acf_changed":false,"_glsr_average":0,"_glsr_ranking":0,"_glsr_reviews":0,"footnotes":""},"class_list":["post-32718","page","type-page","status-publish","hentry"],"acf":[],"_links":{"self":[{"href":"https:\/\/www.coloredcaramel.com\/tr\/wp-json\/wp\/v2\/pages\/32718","targetHints":{"allow":["GET"]}}],"collection":[{"href":"https:\/\/www.coloredcaramel.com\/tr\/wp-json\/wp\/v2\/pages"}],"about":[{"href":"https:\/\/www.coloredcaramel.com\/tr\/wp-json\/wp\/v2\/types\/page"}],"author":[{"embeddable":true,"href":"https:\/\/www.coloredcaramel.com\/tr\/wp-json\/wp\/v2\/users\/2"}],"replies":[{"embeddable":true,"href":"https:\/\/www.coloredcaramel.com\/tr\/wp-json\/wp\/v2\/comments?post=32718"}],"version-history":[{"count":0,"href":"https:\/\/www.coloredcaramel.com\/tr\/wp-json\/wp\/v2\/pages\/32718\/revisions"}],"wp:attachment":[{"href":"https:\/\/www.coloredcaramel.com\/tr\/wp-json\/wp\/v2\/media?parent=32718"}],"curies":[{"name":"wp","href":"https:\/\/api.w.org\/{rel}","templated":true}]}}