{"id":35630,"date":"2025-11-30T08:33:43","date_gmt":"2025-11-30T08:33:43","guid":{"rendered":"https:\/\/www.coloredcaramel.com\/product\/chibi-girls-christmas-coloring-book-2\/"},"modified":"2026-09-05T12:37:03","modified_gmt":"2026-09-05T12:37:03","slug":"carte-de-colorat-de-craciun-cu-fete","status":"publish","type":"product","link":"https:\/\/www.coloredcaramel.com\/ro\/product\/carte-de-colorat-de-craciun-cu-fete\/","title":{"rendered":"Carte de colorat de Cr\u0103ciun cu fete chibi"},"content":{"rendered":"<p data-start=\"100\" data-end=\"381\"><strong data-start=\"104\" data-end=\"151\">P\u0103\u0219e\u0219te \u00eentr-o lume plin\u0103 de magia Cr\u0103ciunului \u00een stil chibi!<\/strong> \u2728<br data-start=\"155\" data-end=\"158\" \/>Descoper\u0103 cele mai dr\u0103gu\u021be feti\u021be chibi, care se simt confortabil, sunt \u00een spiritul s\u0103rb\u0103torilor \u0219i sunt at\u00e2t de adorabile \u00een fiecare scen\u0103 de iarn\u0103. De la decorarea pr\u0103jiturilor la \u00eempachetarea cadourilor \u0219i joaca \u00een z\u0103pad\u0103, fiecare pagin\u0103 \u00ee\u021bi aduce un nou moment de bucurie specific lunii decembrie. \ud83d\udc97<br \/>\n<br data-start=\"424\" data-end=\"427\" \/>Preg\u0103te\u0219te-te pentru o atmosfer\u0103 cald\u0103, z\u00e2mbete str\u0103lucitoare \u0219i o dr\u0103g\u0103l\u0103\u0219enie f\u0103r\u0103 sf\u00e2r\u0219it pe care s\u0103 o colorezi. \ud83c\udf80<\/p>\n<p><span style=\"font-family: 'comic sans ms', sans-serif; font-size: 12pt;\"><span style=\"font-weight: 400;\">\ud83e\udde1 <\/span><b>De ce ne place:<\/b><\/span><\/p>\n<ul>\n<li><span style=\"font-weight: 400; font-family: 'comic sans ms', sans-serif; font-size: 12pt;\"> Desene adorabile \u0219i \u00eendr\u0103zne\u021be, create pentru momente pl\u0103cute de colorat.<\/span><\/li>\n<li><span style=\"font-weight: 400; font-family: 'comic sans ms', sans-serif; font-size: 12pt;\"> Fi\u0219ier PDF cu 25 de ilustra\u021bii unice \u0219i festive (f\u0103r\u0103 repet\u0103ri!).<\/span><\/li>\n<li><span style=\"font-weight: 400; font-family: 'comic sans ms', sans-serif; font-size: 12pt;\"> Dimensiunea paginii este de 8.5 x 11 inci.<\/span><\/li>\n<li><span style=\"font-weight: 400; font-family: 'comic sans ms', sans-serif; font-size: 12pt;\"> Conceput pentru adul\u021bi \u0219i adolescen\u021bi care ador\u0103 ilustra\u021biile dr\u0103gu\u021be, confortabile \u0219i relaxante.<\/span><\/li>\n<li><span style=\"font-weight: 400; font-family: 'comic sans ms', sans-serif; font-size: 12pt;\"> Evadarea ta lini\u0219tit\u0103 din stresul zilnic.<\/span><\/li>\n<li><span style=\"font-weight: 400; font-family: 'comic sans ms', sans-serif; font-size: 12pt;\">Perfect ca un cadou plin de aten\u021bie.<\/span><\/li>\n<\/ul>\n<h3><span style=\"font-family: 'comic sans ms', sans-serif; font-size: 12pt;\"><span style=\"font-weight: 400;\">Alege varianta preferat\u0103: <\/span><b>digital\u0103 sau tip\u0103rit\u0103!<br \/>\n<\/b><span style=\"font-weight: 400;\">\ud83e\udde1 Ob\u021bine <\/span><b>versiunea digital\u0103<\/b><span style=\"font-weight: 400;\"> chiar de aici, sau<br \/>\n<\/span><span style=\"font-weight: 400;\">\ud83d\udc9a Selecteaz\u0103 <\/span><b>varianta tip\u0103rit\u0103<\/b><span style=\"font-weight: 400;\"> pentru a o comanda de pe Amazon!<\/span><\/span><\/h3>\n<h3><span style=\"font-family: 'comic sans ms', sans-serif; font-size: 12pt;\"><span style=\"font-weight: 400;\">\u2728 <\/span><b>Important<\/b><span style=\"font-weight: 400;\"> \u2728<\/span><span style=\"font-weight: 400;\"><br \/>\n<\/span><span style=\"font-weight: 400;\">\ud83e\udde1 Aceasta este o carte de colorat digital\u0103, care poate fi tip\u0103rit\u0103.<\/span><span style=\"font-weight: 400;\"><br \/>\n<\/span><span style=\"font-weight: 400;\">\ud83d\udeab Nu se vor expedia exemplare fizice.<\/span><span style=\"font-weight: 400;\"><br \/>\n<\/span><span style=\"font-weight: 400;\">\ud83c\udfe1 O po\u021bi desc\u0103rca \u0219i tip\u0103ri acas\u0103 de c\u00e2te ori dore\u0219ti, numai pentru uz personal.<\/span><span style=\"font-weight: 400;\"><br \/>\n<\/span><span style=\"font-weight: 400;\">\ud83d\udc95 F\u0103r\u0103 utilizare comercial\u0103 \u2013 nu vinde, nu distribui \u0219i nu redistribui aceste pagini.<\/span><span style=\"font-weight: 400;\"><br \/>\n<\/span><span style=\"font-weight: 400;\">\ud83c\udfa8 Nu folosi desenele pentru a crea produse noi (cum ar fi autocolante, c\u0103r\u021bi sau produse promo\u021bionale).<\/span><span style=\"font-weight: 400;\"><br \/>\n<\/span><span style=\"font-weight: 400;\">\ud83d\udcf8 Po\u021bi s\u0103 \u00ee\u021bi \u00eemp\u0103rt\u0103\u0219e\u0219ti paginile colorate online, doar men\u021bioneaz\u0103 Colored Caramel.<\/span><span style=\"font-weight: 400;\"><br \/>\n<\/span><span style=\"font-weight: 400;\">\ud83d\udd8b\ufe0f Toate desenele sunt protejate integral de drepturi de autor de c\u0103tre Colored Caramel. Te rug\u0103m s\u0103 respec\u021bi munca \u0219i creativitatea noastr\u0103.<\/span><span style=\"font-weight: 400;\"><br \/>\n<\/span><span style=\"font-weight: 400;\"><br \/>\n<\/span><span style=\"font-weight: 400;\">Pe locuri, fi\u021bi gata, colora\u021bi! \u2728 Ia-\u021bi exemplarul \u0219i \u00eencepe s\u0103 colorezi aceste plan\u0219e de Cr\u0103ciun cu adorabile feti\u021be chibi kawaii.\u00a0<\/span><\/span><\/h3>\n<p><span style=\"font-weight: 400; font-family: 'comic sans ms', sans-serif; font-size: 12pt;\">Dac\u0103 ai \u00eentreb\u0103ri, trimite-ne un mesaj \ud83e\udde1<\/span><\/p>\n","protected":false},"excerpt":{"rendered":"<p>P\u0103\u0219e\u0219te \u00eentr-o lume plin\u0103 de magia Cr\u0103ciunului \u00een stil chibi! \u2728Descoper\u0103 cele mai dr\u0103gu\u021be feti\u021be chibi, care se simt confortabil, sunt \u00een spiritul s\u0103rb\u0103torilor \u0219i sunt at\u00e2t de adorabile \u00een\u2026<\/p>\n","protected":false},"featured_media":0,"comment_status":"open","ping_status":"closed","template":"","meta":{"_acf_changed":false,"_glsr_average":0,"_glsr_ranking":0,"_glsr_reviews":0},"product_brand":[],"product_cat":[7748,7660,7724],"product_tag":[],"class_list":["post-35630","product","type-product","status-publish","product_cat-craciun","product_cat-carti-de-colorat","product_cat-kawaii","first","instock","sold-individually","shipping-taxable","purchasable","product-type-variable"],"bundled_by":[],"bundle_stock_status":"instock","bundle_stock_quantity":null,"bundle_virtual":false,"bundle_layout":"","bundle_add_to_cart_form_location":"","bundle_editable_in_cart":false,"bundle_sold_individually_context":"","bundle_item_grouping":"","bundle_min_size":"","bundle_max_size":"","bundle_price":[],"bundled_items":[],"bundle_sell_ids":[],"acf":[],"_links":{"self":[{"href":"https:\/\/www.coloredcaramel.com\/ro\/wp-json\/wp\/v2\/product\/35630","targetHints":{"allow":["GET"]}}],"collection":[{"href":"https:\/\/www.coloredcaramel.com\/ro\/wp-json\/wp\/v2\/product"}],"about":[{"href":"https:\/\/www.coloredcaramel.com\/ro\/wp-json\/wp\/v2\/types\/product"}],"replies":[{"embeddable":true,"href":"https:\/\/www.coloredcaramel.com\/ro\/wp-json\/wp\/v2\/comments?post=35630"}],"wp:attachment":[{"href":"https:\/\/www.coloredcaramel.com\/ro\/wp-json\/wp\/v2\/media?parent=35630"}],"wp:term":[{"taxonomy":"product_brand","embeddable":true,"href":"https:\/\/www.coloredcaramel.com\/ro\/wp-json\/wp\/v2\/product_brand?post=35630"},{"taxonomy":"product_cat","embeddable":true,"href":"https:\/\/www.coloredcaramel.com\/ro\/wp-json\/wp\/v2\/product_cat?post=35630"},{"taxonomy":"product_tag","embeddable":true,"href":"https:\/\/www.coloredcaramel.com\/ro\/wp-json\/wp\/v2\/product_tag?post=35630"}],"curies":[{"name":"wp","href":"https:\/\/api.w.org\/{rel}","templated":true}]}}