{"id":34888,"date":"2025-05-01T08:14:24","date_gmt":"2025-05-01T08:14:24","guid":{"rendered":"https:\/\/www.coloredcaramel.com\/product\/cozy-and-cute-christmas-coloring-book-2\/"},"modified":"2026-09-05T12:36:22","modified_gmt":"2026-09-05T12:36:22","slug":"festive-corner-carte-de-colorat-de-craciun","status":"publish","type":"product","link":"https:\/\/www.coloredcaramel.com\/ro\/product\/festive-corner-carte-de-colorat-de-craciun\/","title":{"rendered":"Festive Corner: carte de colorat de Cr\u0103ciun confortabil\u0103 \u0219i dr\u0103gu\u021b\u0103"},"content":{"rendered":"<p><span style=\"font-family: 'comic sans ms', sans-serif;\">Ho, ho, ho! E\u0219ti gata s\u0103 adaugi un strop de culoare s\u0103rb\u0103torilor tale? A\u0219eaz\u0103-te confortabil \u0219i las\u0103-\u021bi creativitatea s\u0103 str\u0103luceasc\u0103 cu aceast\u0103 carte de colorat de Cr\u0103ciun, at\u00e2t de cozy \u0219i dr\u0103gu\u021b\u0103!<\/span><\/p>\n<p><span style=\"font-family: 'comic sans ms', sans-serif;\">De ce ne place:<\/span><br \/>\n<span style=\"font-family: 'comic sans ms', sans-serif;\">\u2022 O carte de colorat super distractiv\u0103, cu ilustra\u021bii \u00eendr\u0103zne\u021be \u0219i u\u0219or de colorat.<\/span><br \/>\n<span style=\"font-family: 'comic sans ms', sans-serif;\">\u2022 Un fi\u0219ier PDF complet cu 40 de desene unice &#8211; f\u0103r\u0103 repeti\u021bii!<\/span><br \/>\n<span style=\"font-family: 'comic sans ms', sans-serif;\">\u2022 Dimensiunea paginii este de 8.5 x 8.5 inci &#8211; se recomand\u0103 imprimarea pe h\u00e2rtie de 8.5 x 11 inci.<\/span><br \/>\n<span style=\"font-family: 'comic sans ms', sans-serif;\">\u2022 Perfect\u0103 pentru adul\u021bi \u0219i adolescen\u021bi.<\/span><br \/>\n<span style=\"font-family: 'comic sans ms', sans-serif;\">\u2022 O carte de colorat de Cr\u0103ciun relaxant\u0103, f\u0103r\u0103 stres, dr\u0103gu\u021b\u0103 \u0219i cozy.<\/span><br \/>\n<span style=\"font-family: 'comic sans ms', sans-serif;\">\u2022 Un cadou minunat.<\/span><br \/>\n<span style=\"font-family: 'comic sans ms', sans-serif;\">\u2022 Include o pagin\u0103 cu un calendar de Advent dr\u0103gu\u021b de colorat.<\/span><\/p>\n<p><span style=\"font-family: 'comic sans ms', sans-serif;\">Dac\u0103 \u00ee\u021bi place cartea noastr\u0103 de colorat Spooky Corner, atunci \u00ee\u021bi va pl\u0103cea \u0219i aceasta!<\/span><\/p>\n<p><span style=\"font-family: 'comic sans ms', sans-serif;\">**IMPORTANT**<\/span><br \/>\n<span style=\"font-family: 'comic sans ms', sans-serif;\">\u2022 Aceasta este o carte electronic\u0103 desc\u0103rcabil\u0103 pe care o imprimi acas\u0103 &#8211; nu se vor trimite prin po\u0219t\u0103 exemplare fizice.<\/span><br \/>\n<span style=\"font-family: 'comic sans ms', sans-serif;\">\u2022 Fi\u0219ierele desc\u0103rcabile nu con\u021bin filigrane.<\/span><br \/>\n<span style=\"font-family: 'comic sans ms', sans-serif;\">\u2022 Numai pentru uz PERSONAL\/PRIVAT! Nu este permis\u0103 utilizarea comercial\u0103.<\/span><br \/>\n<span style=\"font-family: 'comic sans ms', sans-serif;\">\u2022 Cartea este protejat\u0103 de drepturi de autor \u0219i NU este permis\u0103 PRODUC\u021aIA \u00ceN SERIE sau REV\u00c2NZAREA.<\/span><\/p>\n<p><span style=\"font-family: 'comic sans ms', sans-serif;\">Comand\u0103 aceast\u0103 CARTE DE COLORAT dr\u0103gu\u021b\u0103 pentru s\u0103rb\u0103tori distractive \u0219i relaxante!<\/span><\/p>\n<p><span style=\"font-family: 'comic sans ms', sans-serif;\">Dac\u0103 ai \u00eentreb\u0103ri, trimite-ne un mesaj \ud83d\ude42<\/span><\/p>\n","protected":false},"excerpt":{"rendered":"<p>Plan\u0219e de colorat de Cr\u0103ciun, 40 de ilustra\u021bii de s\u0103rb\u0103toare dr\u0103gu\u021be \u0219i confortabile, \u00eentr-o carte PDF imprimabil\u0103, cu desc\u0103rcare instantanee, pentru distrac\u021bie \u0219i relaxare.<\/p>\n","protected":false},"featured_media":0,"comment_status":"open","ping_status":"closed","template":"","meta":{"_acf_changed":false,"_glsr_average":0,"_glsr_ranking":0,"_glsr_reviews":0},"product_brand":[],"product_cat":[7748,7660],"product_tag":[],"class_list":["post-34888","product","type-product","status-publish","product_cat-craciun","product_cat-carti-de-colorat","first","instock","sold-individually","shipping-taxable","purchasable","product-type-variable"],"bundled_by":[],"bundle_stock_status":"instock","bundle_stock_quantity":null,"bundle_virtual":false,"bundle_layout":"","bundle_add_to_cart_form_location":"","bundle_editable_in_cart":false,"bundle_sold_individually_context":"","bundle_item_grouping":"","bundle_min_size":"","bundle_max_size":"","bundle_price":[],"bundled_items":[],"bundle_sell_ids":[],"acf":[],"_links":{"self":[{"href":"https:\/\/www.coloredcaramel.com\/ro\/wp-json\/wp\/v2\/product\/34888","targetHints":{"allow":["GET"]}}],"collection":[{"href":"https:\/\/www.coloredcaramel.com\/ro\/wp-json\/wp\/v2\/product"}],"about":[{"href":"https:\/\/www.coloredcaramel.com\/ro\/wp-json\/wp\/v2\/types\/product"}],"replies":[{"embeddable":true,"href":"https:\/\/www.coloredcaramel.com\/ro\/wp-json\/wp\/v2\/comments?post=34888"}],"wp:attachment":[{"href":"https:\/\/www.coloredcaramel.com\/ro\/wp-json\/wp\/v2\/media?parent=34888"}],"wp:term":[{"taxonomy":"product_brand","embeddable":true,"href":"https:\/\/www.coloredcaramel.com\/ro\/wp-json\/wp\/v2\/product_brand?post=34888"},{"taxonomy":"product_cat","embeddable":true,"href":"https:\/\/www.coloredcaramel.com\/ro\/wp-json\/wp\/v2\/product_cat?post=34888"},{"taxonomy":"product_tag","embeddable":true,"href":"https:\/\/www.coloredcaramel.com\/ro\/wp-json\/wp\/v2\/product_tag?post=34888"}],"curies":[{"name":"wp","href":"https:\/\/api.w.org\/{rel}","templated":true}]}}