{"id":33150,"date":"2022-12-04T13:58:20","date_gmt":"2022-12-04T13:58:20","guid":{"rendered":"https:\/\/www.coloredcaramel.com\/free-books-2\/"},"modified":"2026-09-05T11:40:17","modified_gmt":"2026-09-05T11:40:17","slug":"livros-gratis","status":"publish","type":"page","link":"https:\/\/www.coloredcaramel.com\/pt-br\/livros-gratis\/","title":{"rendered":"Livros gr\u00e1tis"},"content":{"rendered":"\t\t<div data-elementor-type=\"wp-page\" data-elementor-id=\"33150\" class=\"elementor elementor-33150 elementor-3747\" data-elementor-post-type=\"page\">\n\t\t\t\t<div class=\"elementor-element elementor-element-77519b9 e-flex e-con-boxed e-con e-parent\" data-id=\"77519b9\" data-element_type=\"container\" data-e-type=\"container\">\n\t\t\t\t\t<div class=\"e-con-inner\">\n\t\t\t\t<div class=\"elementor-element elementor-element-ba379b3 elementor-widget elementor-widget-spacer\" data-id=\"ba379b3\" data-element_type=\"widget\" data-e-type=\"widget\" data-widget_type=\"spacer.default\">\n\t\t\t\t<div class=\"elementor-widget-container\">\n\t\t\t\t\t\t\t<div class=\"elementor-spacer\">\n\t\t\t<div class=\"elementor-spacer-inner\"><\/div>\n\t\t<\/div>\n\t\t\t\t\t\t<\/div>\n\t\t\t\t<\/div>\n\t\t\t\t<div class=\"elementor-element elementor-element-bb2da14 elementor-widget elementor-widget-heading\" data-id=\"bb2da14\" data-element_type=\"widget\" data-e-type=\"widget\" data-widget_type=\"heading.default\">\n\t\t\t\t<div class=\"elementor-widget-container\">\n\t\t\t\t\t<h1 class=\"elementor-heading-title elementor-size-default\">Livros de colorir gr\u00e1tis<\/h1>\t\t\t\t<\/div>\n\t\t\t\t<\/div>\n\t\t\t\t<div class=\"elementor-element elementor-element-893e248 elementor-widget elementor-widget-spacer\" data-id=\"893e248\" data-element_type=\"widget\" data-e-type=\"widget\" data-widget_type=\"spacer.default\">\n\t\t\t\t<div class=\"elementor-widget-container\">\n\t\t\t\t\t\t\t<div class=\"elementor-spacer\">\n\t\t\t<div class=\"elementor-spacer-inner\"><\/div>\n\t\t<\/div>\n\t\t\t\t\t\t<\/div>\n\t\t\t\t<\/div>\n\t\t\t\t\t<\/div>\n\t\t\t\t<\/div>\n\t\t\t\t<section class=\"elementor-section elementor-top-section elementor-element elementor-element-c9e9f36 elementor-section-full_width elementor-section-content-top elementor-section-height-default elementor-section-height-default\" data-id=\"c9e9f36\" data-element_type=\"section\" data-e-type=\"section\">\n\t\t\t\t\t\t<div class=\"elementor-container elementor-column-gap-no\">\n\t\t\t\t\t<div class=\"elementor-column elementor-col-33 elementor-top-column elementor-element elementor-element-6479a8d\" data-id=\"6479a8d\" data-element_type=\"column\" data-e-type=\"column\">\n\t\t\t<div class=\"elementor-widget-wrap elementor-element-populated\">\n\t\t\t\t\t\t<div class=\"elementor-element elementor-element-0832134 elementor-widget elementor-widget-heading\" data-id=\"0832134\" data-element_type=\"widget\" data-e-type=\"widget\" data-widget_type=\"heading.default\">\n\t\t\t\t<div class=\"elementor-widget-container\">\n\t\t\t\t\t<h2 class=\"elementor-heading-title elementor-size-default\">Cute Kawaii Mix\nlivro de colorir<\/h2>\t\t\t\t<\/div>\n\t\t\t\t<\/div>\n\t\t\t\t<div class=\"elementor-element elementor-element-ab795f8 elementor-widget elementor-widget-image\" data-id=\"ab795f8\" data-element_type=\"widget\" data-e-type=\"widget\" data-widget_type=\"image.default\">\n\t\t\t\t<div class=\"elementor-widget-container\">\n\t\t\t\t\t\t\t\t\t\t\t\t\t\t\t<img fetchpriority=\"high\" decoding=\"async\" width=\"700\" height=\"912\" src=\"https:\/\/www.coloredcaramel.com\/wp-content\/uploads\/2022\/12\/free-coloring-book-2-1.png\" class=\"attachment-medium_large size-medium_large wp-image-3751\" alt=\"\" srcset=\"https:\/\/www.coloredcaramel.com\/wp-content\/uploads\/2022\/12\/free-coloring-book-2-1.png 700w, https:\/\/www.coloredcaramel.com\/wp-content\/uploads\/2022\/12\/free-coloring-book-2-1-41x54.png 41w, https:\/\/www.coloredcaramel.com\/wp-content\/uploads\/2022\/12\/free-coloring-book-2-1-600x782.png 600w, https:\/\/www.coloredcaramel.com\/wp-content\/uploads\/2022\/12\/free-coloring-book-2-1-230x300.png 230w, https:\/\/www.coloredcaramel.com\/wp-content\/uploads\/2022\/12\/free-coloring-book-2-1-624x813.png 624w\" sizes=\"(max-width: 700px) 100vw, 700px\" \/>\t\t\t\t\t\t\t\t\t\t\t\t\t\t\t<\/div>\n\t\t\t\t<\/div>\n\t\t\t\t<div class=\"elementor-element elementor-element-bbaf283 elementor-widget elementor-widget-text-editor\" data-id=\"bbaf283\" data-element_type=\"widget\" data-e-type=\"widget\" data-widget_type=\"text-editor.default\">\n\t\t\t\t<div class=\"elementor-widget-container\">\n\t\t\t\t\t\t\t\t\t<div class=\"group w-full text-gray-800 dark:text-gray-100 border-b border-black\/10 dark:border-gray-900\/50 bg-gray-50 dark:bg-[#444654]\">\n<div class=\"text-base gap-4 md:gap-6 md:max-w-2xl lg:max-w-2xl xl:max-w-3xl p-4 md:py-6 flex lg:px-0 m-auto\">\n<div class=\"relative flex w-[calc(100%-50px)] flex-col gap-1 md:gap-3 lg:w-[calc(100%-115px)]\">\n<div class=\"flex flex-grow flex-col gap-3\">\n<div class=\"min-h-[20px] flex flex-col items-start gap-4 whitespace-pre-wrap\">\n<div class=\"markdown prose w-full break-words dark:prose-invert light\">\n<p>Este ador\u00e1vel livro de colorir kawaii traz uma cole\u00e7\u00e3o de ilustra\u00e7\u00f5es encantadoras que com certeza v\u00e3o te fazer sorrir. De bichinhos fofos a comidinhas fofas, cada p\u00e1gina est\u00e1 repleta de desenhos encantadores, perfeitos para relaxar e dar asas \u00e0 criatividade.<\/p><\/div><\/div><\/div>\n<\/div>\n<\/div>\n<\/div>\t\t\t\t\t\t\t\t<\/div>\n\t\t\t\t<\/div>\n\t\t\t\t<div class=\"elementor-element elementor-element-808c032 elementor-align-center elementor-widget elementor-widget-button\" data-id=\"808c032\" data-element_type=\"widget\" data-e-type=\"widget\" data-widget_type=\"button.default\">\n\t\t\t\t<div class=\"elementor-widget-container\">\n\t\t\t\t\t\t\t\t\t<div class=\"elementor-button-wrapper\">\n\t\t\t\t\t<a class=\"elementor-button elementor-button-link elementor-size-lg\" href=\"https:\/\/www.coloredcaramel.com\/wp-content\/uploads\/2022\/08\/Cute-Kawaii-Mix-Coloring-Book-Freebie-Final.pdf\" target=\"_blank\">\n\t\t\t\t\t\t<span class=\"elementor-button-content-wrapper\">\n\t\t\t\t\t\t<span class=\"elementor-button-icon\">\n\t\t\t\t<svg aria-hidden=\"true\" class=\"e-font-icon-svg e-fas-file-download\" viewBox=\"0 0 384 512\" xmlns=\"http:\/\/www.w3.org\/2000\/svg\"><path d=\"M224 136V0H24C10.7 0 0 10.7 0 24v464c0 13.3 10.7 24 24 24h336c13.3 0 24-10.7 24-24V160H248c-13.2 0-24-10.8-24-24zm76.45 211.36l-96.42 95.7c-6.65 6.61-17.39 6.61-24.04 0l-96.42-95.7C73.42 337.29 80.54 320 94.82 320H160v-80c0-8.84 7.16-16 16-16h32c8.84 0 16 7.16 16 16v80h65.18c14.28 0 21.4 17.29 11.27 27.36zM377 105L279.1 7c-4.5-4.5-10.6-7-17-7H256v128h128v-6.1c0-6.3-2.5-12.4-7-16.9z\"><\/path><\/svg>\t\t\t<\/span>\n\t\t\t\t\t\t\t\t\t<span class=\"elementor-button-text\">Baixar<\/span>\n\t\t\t\t\t<\/span>\n\t\t\t\t\t<\/a>\n\t\t\t\t<\/div>\n\t\t\t\t\t\t\t\t<\/div>\n\t\t\t\t<\/div>\n\t\t\t\t\t<\/div>\n\t\t<\/div>\n\t\t\t\t<div class=\"elementor-column elementor-col-33 elementor-top-column elementor-element elementor-element-9168575\" data-id=\"9168575\" data-element_type=\"column\" data-e-type=\"column\">\n\t\t\t<div class=\"elementor-widget-wrap elementor-element-populated\">\n\t\t\t\t\t\t<div class=\"elementor-element elementor-element-e80663f elementor-widget elementor-widget-heading\" data-id=\"e80663f\" data-element_type=\"widget\" data-e-type=\"widget\" data-widget_type=\"heading.default\">\n\t\t\t\t<div class=\"elementor-widget-container\">\n\t\t\t\t\t<h2 class=\"elementor-heading-title elementor-size-default\">Feliz Natal\nDesenho para colorir<\/h2>\t\t\t\t<\/div>\n\t\t\t\t<\/div>\n\t\t\t\t<div class=\"elementor-element elementor-element-4b7fd06 elementor-widget elementor-widget-image\" data-id=\"4b7fd06\" data-element_type=\"widget\" data-e-type=\"widget\" data-widget_type=\"image.default\">\n\t\t\t\t<div class=\"elementor-widget-container\">\n\t\t\t\t\t\t\t\t\t\t\t\t\t\t\t<img decoding=\"async\" width=\"621\" height=\"810\" src=\"https:\/\/www.coloredcaramel.com\/wp-content\/uploads\/2023\/04\/Merry-Christmas-Happy-new-year_A2.png\" class=\"attachment-medium_large size-medium_large wp-image-4341\" alt=\"\" srcset=\"https:\/\/www.coloredcaramel.com\/wp-content\/uploads\/2023\/04\/Merry-Christmas-Happy-new-year_A2.png 621w, https:\/\/www.coloredcaramel.com\/wp-content\/uploads\/2023\/04\/Merry-Christmas-Happy-new-year_A2-230x300.png 230w, https:\/\/www.coloredcaramel.com\/wp-content\/uploads\/2023\/04\/Merry-Christmas-Happy-new-year_A2-54x70.png 54w, https:\/\/www.coloredcaramel.com\/wp-content\/uploads\/2023\/04\/Merry-Christmas-Happy-new-year_A2-77x100.png 77w, https:\/\/www.coloredcaramel.com\/wp-content\/uploads\/2023\/04\/Merry-Christmas-Happy-new-year_A2-600x783.png 600w, https:\/\/www.coloredcaramel.com\/wp-content\/uploads\/2023\/04\/Merry-Christmas-Happy-new-year_A2-41x54.png 41w\" sizes=\"(max-width: 621px) 100vw, 621px\" \/>\t\t\t\t\t\t\t\t\t\t\t\t\t\t\t<\/div>\n\t\t\t\t<\/div>\n\t\t\t\t<div class=\"elementor-element elementor-element-0f08f15 elementor-widget elementor-widget-text-editor\" data-id=\"0f08f15\" data-element_type=\"widget\" data-e-type=\"widget\" data-widget_type=\"text-editor.default\">\n\t\t\t\t<div class=\"elementor-widget-container\">\n\t\t\t\t\t\t\t\t\t<p>Feliz Natal! Divirta-se colorindo este alegre desenho para colorir e entre no clima natalino! Ele traz uma guirlanda festiva decorada com enfeites coloridos, luzinhas brilhantes, estrelas, velas, presentes, chifres de rena e flocos de neve.<\/p>\t\t\t\t\t\t\t\t<\/div>\n\t\t\t\t<\/div>\n\t\t\t\t<div class=\"elementor-element elementor-element-d452d72 elementor-align-center elementor-widget elementor-widget-button\" data-id=\"d452d72\" data-element_type=\"widget\" data-e-type=\"widget\" data-widget_type=\"button.default\">\n\t\t\t\t<div class=\"elementor-widget-container\">\n\t\t\t\t\t\t\t\t\t<div class=\"elementor-button-wrapper\">\n\t\t\t\t\t<a class=\"elementor-button elementor-button-link elementor-size-lg\" href=\"https:\/\/www.coloredcaramel.com\/wp-content\/uploads\/2022\/12\/Merry-Christmas-Happy-new-year_B1.pdf\" target=\"_blank\">\n\t\t\t\t\t\t<span class=\"elementor-button-content-wrapper\">\n\t\t\t\t\t\t<span class=\"elementor-button-icon\">\n\t\t\t\t<svg aria-hidden=\"true\" class=\"e-font-icon-svg e-fas-file-download\" viewBox=\"0 0 384 512\" xmlns=\"http:\/\/www.w3.org\/2000\/svg\"><path d=\"M224 136V0H24C10.7 0 0 10.7 0 24v464c0 13.3 10.7 24 24 24h336c13.3 0 24-10.7 24-24V160H248c-13.2 0-24-10.8-24-24zm76.45 211.36l-96.42 95.7c-6.65 6.61-17.39 6.61-24.04 0l-96.42-95.7C73.42 337.29 80.54 320 94.82 320H160v-80c0-8.84 7.16-16 16-16h32c8.84 0 16 7.16 16 16v80h65.18c14.28 0 21.4 17.29 11.27 27.36zM377 105L279.1 7c-4.5-4.5-10.6-7-17-7H256v128h128v-6.1c0-6.3-2.5-12.4-7-16.9z\"><\/path><\/svg>\t\t\t<\/span>\n\t\t\t\t\t\t\t\t\t<span class=\"elementor-button-text\">Baixar<\/span>\n\t\t\t\t\t<\/span>\n\t\t\t\t\t<\/a>\n\t\t\t\t<\/div>\n\t\t\t\t\t\t\t\t<\/div>\n\t\t\t\t<\/div>\n\t\t\t\t\t<\/div>\n\t\t<\/div>\n\t\t\t\t<div class=\"elementor-column elementor-col-33 elementor-top-column elementor-element elementor-element-e8faae6\" data-id=\"e8faae6\" data-element_type=\"column\" data-e-type=\"column\">\n\t\t\t<div class=\"elementor-widget-wrap elementor-element-populated\">\n\t\t\t\t\t\t<div class=\"elementor-element elementor-element-bf3c090 elementor-widget elementor-widget-heading\" data-id=\"bf3c090\" data-element_type=\"widget\" data-e-type=\"widget\" data-widget_type=\"heading.default\">\n\t\t\t\t<div class=\"elementor-widget-container\">\n\t\t\t\t\t<h2 class=\"elementor-heading-title elementor-size-default\">Feliz Ano-Novo \nDesenho para colorir<\/h2>\t\t\t\t<\/div>\n\t\t\t\t<\/div>\n\t\t\t\t<div class=\"elementor-element elementor-element-d9372d1 elementor-widget elementor-widget-image\" data-id=\"d9372d1\" data-element_type=\"widget\" data-e-type=\"widget\" data-widget_type=\"image.default\">\n\t\t\t\t<div class=\"elementor-widget-container\">\n\t\t\t\t\t\t\t\t\t\t\t\t\t\t\t<img decoding=\"async\" width=\"621\" height=\"810\" src=\"https:\/\/www.coloredcaramel.com\/wp-content\/uploads\/2023\/04\/Untitled-design-5.png\" class=\"attachment-medium_large size-medium_large wp-image-4343\" alt=\"\" srcset=\"https:\/\/www.coloredcaramel.com\/wp-content\/uploads\/2023\/04\/Untitled-design-5.png 621w, https:\/\/www.coloredcaramel.com\/wp-content\/uploads\/2023\/04\/Untitled-design-5-230x300.png 230w, https:\/\/www.coloredcaramel.com\/wp-content\/uploads\/2023\/04\/Untitled-design-5-54x70.png 54w, https:\/\/www.coloredcaramel.com\/wp-content\/uploads\/2023\/04\/Untitled-design-5-77x100.png 77w, https:\/\/www.coloredcaramel.com\/wp-content\/uploads\/2023\/04\/Untitled-design-5-600x783.png 600w, https:\/\/www.coloredcaramel.com\/wp-content\/uploads\/2023\/04\/Untitled-design-5-41x54.png 41w\" sizes=\"(max-width: 621px) 100vw, 621px\" \/>\t\t\t\t\t\t\t\t\t\t\t\t\t\t\t<\/div>\n\t\t\t\t<\/div>\n\t\t\t\t<div class=\"elementor-element elementor-element-cd7db75 elementor-widget elementor-widget-text-editor\" data-id=\"cd7db75\" data-element_type=\"widget\" data-e-type=\"widget\" data-widget_type=\"text-editor.default\">\n\t\t\t\t<div class=\"elementor-widget-container\">\n\t\t\t\t\t\t\t\t\t<p>Sinta a anima\u00e7\u00e3o e a alegria do Ano-Novo de 2023 enquanto colore este desenho fofo. A inspira\u00e7\u00e3o vem do Ano-Novo Chin\u00eas. O tema \u00e9 &#8220;O Ano do Coelho&#8221;.<\/p>\t\t\t\t\t\t\t\t<\/div>\n\t\t\t\t<\/div>\n\t\t\t\t<div class=\"elementor-element elementor-element-0bf1303 elementor-align-center elementor-widget elementor-widget-button\" data-id=\"0bf1303\" data-element_type=\"widget\" data-e-type=\"widget\" data-widget_type=\"button.default\">\n\t\t\t\t<div class=\"elementor-widget-container\">\n\t\t\t\t\t\t\t\t\t<div class=\"elementor-button-wrapper\">\n\t\t\t\t\t<a class=\"elementor-button elementor-button-link elementor-size-lg\" href=\"https:\/\/www.coloredcaramel.com\/wp-content\/uploads\/2022\/12\/Colored-Caramel-Happy-New-Year-2023-Coloring-Page.pdf\" target=\"_blank\">\n\t\t\t\t\t\t<span class=\"elementor-button-content-wrapper\">\n\t\t\t\t\t\t<span class=\"elementor-button-icon\">\n\t\t\t\t<svg aria-hidden=\"true\" class=\"e-font-icon-svg e-fas-file-download\" viewBox=\"0 0 384 512\" xmlns=\"http:\/\/www.w3.org\/2000\/svg\"><path d=\"M224 136V0H24C10.7 0 0 10.7 0 24v464c0 13.3 10.7 24 24 24h336c13.3 0 24-10.7 24-24V160H248c-13.2 0-24-10.8-24-24zm76.45 211.36l-96.42 95.7c-6.65 6.61-17.39 6.61-24.04 0l-96.42-95.7C73.42 337.29 80.54 320 94.82 320H160v-80c0-8.84 7.16-16 16-16h32c8.84 0 16 7.16 16 16v80h65.18c14.28 0 21.4 17.29 11.27 27.36zM377 105L279.1 7c-4.5-4.5-10.6-7-17-7H256v128h128v-6.1c0-6.3-2.5-12.4-7-16.9z\"><\/path><\/svg>\t\t\t<\/span>\n\t\t\t\t\t\t\t\t\t<span class=\"elementor-button-text\">Baixar<\/span>\n\t\t\t\t\t<\/span>\n\t\t\t\t\t<\/a>\n\t\t\t\t<\/div>\n\t\t\t\t\t\t\t\t<\/div>\n\t\t\t\t<\/div>\n\t\t\t\t\t<\/div>\n\t\t<\/div>\n\t\t\t\t\t<\/div>\n\t\t<\/section>\n\t\t\t\t<section class=\"elementor-section elementor-top-section elementor-element elementor-element-6b9094a elementor-section-full_width elementor-section-content-top elementor-section-height-default elementor-section-height-default\" data-id=\"6b9094a\" data-element_type=\"section\" data-e-type=\"section\">\n\t\t\t\t\t\t<div class=\"elementor-container elementor-column-gap-no\">\n\t\t\t\t\t<div class=\"elementor-column elementor-col-33 elementor-top-column elementor-element elementor-element-2f198e1\" data-id=\"2f198e1\" data-element_type=\"column\" data-e-type=\"column\">\n\t\t\t<div class=\"elementor-widget-wrap elementor-element-populated\">\n\t\t\t\t\t\t<div class=\"elementor-element elementor-element-4359840 elementor-widget elementor-widget-heading\" data-id=\"4359840\" data-element_type=\"widget\" data-e-type=\"widget\" data-widget_type=\"heading.default\">\n\t\t\t\t<div class=\"elementor-widget-container\">\n\t\t\t\t\t<h2 class=\"elementor-heading-title elementor-size-default\">Blue Monday \nDesenho para colorir<\/h2>\t\t\t\t<\/div>\n\t\t\t\t<\/div>\n\t\t\t\t<div class=\"elementor-element elementor-element-5165f47 elementor-widget elementor-widget-image\" data-id=\"5165f47\" data-element_type=\"widget\" data-e-type=\"widget\" data-widget_type=\"image.default\">\n\t\t\t\t<div class=\"elementor-widget-container\">\n\t\t\t\t\t\t\t\t\t\t\t\t\t\t\t<img loading=\"lazy\" decoding=\"async\" width=\"621\" height=\"810\" src=\"https:\/\/www.coloredcaramel.com\/wp-content\/uploads\/2023\/04\/Untitled-design-7.png\" class=\"attachment-medium_large size-medium_large wp-image-4344\" alt=\"\" srcset=\"https:\/\/www.coloredcaramel.com\/wp-content\/uploads\/2023\/04\/Untitled-design-7.png 621w, https:\/\/www.coloredcaramel.com\/wp-content\/uploads\/2023\/04\/Untitled-design-7-230x300.png 230w, https:\/\/www.coloredcaramel.com\/wp-content\/uploads\/2023\/04\/Untitled-design-7-54x70.png 54w, https:\/\/www.coloredcaramel.com\/wp-content\/uploads\/2023\/04\/Untitled-design-7-77x100.png 77w, https:\/\/www.coloredcaramel.com\/wp-content\/uploads\/2023\/04\/Untitled-design-7-600x783.png 600w, https:\/\/www.coloredcaramel.com\/wp-content\/uploads\/2023\/04\/Untitled-design-7-41x54.png 41w\" sizes=\"(max-width: 621px) 100vw, 621px\" \/>\t\t\t\t\t\t\t\t\t\t\t\t\t\t\t<\/div>\n\t\t\t\t<\/div>\n\t\t\t\t<div class=\"elementor-element elementor-element-4adf2cb elementor-widget elementor-widget-text-editor\" data-id=\"4adf2cb\" data-element_type=\"widget\" data-e-type=\"widget\" data-widget_type=\"text-editor.default\">\n\t\t\t\t<div class=\"elementor-widget-container\">\n\t\t\t\t\t\t\t\t\t<p>Deixe seu dia maravilhoso colorindo este desenho fofo, divertido &amp; alegre. Uma lhama ador\u00e1vel com flores, brilhinhos e uma frase inspiradora vai iluminar o seu dia!<\/p>\t\t\t\t\t\t\t\t<\/div>\n\t\t\t\t<\/div>\n\t\t\t\t<div class=\"elementor-element elementor-element-11d92c1 elementor-align-center elementor-widget elementor-widget-button\" data-id=\"11d92c1\" data-element_type=\"widget\" data-e-type=\"widget\" data-widget_type=\"button.default\">\n\t\t\t\t<div class=\"elementor-widget-container\">\n\t\t\t\t\t\t\t\t\t<div class=\"elementor-button-wrapper\">\n\t\t\t\t\t<a class=\"elementor-button elementor-button-link elementor-size-lg\" href=\"https:\/\/www.coloredcaramel.com\/wp-content\/uploads\/2023\/01\/Colored-Caramel-coloring-page-LLAMAZING-DAY.pdf\" target=\"_blank\">\n\t\t\t\t\t\t<span class=\"elementor-button-content-wrapper\">\n\t\t\t\t\t\t<span class=\"elementor-button-icon\">\n\t\t\t\t<svg aria-hidden=\"true\" class=\"e-font-icon-svg e-fas-file-download\" viewBox=\"0 0 384 512\" xmlns=\"http:\/\/www.w3.org\/2000\/svg\"><path d=\"M224 136V0H24C10.7 0 0 10.7 0 24v464c0 13.3 10.7 24 24 24h336c13.3 0 24-10.7 24-24V160H248c-13.2 0-24-10.8-24-24zm76.45 211.36l-96.42 95.7c-6.65 6.61-17.39 6.61-24.04 0l-96.42-95.7C73.42 337.29 80.54 320 94.82 320H160v-80c0-8.84 7.16-16 16-16h32c8.84 0 16 7.16 16 16v80h65.18c14.28 0 21.4 17.29 11.27 27.36zM377 105L279.1 7c-4.5-4.5-10.6-7-17-7H256v128h128v-6.1c0-6.3-2.5-12.4-7-16.9z\"><\/path><\/svg>\t\t\t<\/span>\n\t\t\t\t\t\t\t\t\t<span class=\"elementor-button-text\">Baixar<\/span>\n\t\t\t\t\t<\/span>\n\t\t\t\t\t<\/a>\n\t\t\t\t<\/div>\n\t\t\t\t\t\t\t\t<\/div>\n\t\t\t\t<\/div>\n\t\t\t\t\t<\/div>\n\t\t<\/div>\n\t\t\t\t<div class=\"elementor-column elementor-col-33 elementor-top-column elementor-element elementor-element-2825ece\" data-id=\"2825ece\" data-element_type=\"column\" data-e-type=\"column\">\n\t\t\t<div class=\"elementor-widget-wrap elementor-element-populated\">\n\t\t\t\t\t\t<div class=\"elementor-element elementor-element-4252d8f elementor-widget elementor-widget-heading\" data-id=\"4252d8f\" data-element_type=\"widget\" data-e-type=\"widget\" data-widget_type=\"heading.default\">\n\t\t\t\t<div class=\"elementor-widget-container\">\n\t\t\t\t\t<h2 class=\"elementor-heading-title elementor-size-default\">Dia dos Namorados \nDesenho para colorir<\/h2>\t\t\t\t<\/div>\n\t\t\t\t<\/div>\n\t\t\t\t<div class=\"elementor-element elementor-element-a33f919 elementor-widget elementor-widget-image\" data-id=\"a33f919\" data-element_type=\"widget\" data-e-type=\"widget\" data-widget_type=\"image.default\">\n\t\t\t\t<div class=\"elementor-widget-container\">\n\t\t\t\t\t\t\t\t\t\t\t\t\t\t\t<img loading=\"lazy\" decoding=\"async\" width=\"621\" height=\"810\" src=\"https:\/\/www.coloredcaramel.com\/wp-content\/uploads\/2023\/03\/Valentines-day-page-Colored.png\" class=\"attachment-medium_large size-medium_large wp-image-4128\" alt=\"\" srcset=\"https:\/\/www.coloredcaramel.com\/wp-content\/uploads\/2023\/03\/Valentines-day-page-Colored.png 621w, https:\/\/www.coloredcaramel.com\/wp-content\/uploads\/2023\/03\/Valentines-day-page-Colored-230x300.png 230w, https:\/\/www.coloredcaramel.com\/wp-content\/uploads\/2023\/03\/Valentines-day-page-Colored-600x783.png 600w, https:\/\/www.coloredcaramel.com\/wp-content\/uploads\/2023\/03\/Valentines-day-page-Colored-41x54.png 41w\" sizes=\"(max-width: 621px) 100vw, 621px\" \/>\t\t\t\t\t\t\t\t\t\t\t\t\t\t\t<\/div>\n\t\t\t\t<\/div>\n\t\t\t\t<div class=\"elementor-element elementor-element-5adfe17 elementor-widget elementor-widget-text-editor\" data-id=\"5adfe17\" data-element_type=\"widget\" data-e-type=\"widget\" data-widget_type=\"text-editor.default\">\n\t\t\t\t<div class=\"elementor-widget-container\">\n\t\t\t\t\t\t\t\t\t<div class=\"group w-full text-gray-800 dark:text-gray-100 border-b border-black\/10 dark:border-gray-900\/50 bg-gray-50 dark:bg-[#444654]\"><div class=\"text-base gap-4 md:gap-6 md:max-w-2xl lg:max-w-2xl xl:max-w-3xl p-4 md:py-6 flex lg:px-0 m-auto\"><div class=\"relative flex w-[calc(100%-50px)] flex-col gap-1 md:gap-3 lg:w-[calc(100%-115px)]\"><div class=\"flex flex-grow flex-col gap-3\"><div class=\"min-h-[20px] flex flex-col items-start gap-4 whitespace-pre-wrap\"><div class=\"markdown prose w-full break-words dark:prose-invert light\"><p><span style=\"color: #374151;font-family: S\u00f6hne, ui-sans-serif, system-ui, -apple-system, &apos;Segoe UI&apos;, Roboto, Ubuntu, Cantarell, &apos;Noto Sans&apos;, sans-serif, &apos;Helvetica Neue&apos;, Arial, &apos;Apple Color Emoji&apos;, &apos;Segoe UI Emoji&apos;, &apos;Segoe UI Symbol&apos;, &apos;Noto Color Emoji&apos;;text-align: start;white-space: pre-wrap;background-color: #f7f7f8\">Entre no clima do Dia dos Namorados com este desenho para colorir fofo e divertido de gnomos! Com um casal encantador de gnomos cercado por cora\u00e7\u00f5es e flores, este desenho com certeza vai encher seu cora\u00e7\u00e3o de alegria. <\/span><span style=\"color: #374151;font-family: S\u00f6hne, ui-sans-serif, system-ui, -apple-system, &apos;Segoe UI&apos;, Roboto, Ubuntu, Cantarell, &apos;Noto Sans&apos;, sans-serif, &apos;Helvetica Neue&apos;, Arial, &apos;Apple Color Emoji&apos;, &apos;Segoe UI Emoji&apos;, &apos;Segoe UI Symbol&apos;, &apos;Noto Color Emoji&apos;;text-align: start;white-space: pre-wrap;background-color: #f7f7f8\">\u00a0<\/span><\/p><p>\u00a0<\/p><\/div><\/div><\/div><\/div><\/div><\/div>\t\t\t\t\t\t\t\t<\/div>\n\t\t\t\t<\/div>\n\t\t\t\t<div class=\"elementor-element elementor-element-95ab78d elementor-align-center elementor-widget elementor-widget-button\" data-id=\"95ab78d\" data-element_type=\"widget\" data-e-type=\"widget\" data-widget_type=\"button.default\">\n\t\t\t\t<div class=\"elementor-widget-container\">\n\t\t\t\t\t\t\t\t\t<div class=\"elementor-button-wrapper\">\n\t\t\t\t\t<a class=\"elementor-button elementor-button-link elementor-size-lg\" href=\"https:\/\/www.coloredcaramel.com\/wp-content\/uploads\/2023\/02\/Valentines-day-page-BW.png\" target=\"_blank\">\n\t\t\t\t\t\t<span class=\"elementor-button-content-wrapper\">\n\t\t\t\t\t\t<span class=\"elementor-button-icon\">\n\t\t\t\t<svg aria-hidden=\"true\" class=\"e-font-icon-svg e-fas-file-download\" viewBox=\"0 0 384 512\" xmlns=\"http:\/\/www.w3.org\/2000\/svg\"><path d=\"M224 136V0H24C10.7 0 0 10.7 0 24v464c0 13.3 10.7 24 24 24h336c13.3 0 24-10.7 24-24V160H248c-13.2 0-24-10.8-24-24zm76.45 211.36l-96.42 95.7c-6.65 6.61-17.39 6.61-24.04 0l-96.42-95.7C73.42 337.29 80.54 320 94.82 320H160v-80c0-8.84 7.16-16 16-16h32c8.84 0 16 7.16 16 16v80h65.18c14.28 0 21.4 17.29 11.27 27.36zM377 105L279.1 7c-4.5-4.5-10.6-7-17-7H256v128h128v-6.1c0-6.3-2.5-12.4-7-16.9z\"><\/path><\/svg>\t\t\t<\/span>\n\t\t\t\t\t\t\t\t\t<span class=\"elementor-button-text\">Baixar<\/span>\n\t\t\t\t\t<\/span>\n\t\t\t\t\t<\/a>\n\t\t\t\t<\/div>\n\t\t\t\t\t\t\t\t<\/div>\n\t\t\t\t<\/div>\n\t\t\t\t\t<\/div>\n\t\t<\/div>\n\t\t\t\t<div class=\"elementor-column elementor-col-33 elementor-top-column elementor-element elementor-element-6dc9314\" data-id=\"6dc9314\" data-element_type=\"column\" data-e-type=\"column\">\n\t\t\t<div class=\"elementor-widget-wrap elementor-element-populated\">\n\t\t\t\t\t\t<div class=\"elementor-element elementor-element-106c05d elementor-widget elementor-widget-heading\" data-id=\"106c05d\" data-element_type=\"widget\" data-e-type=\"widget\" data-widget_type=\"heading.default\">\n\t\t\t\t<div class=\"elementor-widget-container\">\n\t\t\t\t\t<h2 class=\"elementor-heading-title elementor-size-default\">Dia da Mulher \nDesenho para colorir<\/h2>\t\t\t\t<\/div>\n\t\t\t\t<\/div>\n\t\t\t\t<div class=\"elementor-element elementor-element-f761a51 elementor-widget elementor-widget-image\" data-id=\"f761a51\" data-element_type=\"widget\" data-e-type=\"widget\" data-widget_type=\"image.default\">\n\t\t\t\t<div class=\"elementor-widget-container\">\n\t\t\t\t\t\t\t\t\t\t\t\t\t\t\t<img loading=\"lazy\" decoding=\"async\" width=\"621\" height=\"810\" src=\"https:\/\/www.coloredcaramel.com\/wp-content\/uploads\/2023\/03\/Womans-Day_-Colored.png\" class=\"attachment-medium_large size-medium_large wp-image-3922\" alt=\"\" srcset=\"https:\/\/www.coloredcaramel.com\/wp-content\/uploads\/2023\/03\/Womans-Day_-Colored.png 621w, https:\/\/www.coloredcaramel.com\/wp-content\/uploads\/2023\/03\/Womans-Day_-Colored-230x300.png 230w, https:\/\/www.coloredcaramel.com\/wp-content\/uploads\/2023\/03\/Womans-Day_-Colored-600x783.png 600w, https:\/\/www.coloredcaramel.com\/wp-content\/uploads\/2023\/03\/Womans-Day_-Colored-41x54.png 41w\" sizes=\"(max-width: 621px) 100vw, 621px\" \/>\t\t\t\t\t\t\t\t\t\t\t\t\t\t\t<\/div>\n\t\t\t\t<\/div>\n\t\t\t\t<div class=\"elementor-element elementor-element-456ea74 elementor-widget elementor-widget-text-editor\" data-id=\"456ea74\" data-element_type=\"widget\" data-e-type=\"widget\" data-widget_type=\"text-editor.default\">\n\t\t\t\t<div class=\"elementor-widget-container\">\n\t\t\t\t\t\t\t\t\t<p>Desenho para colorir ador\u00e1vel com uma menina chibi fofa para representar e expressar a beleza das mulheres. \u00c9 perfeito para colorir no Dia da Mulher ou em qualquer dia!<\/p>\t\t\t\t\t\t\t\t<\/div>\n\t\t\t\t<\/div>\n\t\t\t\t<div class=\"elementor-element elementor-element-24a1052 elementor-align-center elementor-widget elementor-widget-button\" data-id=\"24a1052\" data-element_type=\"widget\" data-e-type=\"widget\" data-widget_type=\"button.default\">\n\t\t\t\t<div class=\"elementor-widget-container\">\n\t\t\t\t\t\t\t\t\t<div class=\"elementor-button-wrapper\">\n\t\t\t\t\t<a class=\"elementor-button elementor-button-link elementor-size-lg\" href=\"https:\/\/www.coloredcaramel.com\/wp-content\/uploads\/2023\/03\/Womens-Day-Coloring-Page-Colored-Caramel.pdf\" target=\"_blank\">\n\t\t\t\t\t\t<span class=\"elementor-button-content-wrapper\">\n\t\t\t\t\t\t<span class=\"elementor-button-icon\">\n\t\t\t\t<svg aria-hidden=\"true\" class=\"e-font-icon-svg e-fas-file-download\" viewBox=\"0 0 384 512\" xmlns=\"http:\/\/www.w3.org\/2000\/svg\"><path d=\"M224 136V0H24C10.7 0 0 10.7 0 24v464c0 13.3 10.7 24 24 24h336c13.3 0 24-10.7 24-24V160H248c-13.2 0-24-10.8-24-24zm76.45 211.36l-96.42 95.7c-6.65 6.61-17.39 6.61-24.04 0l-96.42-95.7C73.42 337.29 80.54 320 94.82 320H160v-80c0-8.84 7.16-16 16-16h32c8.84 0 16 7.16 16 16v80h65.18c14.28 0 21.4 17.29 11.27 27.36zM377 105L279.1 7c-4.5-4.5-10.6-7-17-7H256v128h128v-6.1c0-6.3-2.5-12.4-7-16.9z\"><\/path><\/svg>\t\t\t<\/span>\n\t\t\t\t\t\t\t\t\t<span class=\"elementor-button-text\">Baixar<\/span>\n\t\t\t\t\t<\/span>\n\t\t\t\t\t<\/a>\n\t\t\t\t<\/div>\n\t\t\t\t\t\t\t\t<\/div>\n\t\t\t\t<\/div>\n\t\t\t\t\t<\/div>\n\t\t<\/div>\n\t\t\t\t\t<\/div>\n\t\t<\/section>\n\t\t\t\t<section class=\"elementor-section elementor-top-section elementor-element elementor-element-9c6241b elementor-section-full_width elementor-section-content-top elementor-section-height-default elementor-section-height-default\" data-id=\"9c6241b\" data-element_type=\"section\" data-e-type=\"section\">\n\t\t\t\t\t\t<div class=\"elementor-container elementor-column-gap-no\">\n\t\t\t\t\t<div class=\"elementor-column elementor-col-33 elementor-top-column elementor-element elementor-element-50be6f4\" data-id=\"50be6f4\" data-element_type=\"column\" data-e-type=\"column\">\n\t\t\t<div class=\"elementor-widget-wrap elementor-element-populated\">\n\t\t\t\t\t\t<div class=\"elementor-element elementor-element-d6871c3 elementor-widget elementor-widget-heading\" data-id=\"d6871c3\" data-element_type=\"widget\" data-e-type=\"widget\" data-widget_type=\"heading.default\">\n\t\t\t\t<div class=\"elementor-widget-container\">\n\t\t\t\t\t<h2 class=\"elementor-heading-title elementor-size-default\">Dia de S\u00e3o Patr\u00edcio \nDesenho para colorir<\/h2>\t\t\t\t<\/div>\n\t\t\t\t<\/div>\n\t\t\t\t<div class=\"elementor-element elementor-element-b43e586 elementor-widget elementor-widget-image\" data-id=\"b43e586\" data-element_type=\"widget\" data-e-type=\"widget\" data-widget_type=\"image.default\">\n\t\t\t\t<div class=\"elementor-widget-container\">\n\t\t\t\t\t\t\t\t\t\t\t\t\t\t\t<img loading=\"lazy\" decoding=\"async\" width=\"621\" height=\"810\" src=\"https:\/\/www.coloredcaramel.com\/wp-content\/uploads\/2023\/03\/St-Patricks_Colored-1.png\" class=\"attachment-medium_large size-medium_large wp-image-4115\" alt=\"\" srcset=\"https:\/\/www.coloredcaramel.com\/wp-content\/uploads\/2023\/03\/St-Patricks_Colored-1.png 621w, https:\/\/www.coloredcaramel.com\/wp-content\/uploads\/2023\/03\/St-Patricks_Colored-1-230x300.png 230w, https:\/\/www.coloredcaramel.com\/wp-content\/uploads\/2023\/03\/St-Patricks_Colored-1-600x783.png 600w, https:\/\/www.coloredcaramel.com\/wp-content\/uploads\/2023\/03\/St-Patricks_Colored-1-41x54.png 41w\" sizes=\"(max-width: 621px) 100vw, 621px\" \/>\t\t\t\t\t\t\t\t\t\t\t\t\t\t\t<\/div>\n\t\t\t\t<\/div>\n\t\t\t\t<div class=\"elementor-element elementor-element-1322cae elementor-widget elementor-widget-text-editor\" data-id=\"1322cae\" data-element_type=\"widget\" data-e-type=\"widget\" data-widget_type=\"text-editor.default\">\n\t\t\t\t<div class=\"elementor-widget-container\">\n\t\t\t\t\t\t\t\t\t<div class=\"group w-full text-gray-800 dark:text-gray-100 border-b border-black\/10 dark:border-gray-900\/50 bg-gray-50 dark:bg-[#444654]\"><div class=\"text-base gap-4 md:gap-6 md:max-w-2xl lg:max-w-2xl xl:max-w-3xl p-4 md:py-6 flex lg:px-0 m-auto\"><div class=\"relative flex w-[calc(100%-50px)] flex-col gap-1 md:gap-3 lg:w-[calc(100%-115px)]\"><div class=\"flex flex-grow flex-col gap-3\"><div class=\"min-h-[20px] flex flex-col items-start gap-4 whitespace-pre-wrap\"><div class=\"markdown prose w-full break-words dark:prose-invert light\"><p>Comemore o Dia de S\u00e3o Patr\u00edcio com este desenho para colorir festivo!\u00a0 Pinte os detalhes minuciosos e crie uma cena vibrante que capture o esp\u00edrito deste feriado especial.\u00a0<\/p><\/div><\/div><\/div><\/div><\/div><\/div>\t\t\t\t\t\t\t\t<\/div>\n\t\t\t\t<\/div>\n\t\t\t\t<div class=\"elementor-element elementor-element-c0634cc elementor-align-center elementor-widget elementor-widget-button\" data-id=\"c0634cc\" data-element_type=\"widget\" data-e-type=\"widget\" data-widget_type=\"button.default\">\n\t\t\t\t<div class=\"elementor-widget-container\">\n\t\t\t\t\t\t\t\t\t<div class=\"elementor-button-wrapper\">\n\t\t\t\t\t<a class=\"elementor-button elementor-button-link elementor-size-lg\" href=\"https:\/\/www.coloredcaramel.com\/wp-content\/uploads\/2023\/03\/Colored-Caramel-St-Patricks-Day_Coloring-Page.pdf\" target=\"_blank\">\n\t\t\t\t\t\t<span class=\"elementor-button-content-wrapper\">\n\t\t\t\t\t\t<span class=\"elementor-button-icon\">\n\t\t\t\t<svg aria-hidden=\"true\" class=\"e-font-icon-svg e-fas-file-download\" viewBox=\"0 0 384 512\" xmlns=\"http:\/\/www.w3.org\/2000\/svg\"><path d=\"M224 136V0H24C10.7 0 0 10.7 0 24v464c0 13.3 10.7 24 24 24h336c13.3 0 24-10.7 24-24V160H248c-13.2 0-24-10.8-24-24zm76.45 211.36l-96.42 95.7c-6.65 6.61-17.39 6.61-24.04 0l-96.42-95.7C73.42 337.29 80.54 320 94.82 320H160v-80c0-8.84 7.16-16 16-16h32c8.84 0 16 7.16 16 16v80h65.18c14.28 0 21.4 17.29 11.27 27.36zM377 105L279.1 7c-4.5-4.5-10.6-7-17-7H256v128h128v-6.1c0-6.3-2.5-12.4-7-16.9z\"><\/path><\/svg>\t\t\t<\/span>\n\t\t\t\t\t\t\t\t\t<span class=\"elementor-button-text\">Baixar<\/span>\n\t\t\t\t\t<\/span>\n\t\t\t\t\t<\/a>\n\t\t\t\t<\/div>\n\t\t\t\t\t\t\t\t<\/div>\n\t\t\t\t<\/div>\n\t\t\t\t\t<\/div>\n\t\t<\/div>\n\t\t\t\t<div class=\"elementor-column elementor-col-33 elementor-top-column elementor-element elementor-element-657adb6\" data-id=\"657adb6\" data-element_type=\"column\" data-e-type=\"column\">\n\t\t\t<div class=\"elementor-widget-wrap elementor-element-populated\">\n\t\t\t\t\t\t<div class=\"elementor-element elementor-element-e7f02a8 elementor-widget elementor-widget-heading\" data-id=\"e7f02a8\" data-element_type=\"widget\" data-e-type=\"widget\" data-widget_type=\"heading.default\">\n\t\t\t\t<div class=\"elementor-widget-container\">\n\t\t\t\t\t<h2 class=\"elementor-heading-title elementor-size-default\">Desenho para colorir sobre conscientiza\u00e7\u00e3o do autismo<\/h2>\t\t\t\t<\/div>\n\t\t\t\t<\/div>\n\t\t\t\t<div class=\"elementor-element elementor-element-71b24be elementor-widget elementor-widget-image\" data-id=\"71b24be\" data-element_type=\"widget\" data-e-type=\"widget\" data-widget_type=\"image.default\">\n\t\t\t\t<div class=\"elementor-widget-container\">\n\t\t\t\t\t\t\t\t\t\t\t\t\t\t\t<img loading=\"lazy\" decoding=\"async\" width=\"621\" height=\"810\" src=\"https:\/\/www.coloredcaramel.com\/wp-content\/uploads\/2023\/03\/Autism-awareness_C.png\" class=\"attachment-medium_large size-medium_large wp-image-4168\" alt=\"\" srcset=\"https:\/\/www.coloredcaramel.com\/wp-content\/uploads\/2023\/03\/Autism-awareness_C.png 621w, https:\/\/www.coloredcaramel.com\/wp-content\/uploads\/2023\/03\/Autism-awareness_C-230x300.png 230w, https:\/\/www.coloredcaramel.com\/wp-content\/uploads\/2023\/03\/Autism-awareness_C-600x783.png 600w, https:\/\/www.coloredcaramel.com\/wp-content\/uploads\/2023\/03\/Autism-awareness_C-41x54.png 41w\" sizes=\"(max-width: 621px) 100vw, 621px\" \/>\t\t\t\t\t\t\t\t\t\t\t\t\t\t\t<\/div>\n\t\t\t\t<\/div>\n\t\t\t\t<div class=\"elementor-element elementor-element-bcf1205 elementor-widget elementor-widget-text-editor\" data-id=\"bcf1205\" data-element_type=\"widget\" data-e-type=\"widget\" data-widget_type=\"text-editor.default\">\n\t\t\t\t<div class=\"elementor-widget-container\">\n\t\t\t\t\t\t\t\t\t<div class=\"group w-full text-gray-800 dark:text-gray-100 border-b border-black\/10 dark:border-gray-900\/50 bg-gray-50 dark:bg-[#444654]\"><div class=\"text-base gap-4 md:gap-6 md:max-w-2xl lg:max-w-2xl xl:max-w-3xl p-4 md:py-6 flex lg:px-0 m-auto\"><div class=\"relative flex w-[calc(100%-50px)] flex-col gap-1 md:gap-3 lg:w-[calc(100%-115px)]\"><div class=\"flex flex-grow flex-col gap-3\"><div class=\"min-h-[20px] flex flex-col items-start gap-4 whitespace-pre-wrap\"><div class=\"markdown prose w-full break-words dark:prose-invert light\"><p>Colorir esta p\u00e1gina \u00e9 uma maneira divertida e criativa de mostrar seu apoio \u00e0s pessoas com autismo e suas fam\u00edlias. Voc\u00ea pode usar as cores que preferir, mas se quiser incluir a cor da conscientiza\u00e7\u00e3o sobre o autismo, experimente usar diferentes tons de azul.<\/p><\/div><\/div><\/div><\/div><\/div><\/div>\t\t\t\t\t\t\t\t<\/div>\n\t\t\t\t<\/div>\n\t\t\t\t<div class=\"elementor-element elementor-element-5f03972 elementor-align-center elementor-widget elementor-widget-button\" data-id=\"5f03972\" data-element_type=\"widget\" data-e-type=\"widget\" data-widget_type=\"button.default\">\n\t\t\t\t<div class=\"elementor-widget-container\">\n\t\t\t\t\t\t\t\t\t<div class=\"elementor-button-wrapper\">\n\t\t\t\t\t<a class=\"elementor-button elementor-button-link elementor-size-lg\" href=\"https:\/\/www.coloredcaramel.com\/wp-content\/uploads\/2023\/03\/Autism-Awareness-Colored-Caramel.pdf\" target=\"_blank\">\n\t\t\t\t\t\t<span class=\"elementor-button-content-wrapper\">\n\t\t\t\t\t\t<span class=\"elementor-button-icon\">\n\t\t\t\t<svg aria-hidden=\"true\" class=\"e-font-icon-svg e-fas-file-download\" viewBox=\"0 0 384 512\" xmlns=\"http:\/\/www.w3.org\/2000\/svg\"><path d=\"M224 136V0H24C10.7 0 0 10.7 0 24v464c0 13.3 10.7 24 24 24h336c13.3 0 24-10.7 24-24V160H248c-13.2 0-24-10.8-24-24zm76.45 211.36l-96.42 95.7c-6.65 6.61-17.39 6.61-24.04 0l-96.42-95.7C73.42 337.29 80.54 320 94.82 320H160v-80c0-8.84 7.16-16 16-16h32c8.84 0 16 7.16 16 16v80h65.18c14.28 0 21.4 17.29 11.27 27.36zM377 105L279.1 7c-4.5-4.5-10.6-7-17-7H256v128h128v-6.1c0-6.3-2.5-12.4-7-16.9z\"><\/path><\/svg>\t\t\t<\/span>\n\t\t\t\t\t\t\t\t\t<span class=\"elementor-button-text\">Baixar<\/span>\n\t\t\t\t\t<\/span>\n\t\t\t\t\t<\/a>\n\t\t\t\t<\/div>\n\t\t\t\t\t\t\t\t<\/div>\n\t\t\t\t<\/div>\n\t\t\t\t\t<\/div>\n\t\t<\/div>\n\t\t\t\t<div class=\"elementor-column elementor-col-33 elementor-top-column elementor-element elementor-element-3fc103b\" data-id=\"3fc103b\" data-element_type=\"column\" data-e-type=\"column\">\n\t\t\t<div class=\"elementor-widget-wrap elementor-element-populated\">\n\t\t\t\t\t\t<div class=\"elementor-element elementor-element-f5f1e72 elementor-widget elementor-widget-heading\" data-id=\"f5f1e72\" data-element_type=\"widget\" data-e-type=\"widget\" data-widget_type=\"heading.default\">\n\t\t\t\t<div class=\"elementor-widget-container\">\n\t\t\t\t\t<h2 class=\"elementor-heading-title elementor-size-default\">Feliz P\u00e1scoa \nDesenho para colorir<\/h2>\t\t\t\t<\/div>\n\t\t\t\t<\/div>\n\t\t\t\t<div class=\"elementor-element elementor-element-fb3d566 elementor-widget elementor-widget-image\" data-id=\"fb3d566\" data-element_type=\"widget\" data-e-type=\"widget\" data-widget_type=\"image.default\">\n\t\t\t\t<div class=\"elementor-widget-container\">\n\t\t\t\t\t\t\t\t\t\t\t\t\t\t\t<img loading=\"lazy\" decoding=\"async\" width=\"621\" height=\"810\" src=\"https:\/\/www.coloredcaramel.com\/wp-content\/uploads\/2023\/04\/Easter_C.png\" class=\"attachment-medium_large size-medium_large wp-image-4231\" alt=\"\" srcset=\"https:\/\/www.coloredcaramel.com\/wp-content\/uploads\/2023\/04\/Easter_C.png 621w, https:\/\/www.coloredcaramel.com\/wp-content\/uploads\/2023\/04\/Easter_C-230x300.png 230w, https:\/\/www.coloredcaramel.com\/wp-content\/uploads\/2023\/04\/Easter_C-38x50.png 38w, https:\/\/www.coloredcaramel.com\/wp-content\/uploads\/2023\/04\/Easter_C-77x100.png 77w, https:\/\/www.coloredcaramel.com\/wp-content\/uploads\/2023\/04\/Easter_C-600x783.png 600w, https:\/\/www.coloredcaramel.com\/wp-content\/uploads\/2023\/04\/Easter_C-41x54.png 41w\" sizes=\"(max-width: 621px) 100vw, 621px\" \/>\t\t\t\t\t\t\t\t\t\t\t\t\t\t\t<\/div>\n\t\t\t\t<\/div>\n\t\t\t\t<div class=\"elementor-element elementor-element-7b350ce elementor-widget elementor-widget-text-editor\" data-id=\"7b350ce\" data-element_type=\"widget\" data-e-type=\"widget\" data-widget_type=\"text-editor.default\">\n\t\t\t\t<div class=\"elementor-widget-container\">\n\t\t\t\t\t\t\t\t\t<p>Comemore a P\u00e1scoa com este coelhinho fofo e elementos da primavera. O desenho traz um coelhinho brincalh\u00e3o e ador\u00e1vel correndo com uma cesta cheia de ovos de P\u00e1scoa. Use as cores que voc\u00ea quiser e divirta-se!<\/p>\t\t\t\t\t\t\t\t<\/div>\n\t\t\t\t<\/div>\n\t\t\t\t<div class=\"elementor-element elementor-element-f52772e elementor-align-center elementor-widget elementor-widget-button\" data-id=\"f52772e\" data-element_type=\"widget\" data-e-type=\"widget\" data-widget_type=\"button.default\">\n\t\t\t\t<div class=\"elementor-widget-container\">\n\t\t\t\t\t\t\t\t\t<div class=\"elementor-button-wrapper\">\n\t\t\t\t\t<a class=\"elementor-button elementor-button-link elementor-size-lg\" href=\"https:\/\/www.coloredcaramel.com\/wp-content\/uploads\/2023\/04\/Happy-Easter-2023-Colored-Caramel.png\" target=\"_blank\">\n\t\t\t\t\t\t<span class=\"elementor-button-content-wrapper\">\n\t\t\t\t\t\t<span class=\"elementor-button-icon\">\n\t\t\t\t<svg aria-hidden=\"true\" class=\"e-font-icon-svg e-fas-file-download\" viewBox=\"0 0 384 512\" xmlns=\"http:\/\/www.w3.org\/2000\/svg\"><path d=\"M224 136V0H24C10.7 0 0 10.7 0 24v464c0 13.3 10.7 24 24 24h336c13.3 0 24-10.7 24-24V160H248c-13.2 0-24-10.8-24-24zm76.45 211.36l-96.42 95.7c-6.65 6.61-17.39 6.61-24.04 0l-96.42-95.7C73.42 337.29 80.54 320 94.82 320H160v-80c0-8.84 7.16-16 16-16h32c8.84 0 16 7.16 16 16v80h65.18c14.28 0 21.4 17.29 11.27 27.36zM377 105L279.1 7c-4.5-4.5-10.6-7-17-7H256v128h128v-6.1c0-6.3-2.5-12.4-7-16.9z\"><\/path><\/svg>\t\t\t<\/span>\n\t\t\t\t\t\t\t\t\t<span class=\"elementor-button-text\">Baixar<\/span>\n\t\t\t\t\t<\/span>\n\t\t\t\t\t<\/a>\n\t\t\t\t<\/div>\n\t\t\t\t\t\t\t\t<\/div>\n\t\t\t\t<\/div>\n\t\t\t\t\t<\/div>\n\t\t<\/div>\n\t\t\t\t\t<\/div>\n\t\t<\/section>\n\t\t\t\t<section class=\"elementor-section elementor-top-section elementor-element elementor-element-5e5a200 elementor-section-full_width elementor-section-content-top elementor-section-height-default elementor-section-height-default\" data-id=\"5e5a200\" data-element_type=\"section\" data-e-type=\"section\">\n\t\t\t\t\t\t<div class=\"elementor-container elementor-column-gap-no\">\n\t\t\t\t\t<div class=\"elementor-column elementor-col-33 elementor-top-column elementor-element elementor-element-f96c671\" data-id=\"f96c671\" data-element_type=\"column\" data-e-type=\"column\">\n\t\t\t<div class=\"elementor-widget-wrap elementor-element-populated\">\n\t\t\t\t\t\t<div class=\"elementor-element elementor-element-36024d2 elementor-widget elementor-widget-heading\" data-id=\"36024d2\" data-element_type=\"widget\" data-e-type=\"widget\" data-widget_type=\"heading.default\">\n\t\t\t\t<div class=\"elementor-widget-container\">\n\t\t\t\t\t<h2 class=\"elementor-heading-title elementor-size-default\">Dia da Terra \nDesenho para colorir<\/h2>\t\t\t\t<\/div>\n\t\t\t\t<\/div>\n\t\t\t\t<div class=\"elementor-element elementor-element-c612bc1 elementor-widget elementor-widget-image\" data-id=\"c612bc1\" data-element_type=\"widget\" data-e-type=\"widget\" data-widget_type=\"image.default\">\n\t\t\t\t<div class=\"elementor-widget-container\">\n\t\t\t\t\t\t\t\t\t\t\t\t\t\t\t<img loading=\"lazy\" decoding=\"async\" width=\"621\" height=\"810\" src=\"https:\/\/www.coloredcaramel.com\/wp-content\/uploads\/2023\/04\/Earth-Day_C.png\" class=\"attachment-medium_large size-medium_large wp-image-4377\" alt=\"\" srcset=\"https:\/\/www.coloredcaramel.com\/wp-content\/uploads\/2023\/04\/Earth-Day_C.png 621w, https:\/\/www.coloredcaramel.com\/wp-content\/uploads\/2023\/04\/Earth-Day_C-230x300.png 230w, https:\/\/www.coloredcaramel.com\/wp-content\/uploads\/2023\/04\/Earth-Day_C-54x70.png 54w, https:\/\/www.coloredcaramel.com\/wp-content\/uploads\/2023\/04\/Earth-Day_C-77x100.png 77w, https:\/\/www.coloredcaramel.com\/wp-content\/uploads\/2023\/04\/Earth-Day_C-600x783.png 600w, https:\/\/www.coloredcaramel.com\/wp-content\/uploads\/2023\/04\/Earth-Day_C-41x54.png 41w\" sizes=\"(max-width: 621px) 100vw, 621px\" \/>\t\t\t\t\t\t\t\t\t\t\t\t\t\t\t<\/div>\n\t\t\t\t<\/div>\n\t\t\t\t<div class=\"elementor-element elementor-element-9ce5b4d elementor-widget elementor-widget-text-editor\" data-id=\"9ce5b4d\" data-element_type=\"widget\" data-e-type=\"widget\" data-widget_type=\"text-editor.default\">\n\t\t\t\t<div class=\"elementor-widget-container\">\n\t\t\t\t\t\t\t\t\t<div><div><div><div><div><div><p>Comemore a beleza e o encanto do nosso planeta com este desenho fofo para colorir. Reflita sobre a import\u00e2ncia de proteger o nosso planeta e lembre-se de honr\u00e1-lo e respeit\u00e1-lo todos os dias.<\/p><\/div><\/div><\/div><\/div><\/div><\/div>\t\t\t\t\t\t\t\t<\/div>\n\t\t\t\t<\/div>\n\t\t\t\t<div class=\"elementor-element elementor-element-0eef3aa elementor-align-center elementor-widget elementor-widget-button\" data-id=\"0eef3aa\" data-element_type=\"widget\" data-e-type=\"widget\" data-widget_type=\"button.default\">\n\t\t\t\t<div class=\"elementor-widget-container\">\n\t\t\t\t\t\t\t\t\t<div class=\"elementor-button-wrapper\">\n\t\t\t\t\t<a class=\"elementor-button elementor-button-link elementor-size-lg\" href=\"https:\/\/www.coloredcaramel.com\/wp-content\/uploads\/2023\/04\/Colored-Caramel-Earth-Day-2023.pdf\" target=\"_blank\">\n\t\t\t\t\t\t<span class=\"elementor-button-content-wrapper\">\n\t\t\t\t\t\t<span class=\"elementor-button-icon\">\n\t\t\t\t<svg aria-hidden=\"true\" class=\"e-font-icon-svg e-fas-file-download\" viewBox=\"0 0 384 512\" xmlns=\"http:\/\/www.w3.org\/2000\/svg\"><path d=\"M224 136V0H24C10.7 0 0 10.7 0 24v464c0 13.3 10.7 24 24 24h336c13.3 0 24-10.7 24-24V160H248c-13.2 0-24-10.8-24-24zm76.45 211.36l-96.42 95.7c-6.65 6.61-17.39 6.61-24.04 0l-96.42-95.7C73.42 337.29 80.54 320 94.82 320H160v-80c0-8.84 7.16-16 16-16h32c8.84 0 16 7.16 16 16v80h65.18c14.28 0 21.4 17.29 11.27 27.36zM377 105L279.1 7c-4.5-4.5-10.6-7-17-7H256v128h128v-6.1c0-6.3-2.5-12.4-7-16.9z\"><\/path><\/svg>\t\t\t<\/span>\n\t\t\t\t\t\t\t\t\t<span class=\"elementor-button-text\">Baixar<\/span>\n\t\t\t\t\t<\/span>\n\t\t\t\t\t<\/a>\n\t\t\t\t<\/div>\n\t\t\t\t\t\t\t\t<\/div>\n\t\t\t\t<\/div>\n\t\t\t\t\t<\/div>\n\t\t<\/div>\n\t\t\t\t<div class=\"elementor-column elementor-col-33 elementor-top-column elementor-element elementor-element-14d75f0\" data-id=\"14d75f0\" data-element_type=\"column\" data-e-type=\"column\">\n\t\t\t<div class=\"elementor-widget-wrap elementor-element-populated\">\n\t\t\t\t\t\t<div class=\"elementor-element elementor-element-876eeb3 elementor-widget elementor-widget-heading\" data-id=\"876eeb3\" data-element_type=\"widget\" data-e-type=\"widget\" data-widget_type=\"heading.default\">\n\t\t\t\t<div class=\"elementor-widget-container\">\n\t\t\t\t\t<h2 class=\"elementor-heading-title elementor-size-default\">Desenho para colorir de Dia das M\u00e3es<\/h2>\t\t\t\t<\/div>\n\t\t\t\t<\/div>\n\t\t\t\t<div class=\"elementor-element elementor-element-30a7d8f elementor-widget elementor-widget-image\" data-id=\"30a7d8f\" data-element_type=\"widget\" data-e-type=\"widget\" data-widget_type=\"image.default\">\n\t\t\t\t<div class=\"elementor-widget-container\">\n\t\t\t\t\t\t\t\t\t\t\t\t\t\t\t<img loading=\"lazy\" decoding=\"async\" width=\"621\" height=\"810\" src=\"https:\/\/www.coloredcaramel.com\/wp-content\/uploads\/2023\/04\/Mothers-Day_C.png\" class=\"attachment-medium_large size-medium_large wp-image-4500\" alt=\"\" srcset=\"https:\/\/www.coloredcaramel.com\/wp-content\/uploads\/2023\/04\/Mothers-Day_C.png 621w, https:\/\/www.coloredcaramel.com\/wp-content\/uploads\/2023\/04\/Mothers-Day_C-230x300.png 230w, https:\/\/www.coloredcaramel.com\/wp-content\/uploads\/2023\/04\/Mothers-Day_C-54x70.png 54w, https:\/\/www.coloredcaramel.com\/wp-content\/uploads\/2023\/04\/Mothers-Day_C-77x100.png 77w, https:\/\/www.coloredcaramel.com\/wp-content\/uploads\/2023\/04\/Mothers-Day_C-600x783.png 600w, https:\/\/www.coloredcaramel.com\/wp-content\/uploads\/2023\/04\/Mothers-Day_C-41x54.png 41w\" sizes=\"(max-width: 621px) 100vw, 621px\" \/>\t\t\t\t\t\t\t\t\t\t\t\t\t\t\t<\/div>\n\t\t\t\t<\/div>\n\t\t\t\t<div class=\"elementor-element elementor-element-3fac478 elementor-widget elementor-widget-text-editor\" data-id=\"3fac478\" data-element_type=\"widget\" data-e-type=\"widget\" data-widget_type=\"text-editor.default\">\n\t\t\t\t<div class=\"elementor-widget-container\">\n\t\t\t\t\t\t\t\t\t<p><span style=\"background-color: #f7f7f8;color: #374151;font-family: S\u00f6hne, ui-sans-serif, system-ui, -apple-system, &apos;Segoe UI&apos;, Roboto, Ubuntu, Cantarell, &apos;Noto Sans&apos;, sans-serif, &apos;Helvetica Neue&apos;, Arial, &apos;Apple Color Emoji&apos;, &apos;Segoe UI Emoji&apos;, &apos;Segoe UI Symbol&apos;, &apos;Noto Color Emoji&apos;;text-align: start;white-space: pre-wrap\">Comemore o Dia das M\u00e3es com este desenho para colorir encantador de unic\u00f3rnio! Deixe sua criatividade brilhar ao dar cores vibrantes a este desenho cheio de fantasia. Mostre para a sua m\u00e3e o quanto voc\u00ea a valoriza com este presente m\u00e1gico e cheio de carinho.<\/span><\/p>\t\t\t\t\t\t\t\t<\/div>\n\t\t\t\t<\/div>\n\t\t\t\t<div class=\"elementor-element elementor-element-5352435 elementor-align-center elementor-widget elementor-widget-button\" data-id=\"5352435\" data-element_type=\"widget\" data-e-type=\"widget\" data-widget_type=\"button.default\">\n\t\t\t\t<div class=\"elementor-widget-container\">\n\t\t\t\t\t\t\t\t\t<div class=\"elementor-button-wrapper\">\n\t\t\t\t\t<a class=\"elementor-button elementor-button-link elementor-size-lg\" href=\"https:\/\/www.coloredcaramel.com\/wp-content\/uploads\/2023\/04\/Colored-Caramel-Mothers-Day.pdf\" target=\"_blank\">\n\t\t\t\t\t\t<span class=\"elementor-button-content-wrapper\">\n\t\t\t\t\t\t<span class=\"elementor-button-icon\">\n\t\t\t\t<svg aria-hidden=\"true\" class=\"e-font-icon-svg e-fas-file-download\" viewBox=\"0 0 384 512\" xmlns=\"http:\/\/www.w3.org\/2000\/svg\"><path d=\"M224 136V0H24C10.7 0 0 10.7 0 24v464c0 13.3 10.7 24 24 24h336c13.3 0 24-10.7 24-24V160H248c-13.2 0-24-10.8-24-24zm76.45 211.36l-96.42 95.7c-6.65 6.61-17.39 6.61-24.04 0l-96.42-95.7C73.42 337.29 80.54 320 94.82 320H160v-80c0-8.84 7.16-16 16-16h32c8.84 0 16 7.16 16 16v80h65.18c14.28 0 21.4 17.29 11.27 27.36zM377 105L279.1 7c-4.5-4.5-10.6-7-17-7H256v128h128v-6.1c0-6.3-2.5-12.4-7-16.9z\"><\/path><\/svg>\t\t\t<\/span>\n\t\t\t\t\t\t\t\t\t<span class=\"elementor-button-text\">Baixar<\/span>\n\t\t\t\t\t<\/span>\n\t\t\t\t\t<\/a>\n\t\t\t\t<\/div>\n\t\t\t\t\t\t\t\t<\/div>\n\t\t\t\t<\/div>\n\t\t\t\t\t<\/div>\n\t\t<\/div>\n\t\t\t\t<div class=\"elementor-column elementor-col-33 elementor-top-column elementor-element elementor-element-4e7e051\" data-id=\"4e7e051\" data-element_type=\"column\" data-e-type=\"column\">\n\t\t\t<div class=\"elementor-widget-wrap elementor-element-populated\">\n\t\t\t\t\t\t<div class=\"elementor-element elementor-element-27bc876 elementor-widget elementor-widget-heading\" data-id=\"27bc876\" data-element_type=\"widget\" data-e-type=\"widget\" data-widget_type=\"heading.default\">\n\t\t\t\t<div class=\"elementor-widget-container\">\n\t\t\t\t\t<h2 class=\"elementor-heading-title elementor-size-default\">Desenho para colorir de Cinco de Mayo<\/h2>\t\t\t\t<\/div>\n\t\t\t\t<\/div>\n\t\t\t\t<div class=\"elementor-element elementor-element-01ba2ef elementor-widget__width-initial elementor-widget elementor-widget-image\" data-id=\"01ba2ef\" data-element_type=\"widget\" data-e-type=\"widget\" data-widget_type=\"image.default\">\n\t\t\t\t<div class=\"elementor-widget-container\">\n\t\t\t\t\t\t\t\t\t\t\t\t\t\t\t<img loading=\"lazy\" decoding=\"async\" width=\"621\" height=\"810\" src=\"https:\/\/www.coloredcaramel.com\/wp-content\/uploads\/2023\/05\/Cinco-De-Mayo_C.png\" class=\"attachment-medium_large size-medium_large wp-image-4554\" alt=\"\" srcset=\"https:\/\/www.coloredcaramel.com\/wp-content\/uploads\/2023\/05\/Cinco-De-Mayo_C.png 621w, https:\/\/www.coloredcaramel.com\/wp-content\/uploads\/2023\/05\/Cinco-De-Mayo_C-230x300.png 230w, https:\/\/www.coloredcaramel.com\/wp-content\/uploads\/2023\/05\/Cinco-De-Mayo_C-54x70.png 54w, https:\/\/www.coloredcaramel.com\/wp-content\/uploads\/2023\/05\/Cinco-De-Mayo_C-77x100.png 77w, https:\/\/www.coloredcaramel.com\/wp-content\/uploads\/2023\/05\/Cinco-De-Mayo_C-600x783.png 600w, https:\/\/www.coloredcaramel.com\/wp-content\/uploads\/2023\/05\/Cinco-De-Mayo_C-41x54.png 41w\" sizes=\"(max-width: 621px) 100vw, 621px\" \/>\t\t\t\t\t\t\t\t\t\t\t\t\t\t\t<\/div>\n\t\t\t\t<\/div>\n\t\t\t\t<div class=\"elementor-element elementor-element-69d053b elementor-widget elementor-widget-text-editor\" data-id=\"69d053b\" data-element_type=\"widget\" data-e-type=\"widget\" data-widget_type=\"text-editor.default\">\n\t\t\t\t<div class=\"elementor-widget-container\">\n\t\t\t\t\t\t\t\t\t<div style=\"text-align: start\"><span style=\"color: #374151;font-family: S\u00f6hne, ui-sans-serif, system-ui, -apple-system, Segoe UI, Roboto, Ubuntu, Cantarell, Noto Sans, sans-serif, Helvetica Neue, Arial, Apple Color Emoji, Segoe UI Emoji, Segoe UI Symbol, Noto Color Emoji\"><span style=\"white-space: pre-wrap;background-color: #f7f7f8\">\u00a0<\/span><\/span><\/div><div style=\"text-align: start\"><span style=\"color: #374151;font-family: S\u00f6hne, ui-sans-serif, system-ui, -apple-system, &apos;Segoe UI&apos;, Roboto, Ubuntu, Cantarell, &apos;Noto Sans&apos;, sans-serif, &apos;Helvetica Neue&apos;, Arial, &apos;Apple Color Emoji&apos;, &apos;Segoe UI Emoji&apos;, &apos;Segoe UI Symbol&apos;, &apos;Noto Color Emoji&apos;;background-color: var(--bb-body-background-color)\">Comemore o Cinco de Mayo com este desenho para colorir divertido e festivo, que traz um gnomo ador\u00e1vel de sombrero! Este desenho para colorir gratuito para imprimir \u00e9 perfeito para crian\u00e7as e adultos que querem dar um toque a mais de cor ao seu dia. Com detalhes minuciosos e um design divertido, este desenho vai manter voc\u00ea entretido e relaxado por horas. Ent\u00e3o, pegue seus l\u00e1pis de cor ou canetinhas e que comece a festa!<\/span><\/div>\t\t\t\t\t\t\t\t<\/div>\n\t\t\t\t<\/div>\n\t\t\t\t<div class=\"elementor-element elementor-element-335a192 elementor-align-center elementor-widget elementor-widget-button\" data-id=\"335a192\" data-element_type=\"widget\" data-e-type=\"widget\" data-widget_type=\"button.default\">\n\t\t\t\t<div class=\"elementor-widget-container\">\n\t\t\t\t\t\t\t\t\t<div class=\"elementor-button-wrapper\">\n\t\t\t\t\t<a class=\"elementor-button elementor-button-link elementor-size-lg\" href=\"https:\/\/www.coloredcaramel.com\/wp-content\/uploads\/2023\/05\/Cinco-de-Mayo-2023-Colored-Caramel.pdf\" target=\"_blank\">\n\t\t\t\t\t\t<span class=\"elementor-button-content-wrapper\">\n\t\t\t\t\t\t<span class=\"elementor-button-icon\">\n\t\t\t\t<svg aria-hidden=\"true\" class=\"e-font-icon-svg e-fas-file-download\" viewBox=\"0 0 384 512\" xmlns=\"http:\/\/www.w3.org\/2000\/svg\"><path d=\"M224 136V0H24C10.7 0 0 10.7 0 24v464c0 13.3 10.7 24 24 24h336c13.3 0 24-10.7 24-24V160H248c-13.2 0-24-10.8-24-24zm76.45 211.36l-96.42 95.7c-6.65 6.61-17.39 6.61-24.04 0l-96.42-95.7C73.42 337.29 80.54 320 94.82 320H160v-80c0-8.84 7.16-16 16-16h32c8.84 0 16 7.16 16 16v80h65.18c14.28 0 21.4 17.29 11.27 27.36zM377 105L279.1 7c-4.5-4.5-10.6-7-17-7H256v128h128v-6.1c0-6.3-2.5-12.4-7-16.9z\"><\/path><\/svg>\t\t\t<\/span>\n\t\t\t\t\t\t\t\t\t<span class=\"elementor-button-text\">Baixar<\/span>\n\t\t\t\t\t<\/span>\n\t\t\t\t\t<\/a>\n\t\t\t\t<\/div>\n\t\t\t\t\t\t\t\t<\/div>\n\t\t\t\t<\/div>\n\t\t\t\t\t<\/div>\n\t\t<\/div>\n\t\t\t\t\t<\/div>\n\t\t<\/section>\n\t\t\t\t<section class=\"elementor-section elementor-top-section elementor-element elementor-element-2f6758b elementor-section-full_width elementor-section-content-top elementor-section-height-default elementor-section-height-default\" data-id=\"2f6758b\" data-element_type=\"section\" data-e-type=\"section\">\n\t\t\t\t\t\t<div class=\"elementor-container elementor-column-gap-no\">\n\t\t\t\t\t<div class=\"elementor-column elementor-col-33 elementor-top-column elementor-element elementor-element-00d1695\" data-id=\"00d1695\" data-element_type=\"column\" data-e-type=\"column\">\n\t\t\t<div class=\"elementor-widget-wrap elementor-element-populated\">\n\t\t\t\t\t\t<div class=\"elementor-element elementor-element-b93d792 elementor-widget elementor-widget-heading\" data-id=\"b93d792\" data-element_type=\"widget\" data-e-type=\"widget\" data-widget_type=\"heading.default\">\n\t\t\t\t<div class=\"elementor-widget-container\">\n\t\t\t\t\t<h2 class=\"elementor-heading-title elementor-size-default\">Dia dos Pais \nDesenho para colorir<\/h2>\t\t\t\t<\/div>\n\t\t\t\t<\/div>\n\t\t\t\t<div class=\"elementor-element elementor-element-dfdf80c elementor-widget elementor-widget-image\" data-id=\"dfdf80c\" data-element_type=\"widget\" data-e-type=\"widget\" data-widget_type=\"image.default\">\n\t\t\t\t<div class=\"elementor-widget-container\">\n\t\t\t\t\t\t\t\t\t\t\t\t\t\t\t<img loading=\"lazy\" decoding=\"async\" width=\"621\" height=\"810\" src=\"https:\/\/www.coloredcaramel.com\/wp-content\/uploads\/2023\/06\/Fathers-Day_C.png\" class=\"attachment-medium_large size-medium_large wp-image-4878\" alt=\"\" srcset=\"https:\/\/www.coloredcaramel.com\/wp-content\/uploads\/2023\/06\/Fathers-Day_C.png 621w, https:\/\/www.coloredcaramel.com\/wp-content\/uploads\/2023\/06\/Fathers-Day_C-230x300.png 230w, https:\/\/www.coloredcaramel.com\/wp-content\/uploads\/2023\/06\/Fathers-Day_C-54x70.png 54w, https:\/\/www.coloredcaramel.com\/wp-content\/uploads\/2023\/06\/Fathers-Day_C-77x100.png 77w, https:\/\/www.coloredcaramel.com\/wp-content\/uploads\/2023\/06\/Fathers-Day_C-600x783.png 600w, https:\/\/www.coloredcaramel.com\/wp-content\/uploads\/2023\/06\/Fathers-Day_C-41x54.png 41w\" sizes=\"(max-width: 621px) 100vw, 621px\" \/>\t\t\t\t\t\t\t\t\t\t\t\t\t\t\t<\/div>\n\t\t\t\t<\/div>\n\t\t\t\t<div class=\"elementor-element elementor-element-7887003 elementor-widget elementor-widget-text-editor\" data-id=\"7887003\" data-element_type=\"widget\" data-e-type=\"widget\" data-widget_type=\"text-editor.default\">\n\t\t\t\t<div class=\"elementor-widget-container\">\n\t\t\t\t\t\t\t\t\t<div><div><div><div><div><div><p><span style=\"background-color: #f7f7f8;color: #374151;font-family: S\u00f6hne, ui-sans-serif, system-ui, -apple-system, &apos;Segoe UI&apos;, Roboto, Ubuntu, Cantarell, &apos;Noto Sans&apos;, sans-serif, &apos;Helvetica Neue&apos;, Arial, &apos;Apple Color Emoji&apos;, &apos;Segoe UI Emoji&apos;, &apos;Segoe UI Symbol&apos;, &apos;Noto Color Emoji&apos;;text-align: start\">Prepare-se para deixar o dia do papai ainda mais gnomo-t\u00e1stico com este desenho para colorir gratuito! Use as cores que voc\u00ea mais gosta e pinte este gnomo super legal para cri<\/span><span style=\"background-color: #f7f7f8;color: #374151;font-family: S\u00f6hne, ui-sans-serif, system-ui, -apple-system, &apos;Segoe UI&apos;, Roboto, Ubuntu, Cantarell, &apos;Noto Sans&apos;, sans-serif, &apos;Helvetica Neue&apos;, Arial, &apos;Apple Color Emoji&apos;, &apos;Segoe UI Emoji&apos;, &apos;Segoe UI Symbol&apos;, &apos;Noto Color Emoji&apos;;text-align: start\">ar um presente cheio de carinho e personalizado!<\/span><\/p><\/div><\/div><\/div><\/div><\/div><\/div>\t\t\t\t\t\t\t\t<\/div>\n\t\t\t\t<\/div>\n\t\t\t\t<div class=\"elementor-element elementor-element-24ada50 elementor-align-center elementor-widget elementor-widget-button\" data-id=\"24ada50\" data-element_type=\"widget\" data-e-type=\"widget\" data-widget_type=\"button.default\">\n\t\t\t\t<div class=\"elementor-widget-container\">\n\t\t\t\t\t\t\t\t\t<div class=\"elementor-button-wrapper\">\n\t\t\t\t\t<a class=\"elementor-button elementor-button-link elementor-size-lg\" href=\"https:\/\/www.coloredcaramel.com\/wp-content\/uploads\/2023\/06\/Colored-Caramel-Fathers-Day.pdf\" target=\"_blank\">\n\t\t\t\t\t\t<span class=\"elementor-button-content-wrapper\">\n\t\t\t\t\t\t<span class=\"elementor-button-icon\">\n\t\t\t\t<svg aria-hidden=\"true\" class=\"e-font-icon-svg e-fas-file-download\" viewBox=\"0 0 384 512\" xmlns=\"http:\/\/www.w3.org\/2000\/svg\"><path d=\"M224 136V0H24C10.7 0 0 10.7 0 24v464c0 13.3 10.7 24 24 24h336c13.3 0 24-10.7 24-24V160H248c-13.2 0-24-10.8-24-24zm76.45 211.36l-96.42 95.7c-6.65 6.61-17.39 6.61-24.04 0l-96.42-95.7C73.42 337.29 80.54 320 94.82 320H160v-80c0-8.84 7.16-16 16-16h32c8.84 0 16 7.16 16 16v80h65.18c14.28 0 21.4 17.29 11.27 27.36zM377 105L279.1 7c-4.5-4.5-10.6-7-17-7H256v128h128v-6.1c0-6.3-2.5-12.4-7-16.9z\"><\/path><\/svg>\t\t\t<\/span>\n\t\t\t\t\t\t\t\t\t<span class=\"elementor-button-text\">Baixar<\/span>\n\t\t\t\t\t<\/span>\n\t\t\t\t\t<\/a>\n\t\t\t\t<\/div>\n\t\t\t\t\t\t\t\t<\/div>\n\t\t\t\t<\/div>\n\t\t\t\t\t<\/div>\n\t\t<\/div>\n\t\t\t\t<div class=\"elementor-column elementor-col-33 elementor-top-column elementor-element elementor-element-1910ca8\" data-id=\"1910ca8\" data-element_type=\"column\" data-e-type=\"column\">\n\t\t\t<div class=\"elementor-widget-wrap elementor-element-populated\">\n\t\t\t\t\t\t<div class=\"elementor-element elementor-element-6386ffd elementor-widget elementor-widget-heading\" data-id=\"6386ffd\" data-element_type=\"widget\" data-e-type=\"widget\" data-widget_type=\"heading.default\">\n\t\t\t\t<div class=\"elementor-widget-container\">\n\t\t\t\t\t<h2 class=\"elementor-heading-title elementor-size-default\">Desenho para colorir Ol\u00e1, ver\u00e3o<\/h2>\t\t\t\t<\/div>\n\t\t\t\t<\/div>\n\t\t\t\t<div class=\"elementor-element elementor-element-9401d76 elementor-widget elementor-widget-image\" data-id=\"9401d76\" data-element_type=\"widget\" data-e-type=\"widget\" data-widget_type=\"image.default\">\n\t\t\t\t<div class=\"elementor-widget-container\">\n\t\t\t\t\t\t\t\t\t\t\t\t\t\t\t<img loading=\"lazy\" decoding=\"async\" width=\"621\" height=\"810\" src=\"https:\/\/www.coloredcaramel.com\/wp-content\/uploads\/2023\/06\/Summer_C.png\" class=\"attachment-medium_large size-medium_large wp-image-6301\" alt=\"\" srcset=\"https:\/\/www.coloredcaramel.com\/wp-content\/uploads\/2023\/06\/Summer_C.png 621w, https:\/\/www.coloredcaramel.com\/wp-content\/uploads\/2023\/06\/Summer_C-41x54.png 41w, https:\/\/www.coloredcaramel.com\/wp-content\/uploads\/2023\/06\/Summer_C-600x783.png 600w, https:\/\/www.coloredcaramel.com\/wp-content\/uploads\/2023\/06\/Summer_C-230x300.png 230w, https:\/\/www.coloredcaramel.com\/wp-content\/uploads\/2023\/06\/Summer_C-54x70.png 54w, https:\/\/www.coloredcaramel.com\/wp-content\/uploads\/2023\/06\/Summer_C-77x100.png 77w\" sizes=\"(max-width: 621px) 100vw, 621px\" \/>\t\t\t\t\t\t\t\t\t\t\t\t\t\t\t<\/div>\n\t\t\t\t<\/div>\n\t\t\t\t<div class=\"elementor-element elementor-element-d954012 elementor-widget elementor-widget-text-editor\" data-id=\"d954012\" data-element_type=\"widget\" data-e-type=\"widget\" data-widget_type=\"text-editor.default\">\n\t\t\t\t<div class=\"elementor-widget-container\">\n\t\t\t\t\t\t\t\t\t<p>D\u00ea as boas-vindas ao ver\u00e3o com o nosso encantador desenho de gnomos para colorir! Deixe esses amiguinhos fofos trazerem um toque de magia e alegria para os seus momentos de colorir no ver\u00e3o. Baixe gr\u00e1tis e deixe a criatividade florescer!<\/p>\t\t\t\t\t\t\t\t<\/div>\n\t\t\t\t<\/div>\n\t\t\t\t<div class=\"elementor-element elementor-element-51196c5 elementor-align-center elementor-widget elementor-widget-button\" data-id=\"51196c5\" data-element_type=\"widget\" data-e-type=\"widget\" data-widget_type=\"button.default\">\n\t\t\t\t<div class=\"elementor-widget-container\">\n\t\t\t\t\t\t\t\t\t<div class=\"elementor-button-wrapper\">\n\t\t\t\t\t<a class=\"elementor-button elementor-button-link elementor-size-lg\" href=\"https:\/\/www.coloredcaramel.com\/wp-content\/uploads\/2023\/06\/Colored-Caramel-Welcome-Summer.pdf\" target=\"_blank\">\n\t\t\t\t\t\t<span class=\"elementor-button-content-wrapper\">\n\t\t\t\t\t\t<span class=\"elementor-button-icon\">\n\t\t\t\t<svg aria-hidden=\"true\" class=\"e-font-icon-svg e-fas-file-download\" viewBox=\"0 0 384 512\" xmlns=\"http:\/\/www.w3.org\/2000\/svg\"><path d=\"M224 136V0H24C10.7 0 0 10.7 0 24v464c0 13.3 10.7 24 24 24h336c13.3 0 24-10.7 24-24V160H248c-13.2 0-24-10.8-24-24zm76.45 211.36l-96.42 95.7c-6.65 6.61-17.39 6.61-24.04 0l-96.42-95.7C73.42 337.29 80.54 320 94.82 320H160v-80c0-8.84 7.16-16 16-16h32c8.84 0 16 7.16 16 16v80h65.18c14.28 0 21.4 17.29 11.27 27.36zM377 105L279.1 7c-4.5-4.5-10.6-7-17-7H256v128h128v-6.1c0-6.3-2.5-12.4-7-16.9z\"><\/path><\/svg>\t\t\t<\/span>\n\t\t\t\t\t\t\t\t\t<span class=\"elementor-button-text\">Baixar<\/span>\n\t\t\t\t\t<\/span>\n\t\t\t\t\t<\/a>\n\t\t\t\t<\/div>\n\t\t\t\t\t\t\t\t<\/div>\n\t\t\t\t<\/div>\n\t\t\t\t\t<\/div>\n\t\t<\/div>\n\t\t\t\t<div class=\"elementor-column elementor-col-33 elementor-top-column elementor-element elementor-element-fb037fd\" data-id=\"fb037fd\" data-element_type=\"column\" data-e-type=\"column\">\n\t\t\t<div class=\"elementor-widget-wrap elementor-element-populated\">\n\t\t\t\t\t\t<div class=\"elementor-element elementor-element-ff8c39d elementor-widget elementor-widget-heading\" data-id=\"ff8c39d\" data-element_type=\"widget\" data-e-type=\"widget\" data-widget_type=\"heading.default\">\n\t\t\t\t<div class=\"elementor-widget-container\">\n\t\t\t\t\t<h2 class=\"elementor-heading-title elementor-size-default\">4 de julho\nDesenho para colorir<\/h2>\t\t\t\t<\/div>\n\t\t\t\t<\/div>\n\t\t\t\t<div class=\"elementor-element elementor-element-160f19e elementor-widget elementor-widget-image\" data-id=\"160f19e\" data-element_type=\"widget\" data-e-type=\"widget\" data-widget_type=\"image.default\">\n\t\t\t\t<div class=\"elementor-widget-container\">\n\t\t\t\t\t\t\t\t\t\t\t\t\t\t\t<img loading=\"lazy\" decoding=\"async\" width=\"621\" height=\"810\" src=\"https:\/\/www.coloredcaramel.com\/wp-content\/uploads\/2023\/07\/4th-of-July_C.png\" class=\"attachment-medium_large size-medium_large wp-image-6320\" alt=\"\" srcset=\"https:\/\/www.coloredcaramel.com\/wp-content\/uploads\/2023\/07\/4th-of-July_C.png 621w, https:\/\/www.coloredcaramel.com\/wp-content\/uploads\/2023\/07\/4th-of-July_C-41x54.png 41w, https:\/\/www.coloredcaramel.com\/wp-content\/uploads\/2023\/07\/4th-of-July_C-600x783.png 600w, https:\/\/www.coloredcaramel.com\/wp-content\/uploads\/2023\/07\/4th-of-July_C-230x300.png 230w, https:\/\/www.coloredcaramel.com\/wp-content\/uploads\/2023\/07\/4th-of-July_C-54x70.png 54w, https:\/\/www.coloredcaramel.com\/wp-content\/uploads\/2023\/07\/4th-of-July_C-77x100.png 77w\" sizes=\"(max-width: 621px) 100vw, 621px\" \/>\t\t\t\t\t\t\t\t\t\t\t\t\t\t\t<\/div>\n\t\t\t\t<\/div>\n\t\t\t\t<div class=\"elementor-element elementor-element-07dc054 elementor-widget elementor-widget-text-editor\" data-id=\"07dc054\" data-element_type=\"widget\" data-e-type=\"widget\" data-widget_type=\"text-editor.default\">\n\t\t\t\t<div class=\"elementor-widget-container\">\n\t\t\t\t\t\t\t\t\t<p>Comemore o 4 de julho em grande estilo com o nosso desenho kawaii para colorir! Deixe esses personagens fofos levarem uma explos\u00e3o de cor para a sua festa.<\/p>\t\t\t\t\t\t\t\t<\/div>\n\t\t\t\t<\/div>\n\t\t\t\t<div class=\"elementor-element elementor-element-ee49dae elementor-align-center elementor-widget elementor-widget-button\" data-id=\"ee49dae\" data-element_type=\"widget\" data-e-type=\"widget\" data-widget_type=\"button.default\">\n\t\t\t\t<div class=\"elementor-widget-container\">\n\t\t\t\t\t\t\t\t\t<div class=\"elementor-button-wrapper\">\n\t\t\t\t\t<a class=\"elementor-button elementor-button-link elementor-size-lg\" href=\"https:\/\/www.coloredcaramel.com\/wp-content\/uploads\/2023\/07\/Colored-Caramel-Happy-4th-of-July.pdf\" target=\"_blank\">\n\t\t\t\t\t\t<span class=\"elementor-button-content-wrapper\">\n\t\t\t\t\t\t<span class=\"elementor-button-icon\">\n\t\t\t\t<svg aria-hidden=\"true\" class=\"e-font-icon-svg e-fas-file-download\" viewBox=\"0 0 384 512\" xmlns=\"http:\/\/www.w3.org\/2000\/svg\"><path d=\"M224 136V0H24C10.7 0 0 10.7 0 24v464c0 13.3 10.7 24 24 24h336c13.3 0 24-10.7 24-24V160H248c-13.2 0-24-10.8-24-24zm76.45 211.36l-96.42 95.7c-6.65 6.61-17.39 6.61-24.04 0l-96.42-95.7C73.42 337.29 80.54 320 94.82 320H160v-80c0-8.84 7.16-16 16-16h32c8.84 0 16 7.16 16 16v80h65.18c14.28 0 21.4 17.29 11.27 27.36zM377 105L279.1 7c-4.5-4.5-10.6-7-17-7H256v128h128v-6.1c0-6.3-2.5-12.4-7-16.9z\"><\/path><\/svg>\t\t\t<\/span>\n\t\t\t\t\t\t\t\t\t<span class=\"elementor-button-text\">Baixar<\/span>\n\t\t\t\t\t<\/span>\n\t\t\t\t\t<\/a>\n\t\t\t\t<\/div>\n\t\t\t\t\t\t\t\t<\/div>\n\t\t\t\t<\/div>\n\t\t\t\t\t<\/div>\n\t\t<\/div>\n\t\t\t\t\t<\/div>\n\t\t<\/section>\n\t\t\t\t<section class=\"elementor-section elementor-top-section elementor-element elementor-element-2b62c1a elementor-section-full_width elementor-section-content-top elementor-section-height-default elementor-section-height-default\" data-id=\"2b62c1a\" data-element_type=\"section\" data-e-type=\"section\">\n\t\t\t\t\t\t<div class=\"elementor-container elementor-column-gap-no\">\n\t\t\t\t\t<div class=\"elementor-column elementor-col-33 elementor-top-column elementor-element elementor-element-a77fc92\" data-id=\"a77fc92\" data-element_type=\"column\" data-e-type=\"column\">\n\t\t\t<div class=\"elementor-widget-wrap elementor-element-populated\">\n\t\t\t\t\t\t<div class=\"elementor-element elementor-element-a9596a4 elementor-widget elementor-widget-heading\" data-id=\"a9596a4\" data-element_type=\"widget\" data-e-type=\"widget\" data-widget_type=\"heading.default\">\n\t\t\t\t<div class=\"elementor-widget-container\">\n\t\t\t\t\t<h2 class=\"elementor-heading-title elementor-size-default\">Desenho para colorir Obrigado pelos 400 seguidores<\/h2>\t\t\t\t<\/div>\n\t\t\t\t<\/div>\n\t\t\t\t<div class=\"elementor-element elementor-element-a8c1014 elementor-widget elementor-widget-image\" data-id=\"a8c1014\" data-element_type=\"widget\" data-e-type=\"widget\" data-widget_type=\"image.default\">\n\t\t\t\t<div class=\"elementor-widget-container\">\n\t\t\t\t\t\t\t\t\t\t\t\t\t\t\t<img loading=\"lazy\" decoding=\"async\" width=\"621\" height=\"810\" src=\"https:\/\/www.coloredcaramel.com\/wp-content\/uploads\/2023\/07\/Kawaii-Gnome-Coloring-Page_C.png\" class=\"attachment-medium_large size-medium_large wp-image-6352\" alt=\"\" srcset=\"https:\/\/www.coloredcaramel.com\/wp-content\/uploads\/2023\/07\/Kawaii-Gnome-Coloring-Page_C.png 621w, https:\/\/www.coloredcaramel.com\/wp-content\/uploads\/2023\/07\/Kawaii-Gnome-Coloring-Page_C-41x54.png 41w, https:\/\/www.coloredcaramel.com\/wp-content\/uploads\/2023\/07\/Kawaii-Gnome-Coloring-Page_C-600x783.png 600w, https:\/\/www.coloredcaramel.com\/wp-content\/uploads\/2023\/07\/Kawaii-Gnome-Coloring-Page_C-230x300.png 230w, https:\/\/www.coloredcaramel.com\/wp-content\/uploads\/2023\/07\/Kawaii-Gnome-Coloring-Page_C-54x70.png 54w, https:\/\/www.coloredcaramel.com\/wp-content\/uploads\/2023\/07\/Kawaii-Gnome-Coloring-Page_C-77x100.png 77w\" sizes=\"(max-width: 621px) 100vw, 621px\" \/>\t\t\t\t\t\t\t\t\t\t\t\t\t\t\t<\/div>\n\t\t\t\t<\/div>\n\t\t\t\t<div class=\"elementor-element elementor-element-300f326 elementor-widget elementor-widget-text-editor\" data-id=\"300f326\" data-element_type=\"widget\" data-e-type=\"widget\" data-widget_type=\"text-editor.default\">\n\t\t\t\t<div class=\"elementor-widget-container\">\n\t\t\t\t\t\t\t\t\t<p>Somos muito gratos por 400 seguidores incr\u00edveis! Como um grande \u201cobrigado\u201d, preparamos este ador\u00e1vel desenho de gnomo para colorir, para espalhar alegria e criatividade. O seu apoio significa o mundo para n\u00f3s! Vamos colorir juntos e continuar essa jornada cheia de cores!<\/p>\t\t\t\t\t\t\t\t<\/div>\n\t\t\t\t<\/div>\n\t\t\t\t<div class=\"elementor-element elementor-element-97320e2 elementor-align-center elementor-widget elementor-widget-button\" data-id=\"97320e2\" data-element_type=\"widget\" data-e-type=\"widget\" data-widget_type=\"button.default\">\n\t\t\t\t<div class=\"elementor-widget-container\">\n\t\t\t\t\t\t\t\t\t<div class=\"elementor-button-wrapper\">\n\t\t\t\t\t<a class=\"elementor-button elementor-button-link elementor-size-lg\" href=\"https:\/\/www.coloredcaramel.com\/wp-content\/uploads\/2023\/07\/Thank-You-Gnome-by-Colored-Caramel.pdf\" target=\"_blank\">\n\t\t\t\t\t\t<span class=\"elementor-button-content-wrapper\">\n\t\t\t\t\t\t<span class=\"elementor-button-icon\">\n\t\t\t\t<svg aria-hidden=\"true\" class=\"e-font-icon-svg e-fas-file-download\" viewBox=\"0 0 384 512\" xmlns=\"http:\/\/www.w3.org\/2000\/svg\"><path d=\"M224 136V0H24C10.7 0 0 10.7 0 24v464c0 13.3 10.7 24 24 24h336c13.3 0 24-10.7 24-24V160H248c-13.2 0-24-10.8-24-24zm76.45 211.36l-96.42 95.7c-6.65 6.61-17.39 6.61-24.04 0l-96.42-95.7C73.42 337.29 80.54 320 94.82 320H160v-80c0-8.84 7.16-16 16-16h32c8.84 0 16 7.16 16 16v80h65.18c14.28 0 21.4 17.29 11.27 27.36zM377 105L279.1 7c-4.5-4.5-10.6-7-17-7H256v128h128v-6.1c0-6.3-2.5-12.4-7-16.9z\"><\/path><\/svg>\t\t\t<\/span>\n\t\t\t\t\t\t\t\t\t<span class=\"elementor-button-text\">Baixar<\/span>\n\t\t\t\t\t<\/span>\n\t\t\t\t\t<\/a>\n\t\t\t\t<\/div>\n\t\t\t\t\t\t\t\t<\/div>\n\t\t\t\t<\/div>\n\t\t\t\t\t<\/div>\n\t\t<\/div>\n\t\t\t\t<div class=\"elementor-column elementor-col-33 elementor-top-column elementor-element elementor-element-b937908\" data-id=\"b937908\" data-element_type=\"column\" data-e-type=\"column\">\n\t\t\t<div class=\"elementor-widget-wrap elementor-element-populated\">\n\t\t\t\t\t\t<div class=\"elementor-element elementor-element-56c567a elementor-widget elementor-widget-heading\" data-id=\"56c567a\" data-element_type=\"widget\" data-e-type=\"widget\" data-widget_type=\"heading.default\">\n\t\t\t\t<div class=\"elementor-widget-container\">\n\t\t\t\t\t<h2 class=\"elementor-heading-title elementor-size-default\">Desenho para colorir do Dia Internacional da Amizade<\/h2>\t\t\t\t<\/div>\n\t\t\t\t<\/div>\n\t\t\t\t<div class=\"elementor-element elementor-element-746bfa3 elementor-widget elementor-widget-image\" data-id=\"746bfa3\" data-element_type=\"widget\" data-e-type=\"widget\" data-widget_type=\"image.default\">\n\t\t\t\t<div class=\"elementor-widget-container\">\n\t\t\t\t\t\t\t\t\t\t\t\t\t\t\t<img loading=\"lazy\" decoding=\"async\" width=\"621\" height=\"810\" src=\"https:\/\/www.coloredcaramel.com\/wp-content\/uploads\/2023\/07\/Best-friends-Gnomes-Free-Coloring-page-BW.png\" class=\"attachment-medium_large size-medium_large wp-image-6388\" alt=\"\" srcset=\"https:\/\/www.coloredcaramel.com\/wp-content\/uploads\/2023\/07\/Best-friends-Gnomes-Free-Coloring-page-BW.png 621w, https:\/\/www.coloredcaramel.com\/wp-content\/uploads\/2023\/07\/Best-friends-Gnomes-Free-Coloring-page-BW-41x54.png 41w, https:\/\/www.coloredcaramel.com\/wp-content\/uploads\/2023\/07\/Best-friends-Gnomes-Free-Coloring-page-BW-600x783.png 600w, https:\/\/www.coloredcaramel.com\/wp-content\/uploads\/2023\/07\/Best-friends-Gnomes-Free-Coloring-page-BW-230x300.png 230w, https:\/\/www.coloredcaramel.com\/wp-content\/uploads\/2023\/07\/Best-friends-Gnomes-Free-Coloring-page-BW-54x70.png 54w, https:\/\/www.coloredcaramel.com\/wp-content\/uploads\/2023\/07\/Best-friends-Gnomes-Free-Coloring-page-BW-77x100.png 77w\" sizes=\"(max-width: 621px) 100vw, 621px\" \/>\t\t\t\t\t\t\t\t\t\t\t\t\t\t\t<\/div>\n\t\t\t\t<\/div>\n\t\t\t\t<div class=\"elementor-element elementor-element-0659bb4 elementor-widget elementor-widget-text-editor\" data-id=\"0659bb4\" data-element_type=\"widget\" data-e-type=\"widget\" data-widget_type=\"text-editor.default\">\n\t\t\t\t<div class=\"elementor-widget-container\">\n\t\t\t\t\t\t\t\t\t<p>Comemore o Dia Internacional da Amizade com o nosso desenho de gnomo para colorir que aquece o cora\u00e7\u00e3o! Entre no clima do amor enquanto esses gnomos fofos nos lembram da beleza da amizade verdadeira. Compartilhe amor, risadas e cores com seus gnomies! <\/p>\t\t\t\t\t\t\t\t<\/div>\n\t\t\t\t<\/div>\n\t\t\t\t<div class=\"elementor-element elementor-element-0d04221 elementor-align-center elementor-widget elementor-widget-button\" data-id=\"0d04221\" data-element_type=\"widget\" data-e-type=\"widget\" data-widget_type=\"button.default\">\n\t\t\t\t<div class=\"elementor-widget-container\">\n\t\t\t\t\t\t\t\t\t<div class=\"elementor-button-wrapper\">\n\t\t\t\t\t<a class=\"elementor-button elementor-button-link elementor-size-lg\" href=\"https:\/\/www.coloredcaramel.com\/wp-content\/uploads\/2023\/07\/Best-Friends-Gnome-Matter-What-by-Colored-Caramel.pdf\" target=\"_blank\">\n\t\t\t\t\t\t<span class=\"elementor-button-content-wrapper\">\n\t\t\t\t\t\t<span class=\"elementor-button-icon\">\n\t\t\t\t<svg aria-hidden=\"true\" class=\"e-font-icon-svg e-fas-file-download\" viewBox=\"0 0 384 512\" xmlns=\"http:\/\/www.w3.org\/2000\/svg\"><path d=\"M224 136V0H24C10.7 0 0 10.7 0 24v464c0 13.3 10.7 24 24 24h336c13.3 0 24-10.7 24-24V160H248c-13.2 0-24-10.8-24-24zm76.45 211.36l-96.42 95.7c-6.65 6.61-17.39 6.61-24.04 0l-96.42-95.7C73.42 337.29 80.54 320 94.82 320H160v-80c0-8.84 7.16-16 16-16h32c8.84 0 16 7.16 16 16v80h65.18c14.28 0 21.4 17.29 11.27 27.36zM377 105L279.1 7c-4.5-4.5-10.6-7-17-7H256v128h128v-6.1c0-6.3-2.5-12.4-7-16.9z\"><\/path><\/svg>\t\t\t<\/span>\n\t\t\t\t\t\t\t\t\t<span class=\"elementor-button-text\">Baixar<\/span>\n\t\t\t\t\t<\/span>\n\t\t\t\t\t<\/a>\n\t\t\t\t<\/div>\n\t\t\t\t\t\t\t\t<\/div>\n\t\t\t\t<\/div>\n\t\t\t\t\t<\/div>\n\t\t<\/div>\n\t\t\t\t<div class=\"elementor-column elementor-col-33 elementor-top-column elementor-element elementor-element-466e3ef\" data-id=\"466e3ef\" data-element_type=\"column\" data-e-type=\"column\">\n\t\t\t<div class=\"elementor-widget-wrap elementor-element-populated\">\n\t\t\t\t\t\t<div class=\"elementor-element elementor-element-1e9b051 elementor-widget elementor-widget-heading\" data-id=\"1e9b051\" data-element_type=\"widget\" data-e-type=\"widget\" data-widget_type=\"heading.default\">\n\t\t\t\t<div class=\"elementor-widget-container\">\n\t\t\t\t\t<h2 class=\"elementor-heading-title elementor-size-default\">Volta \u00e0s aulas \nDesenho para colorir <\/h2>\t\t\t\t<\/div>\n\t\t\t\t<\/div>\n\t\t\t\t<div class=\"elementor-element elementor-element-eef4d4a elementor-widget elementor-widget-image\" data-id=\"eef4d4a\" data-element_type=\"widget\" data-e-type=\"widget\" data-widget_type=\"image.default\">\n\t\t\t\t<div class=\"elementor-widget-container\">\n\t\t\t\t\t\t\t\t\t\t\t\t\t\t\t<img loading=\"lazy\" decoding=\"async\" width=\"621\" height=\"810\" src=\"https:\/\/www.coloredcaramel.com\/wp-content\/uploads\/2023\/08\/AUGUST-Coloring-Page_8.5x11-02.png\" class=\"attachment-medium_large size-medium_large wp-image-6626\" alt=\"\" srcset=\"https:\/\/www.coloredcaramel.com\/wp-content\/uploads\/2023\/08\/AUGUST-Coloring-Page_8.5x11-02.png 621w, https:\/\/www.coloredcaramel.com\/wp-content\/uploads\/2023\/08\/AUGUST-Coloring-Page_8.5x11-02-41x54.png 41w, https:\/\/www.coloredcaramel.com\/wp-content\/uploads\/2023\/08\/AUGUST-Coloring-Page_8.5x11-02-600x783.png 600w, https:\/\/www.coloredcaramel.com\/wp-content\/uploads\/2023\/08\/AUGUST-Coloring-Page_8.5x11-02-230x300.png 230w, https:\/\/www.coloredcaramel.com\/wp-content\/uploads\/2023\/08\/AUGUST-Coloring-Page_8.5x11-02-54x70.png 54w, https:\/\/www.coloredcaramel.com\/wp-content\/uploads\/2023\/08\/AUGUST-Coloring-Page_8.5x11-02-77x100.png 77w\" sizes=\"(max-width: 621px) 100vw, 621px\" \/>\t\t\t\t\t\t\t\t\t\t\t\t\t\t\t<\/div>\n\t\t\t\t<\/div>\n\t\t\t\t<div class=\"elementor-element elementor-element-48fdad7 elementor-widget elementor-widget-text-editor\" data-id=\"48fdad7\" data-element_type=\"widget\" data-e-type=\"widget\" data-widget_type=\"text-editor.default\">\n\t\t\t\t<div class=\"elementor-widget-container\">\n\t\t\t\t\t\t\t\t\t<p><span style=\"color: #374151;font-family: S\u00f6hne, ui-sans-serif, system-ui, -apple-system, &apos;Segoe UI&apos;, Roboto, Ubuntu, Cantarell, &apos;Noto Sans&apos;, sans-serif, &apos;Helvetica Neue&apos;, Arial, &apos;Apple Color Emoji&apos;, &apos;Segoe UI Emoji&apos;, &apos;Segoe UI Symbol&apos;, &apos;Noto Color Emoji&apos;;text-align: start;background-color: #f7f7f8\">D\u00ea um toque especial \u00e0 sua volta \u00e0s aulas com o nosso desenho para colorir kawaii GR\u00c1TIS! Perfeito para estudantes que est\u00e3o se preparando para a nova aventura acad\u00eamica ou para quem busca um momento criativo e divertido. Baixe agora e deixe a terapia de colorir come\u00e7ar!<\/span><\/p>\t\t\t\t\t\t\t\t<\/div>\n\t\t\t\t<\/div>\n\t\t\t\t<div class=\"elementor-element elementor-element-134443a elementor-align-center elementor-widget elementor-widget-button\" data-id=\"134443a\" data-element_type=\"widget\" data-e-type=\"widget\" data-widget_type=\"button.default\">\n\t\t\t\t<div class=\"elementor-widget-container\">\n\t\t\t\t\t\t\t\t\t<div class=\"elementor-button-wrapper\">\n\t\t\t\t\t<a class=\"elementor-button elementor-button-link elementor-size-lg\" href=\"https:\/\/www.coloredcaramel.com\/wp-content\/uploads\/2023\/08\/AUGUST-Coloring-Page-Colored-Caramel.pdf\" target=\"_blank\">\n\t\t\t\t\t\t<span class=\"elementor-button-content-wrapper\">\n\t\t\t\t\t\t<span class=\"elementor-button-icon\">\n\t\t\t\t<svg aria-hidden=\"true\" class=\"e-font-icon-svg e-fas-file-download\" viewBox=\"0 0 384 512\" xmlns=\"http:\/\/www.w3.org\/2000\/svg\"><path d=\"M224 136V0H24C10.7 0 0 10.7 0 24v464c0 13.3 10.7 24 24 24h336c13.3 0 24-10.7 24-24V160H248c-13.2 0-24-10.8-24-24zm76.45 211.36l-96.42 95.7c-6.65 6.61-17.39 6.61-24.04 0l-96.42-95.7C73.42 337.29 80.54 320 94.82 320H160v-80c0-8.84 7.16-16 16-16h32c8.84 0 16 7.16 16 16v80h65.18c14.28 0 21.4 17.29 11.27 27.36zM377 105L279.1 7c-4.5-4.5-10.6-7-17-7H256v128h128v-6.1c0-6.3-2.5-12.4-7-16.9z\"><\/path><\/svg>\t\t\t<\/span>\n\t\t\t\t\t\t\t\t\t<span class=\"elementor-button-text\">Baixar<\/span>\n\t\t\t\t\t<\/span>\n\t\t\t\t\t<\/a>\n\t\t\t\t<\/div>\n\t\t\t\t\t\t\t\t<\/div>\n\t\t\t\t<\/div>\n\t\t\t\t\t<\/div>\n\t\t<\/div>\n\t\t\t\t\t<\/div>\n\t\t<\/section>\n\t\t\t\t<section class=\"elementor-section elementor-top-section elementor-element elementor-element-8599457 elementor-section-full_width elementor-section-content-top elementor-section-height-default elementor-section-height-default\" data-id=\"8599457\" data-element_type=\"section\" data-e-type=\"section\">\n\t\t\t\t\t\t<div class=\"elementor-container elementor-column-gap-no\">\n\t\t\t\t\t<div class=\"elementor-column elementor-col-33 elementor-top-column elementor-element elementor-element-8a30bb0\" data-id=\"8a30bb0\" data-element_type=\"column\" data-e-type=\"column\">\n\t\t\t<div class=\"elementor-widget-wrap elementor-element-populated\">\n\t\t\t\t\t\t<div class=\"elementor-element elementor-element-46007a9 elementor-widget elementor-widget-heading\" data-id=\"46007a9\" data-element_type=\"widget\" data-e-type=\"widget\" data-widget_type=\"heading.default\">\n\t\t\t\t<div class=\"elementor-widget-container\">\n\t\t\t\t\t<h2 class=\"elementor-heading-title elementor-size-default\">Desenho para colorir com corujas fofas<\/h2>\t\t\t\t<\/div>\n\t\t\t\t<\/div>\n\t\t\t\t<div class=\"elementor-element elementor-element-6eb42f4 elementor-widget elementor-widget-image\" data-id=\"6eb42f4\" data-element_type=\"widget\" data-e-type=\"widget\" data-widget_type=\"image.default\">\n\t\t\t\t<div class=\"elementor-widget-container\">\n\t\t\t\t\t\t\t\t\t\t\t\t\t\t\t<img loading=\"lazy\" decoding=\"async\" width=\"621\" height=\"810\" src=\"https:\/\/www.coloredcaramel.com\/wp-content\/uploads\/2023\/09\/Owls-reading_8.5x11-04-1.png\" class=\"attachment-medium_large size-medium_large wp-image-6666\" alt=\"\" srcset=\"https:\/\/www.coloredcaramel.com\/wp-content\/uploads\/2023\/09\/Owls-reading_8.5x11-04-1.png 621w, https:\/\/www.coloredcaramel.com\/wp-content\/uploads\/2023\/09\/Owls-reading_8.5x11-04-1-41x54.png 41w, https:\/\/www.coloredcaramel.com\/wp-content\/uploads\/2023\/09\/Owls-reading_8.5x11-04-1-600x783.png 600w, https:\/\/www.coloredcaramel.com\/wp-content\/uploads\/2023\/09\/Owls-reading_8.5x11-04-1-230x300.png 230w, https:\/\/www.coloredcaramel.com\/wp-content\/uploads\/2023\/09\/Owls-reading_8.5x11-04-1-54x70.png 54w, https:\/\/www.coloredcaramel.com\/wp-content\/uploads\/2023\/09\/Owls-reading_8.5x11-04-1-77x100.png 77w\" sizes=\"(max-width: 621px) 100vw, 621px\" \/>\t\t\t\t\t\t\t\t\t\t\t\t\t\t\t<\/div>\n\t\t\t\t<\/div>\n\t\t\t\t<div class=\"elementor-element elementor-element-0e1f6a4 elementor-widget elementor-widget-text-editor\" data-id=\"0e1f6a4\" data-element_type=\"widget\" data-e-type=\"widget\" data-widget_type=\"text-editor.default\">\n\t\t\t\t<div class=\"elementor-widget-container\">\n\t\t\t\t\t\t\t\t\t<p>Desenho ador\u00e1vel para colorir com corujas fofas para  alegrar o seu dia!  Perfeito <span style=\"background-color: var(--bb-body-background-color);color: var(--bb-body-text-color)\">para relaxar <\/span><span style=\"background-color: var(--bb-body-background-color);color: var(--bb-body-text-color)\">e curtir um momento de criatividade.<\/span><\/p><p><\/p>\t\t\t\t\t\t\t\t<\/div>\n\t\t\t\t<\/div>\n\t\t\t\t<div class=\"elementor-element elementor-element-21b12c8 elementor-align-center elementor-widget elementor-widget-button\" data-id=\"21b12c8\" data-element_type=\"widget\" data-e-type=\"widget\" data-widget_type=\"button.default\">\n\t\t\t\t<div class=\"elementor-widget-container\">\n\t\t\t\t\t\t\t\t\t<div class=\"elementor-button-wrapper\">\n\t\t\t\t\t<a class=\"elementor-button elementor-button-link elementor-size-lg\" href=\"https:\/\/www.coloredcaramel.com\/wp-content\/uploads\/2023\/09\/Cute-Owls-Coloring-Page-Colored-Caramel.pdf\" target=\"_blank\">\n\t\t\t\t\t\t<span class=\"elementor-button-content-wrapper\">\n\t\t\t\t\t\t<span class=\"elementor-button-icon\">\n\t\t\t\t<svg aria-hidden=\"true\" class=\"e-font-icon-svg e-fas-file-download\" viewBox=\"0 0 384 512\" xmlns=\"http:\/\/www.w3.org\/2000\/svg\"><path d=\"M224 136V0H24C10.7 0 0 10.7 0 24v464c0 13.3 10.7 24 24 24h336c13.3 0 24-10.7 24-24V160H248c-13.2 0-24-10.8-24-24zm76.45 211.36l-96.42 95.7c-6.65 6.61-17.39 6.61-24.04 0l-96.42-95.7C73.42 337.29 80.54 320 94.82 320H160v-80c0-8.84 7.16-16 16-16h32c8.84 0 16 7.16 16 16v80h65.18c14.28 0 21.4 17.29 11.27 27.36zM377 105L279.1 7c-4.5-4.5-10.6-7-17-7H256v128h128v-6.1c0-6.3-2.5-12.4-7-16.9z\"><\/path><\/svg>\t\t\t<\/span>\n\t\t\t\t\t\t\t\t\t<span class=\"elementor-button-text\">Baixar<\/span>\n\t\t\t\t\t<\/span>\n\t\t\t\t\t<\/a>\n\t\t\t\t<\/div>\n\t\t\t\t\t\t\t\t<\/div>\n\t\t\t\t<\/div>\n\t\t\t\t\t<\/div>\n\t\t<\/div>\n\t\t\t\t<div class=\"elementor-column elementor-col-33 elementor-top-column elementor-element elementor-element-6831428\" data-id=\"6831428\" data-element_type=\"column\" data-e-type=\"column\">\n\t\t\t<div class=\"elementor-widget-wrap elementor-element-populated\">\n\t\t\t\t\t\t<div class=\"elementor-element elementor-element-e43f5e4 elementor-widget elementor-widget-heading\" data-id=\"e43f5e4\" data-element_type=\"widget\" data-e-type=\"widget\" data-widget_type=\"heading.default\">\n\t\t\t\t<div class=\"elementor-widget-container\">\n\t\t\t\t\t<h2 class=\"elementor-heading-title elementor-size-default\">Desenho para colorir Gnomos de outono<\/h2>\t\t\t\t<\/div>\n\t\t\t\t<\/div>\n\t\t\t\t<div class=\"elementor-element elementor-element-993aeb1 elementor-widget elementor-widget-image\" data-id=\"993aeb1\" data-element_type=\"widget\" data-e-type=\"widget\" data-widget_type=\"image.default\">\n\t\t\t\t<div class=\"elementor-widget-container\">\n\t\t\t\t\t\t\t\t\t\t\t\t\t\t\t<img loading=\"lazy\" decoding=\"async\" width=\"621\" height=\"810\" src=\"https:\/\/www.coloredcaramel.com\/wp-content\/uploads\/2023\/09\/September-First-Day-of-AUTUMN-01.png\" class=\"attachment-medium_large size-medium_large wp-image-6806\" alt=\"\" srcset=\"https:\/\/www.coloredcaramel.com\/wp-content\/uploads\/2023\/09\/September-First-Day-of-AUTUMN-01.png 621w, https:\/\/www.coloredcaramel.com\/wp-content\/uploads\/2023\/09\/September-First-Day-of-AUTUMN-01-41x54.png 41w, https:\/\/www.coloredcaramel.com\/wp-content\/uploads\/2023\/09\/September-First-Day-of-AUTUMN-01-600x783.png 600w, https:\/\/www.coloredcaramel.com\/wp-content\/uploads\/2023\/09\/September-First-Day-of-AUTUMN-01-230x300.png 230w, https:\/\/www.coloredcaramel.com\/wp-content\/uploads\/2023\/09\/September-First-Day-of-AUTUMN-01-54x70.png 54w, https:\/\/www.coloredcaramel.com\/wp-content\/uploads\/2023\/09\/September-First-Day-of-AUTUMN-01-77x100.png 77w\" sizes=\"(max-width: 621px) 100vw, 621px\" \/>\t\t\t\t\t\t\t\t\t\t\t\t\t\t\t<\/div>\n\t\t\t\t<\/div>\n\t\t\t\t<div class=\"elementor-element elementor-element-12c6d49 elementor-widget elementor-widget-text-editor\" data-id=\"12c6d49\" data-element_type=\"widget\" data-e-type=\"widget\" data-widget_type=\"text-editor.default\">\n\t\t\t\t<div class=\"elementor-widget-container\">\n\t\t\t\t\t\t\t\t\t<p>Desenho fofo para colorir com gnomos encantadores para um outono colorido e aconchegante.  Pegue seu cobertor quentinho, uma x\u00edcara do seu ch\u00e1 favorito e divirta-se colorindo!<\/p><p><\/p>\t\t\t\t\t\t\t\t<\/div>\n\t\t\t\t<\/div>\n\t\t\t\t<div class=\"elementor-element elementor-element-eefc1fb elementor-align-center elementor-widget elementor-widget-button\" data-id=\"eefc1fb\" data-element_type=\"widget\" data-e-type=\"widget\" data-widget_type=\"button.default\">\n\t\t\t\t<div class=\"elementor-widget-container\">\n\t\t\t\t\t\t\t\t\t<div class=\"elementor-button-wrapper\">\n\t\t\t\t\t<a class=\"elementor-button elementor-button-link elementor-size-lg\" href=\"https:\/\/www.coloredcaramel.com\/wp-content\/uploads\/2023\/09\/Fall-Gnomes_Colored-Caramel.pdf\" target=\"_blank\">\n\t\t\t\t\t\t<span class=\"elementor-button-content-wrapper\">\n\t\t\t\t\t\t<span class=\"elementor-button-icon\">\n\t\t\t\t<svg aria-hidden=\"true\" class=\"e-font-icon-svg e-fas-file-download\" viewBox=\"0 0 384 512\" xmlns=\"http:\/\/www.w3.org\/2000\/svg\"><path d=\"M224 136V0H24C10.7 0 0 10.7 0 24v464c0 13.3 10.7 24 24 24h336c13.3 0 24-10.7 24-24V160H248c-13.2 0-24-10.8-24-24zm76.45 211.36l-96.42 95.7c-6.65 6.61-17.39 6.61-24.04 0l-96.42-95.7C73.42 337.29 80.54 320 94.82 320H160v-80c0-8.84 7.16-16 16-16h32c8.84 0 16 7.16 16 16v80h65.18c14.28 0 21.4 17.29 11.27 27.36zM377 105L279.1 7c-4.5-4.5-10.6-7-17-7H256v128h128v-6.1c0-6.3-2.5-12.4-7-16.9z\"><\/path><\/svg>\t\t\t<\/span>\n\t\t\t\t\t\t\t\t\t<span class=\"elementor-button-text\">Baixar<\/span>\n\t\t\t\t\t<\/span>\n\t\t\t\t\t<\/a>\n\t\t\t\t<\/div>\n\t\t\t\t\t\t\t\t<\/div>\n\t\t\t\t<\/div>\n\t\t\t\t\t<\/div>\n\t\t<\/div>\n\t\t\t\t<div class=\"elementor-column elementor-col-33 elementor-top-column elementor-element elementor-element-42a8e69\" data-id=\"42a8e69\" data-element_type=\"column\" data-e-type=\"column\">\n\t\t\t<div class=\"elementor-widget-wrap elementor-element-populated\">\n\t\t\t\t\t\t<div class=\"elementor-element elementor-element-ac9f964 elementor-widget elementor-widget-heading\" data-id=\"ac9f964\" data-element_type=\"widget\" data-e-type=\"widget\" data-widget_type=\"heading.default\">\n\t\t\t\t<div class=\"elementor-widget-container\">\n\t\t\t\t\t<h2 class=\"elementor-heading-title elementor-size-default\">Desenho para colorir de Halloween<\/h2>\t\t\t\t<\/div>\n\t\t\t\t<\/div>\n\t\t\t\t<div class=\"elementor-element elementor-element-a654fe6 elementor-widget elementor-widget-image\" data-id=\"a654fe6\" data-element_type=\"widget\" data-e-type=\"widget\" data-widget_type=\"image.default\">\n\t\t\t\t<div class=\"elementor-widget-container\">\n\t\t\t\t\t\t\t\t\t\t\t\t\t\t\t<img loading=\"lazy\" decoding=\"async\" width=\"621\" height=\"810\" src=\"https:\/\/www.coloredcaramel.com\/wp-content\/uploads\/2023\/10\/October-Halloween-01.png\" class=\"attachment-medium_large size-medium_large wp-image-6888\" alt=\"\" srcset=\"https:\/\/www.coloredcaramel.com\/wp-content\/uploads\/2023\/10\/October-Halloween-01.png 621w, https:\/\/www.coloredcaramel.com\/wp-content\/uploads\/2023\/10\/October-Halloween-01-41x54.png 41w, https:\/\/www.coloredcaramel.com\/wp-content\/uploads\/2023\/10\/October-Halloween-01-600x783.png 600w, https:\/\/www.coloredcaramel.com\/wp-content\/uploads\/2023\/10\/October-Halloween-01-230x300.png 230w, https:\/\/www.coloredcaramel.com\/wp-content\/uploads\/2023\/10\/October-Halloween-01-54x70.png 54w, https:\/\/www.coloredcaramel.com\/wp-content\/uploads\/2023\/10\/October-Halloween-01-77x100.png 77w\" sizes=\"(max-width: 621px) 100vw, 621px\" \/>\t\t\t\t\t\t\t\t\t\t\t\t\t\t\t<\/div>\n\t\t\t\t<\/div>\n\t\t\t\t<div class=\"elementor-element elementor-element-4895854 elementor-widget elementor-widget-text-editor\" data-id=\"4895854\" data-element_type=\"widget\" data-e-type=\"widget\" data-widget_type=\"text-editor.default\">\n\t\t\t\t<div class=\"elementor-widget-container\">\n\t\t\t\t\t\t\t\t\t<p>Prepare-se para dar um toque ador\u00e1vel \u00e0s suas comemora\u00e7\u00f5es de Halloween! Este encantador desenho para colorir traz uma cole\u00e7\u00e3o assustadora, mas irresistivelmente fofa, de doodles com tema de Halloween, de fantasminhas com sorrisos simp\u00e1ticos a ab\u00f3boras com carinhas charmosas. Uma maneira perfeita de entrar no clima de Halloween com um toque de do\u00e7ura kawaii.&nbsp;<br><\/p>\t\t\t\t\t\t\t\t<\/div>\n\t\t\t\t<\/div>\n\t\t\t\t<div class=\"elementor-element elementor-element-8842e38 elementor-align-center elementor-widget elementor-widget-button\" data-id=\"8842e38\" data-element_type=\"widget\" data-e-type=\"widget\" data-widget_type=\"button.default\">\n\t\t\t\t<div class=\"elementor-widget-container\">\n\t\t\t\t\t\t\t\t\t<div class=\"elementor-button-wrapper\">\n\t\t\t\t\t<a class=\"elementor-button elementor-button-link elementor-size-lg\" href=\"https:\/\/www.coloredcaramel.com\/wp-content\/uploads\/2023\/10\/Happy-Halloween_-Colored-Caramel.pdf\" target=\"_blank\">\n\t\t\t\t\t\t<span class=\"elementor-button-content-wrapper\">\n\t\t\t\t\t\t<span class=\"elementor-button-icon\">\n\t\t\t\t<svg aria-hidden=\"true\" class=\"e-font-icon-svg e-fas-file-download\" viewBox=\"0 0 384 512\" xmlns=\"http:\/\/www.w3.org\/2000\/svg\"><path d=\"M224 136V0H24C10.7 0 0 10.7 0 24v464c0 13.3 10.7 24 24 24h336c13.3 0 24-10.7 24-24V160H248c-13.2 0-24-10.8-24-24zm76.45 211.36l-96.42 95.7c-6.65 6.61-17.39 6.61-24.04 0l-96.42-95.7C73.42 337.29 80.54 320 94.82 320H160v-80c0-8.84 7.16-16 16-16h32c8.84 0 16 7.16 16 16v80h65.18c14.28 0 21.4 17.29 11.27 27.36zM377 105L279.1 7c-4.5-4.5-10.6-7-17-7H256v128h128v-6.1c0-6.3-2.5-12.4-7-16.9z\"><\/path><\/svg>\t\t\t<\/span>\n\t\t\t\t\t\t\t\t\t<span class=\"elementor-button-text\">Baixar<\/span>\n\t\t\t\t\t<\/span>\n\t\t\t\t\t<\/a>\n\t\t\t\t<\/div>\n\t\t\t\t\t\t\t\t<\/div>\n\t\t\t\t<\/div>\n\t\t\t\t\t<\/div>\n\t\t<\/div>\n\t\t\t\t\t<\/div>\n\t\t<\/section>\n\t\t\t\t<section class=\"elementor-section elementor-top-section elementor-element elementor-element-0879550 elementor-section-full_width elementor-section-content-top elementor-section-height-default elementor-section-height-default\" data-id=\"0879550\" data-element_type=\"section\" data-e-type=\"section\">\n\t\t\t\t\t\t<div class=\"elementor-container elementor-column-gap-no\">\n\t\t\t\t\t<div class=\"elementor-column elementor-col-33 elementor-top-column elementor-element elementor-element-3a5517b\" data-id=\"3a5517b\" data-element_type=\"column\" data-e-type=\"column\">\n\t\t\t<div class=\"elementor-widget-wrap elementor-element-populated\">\n\t\t\t\t\t\t<div class=\"elementor-element elementor-element-604fa0a elementor-widget elementor-widget-heading\" data-id=\"604fa0a\" data-element_type=\"widget\" data-e-type=\"widget\" data-widget_type=\"heading.default\">\n\t\t\t\t<div class=\"elementor-widget-container\">\n\t\t\t\t\t<h2 class=\"elementor-heading-title elementor-size-default\">Desenho para colorir de Dia de los Muertos<\/h2>\t\t\t\t<\/div>\n\t\t\t\t<\/div>\n\t\t\t\t<div class=\"elementor-element elementor-element-5e89fe0 elementor-widget elementor-widget-image\" data-id=\"5e89fe0\" data-element_type=\"widget\" data-e-type=\"widget\" data-widget_type=\"image.default\">\n\t\t\t\t<div class=\"elementor-widget-container\">\n\t\t\t\t\t\t\t\t\t\t\t\t\t\t\t<img loading=\"lazy\" decoding=\"async\" width=\"621\" height=\"810\" src=\"https:\/\/www.coloredcaramel.com\/wp-content\/uploads\/2023\/10\/November-Dia-De-Los-Muertos-01.png\" class=\"attachment-medium_large size-medium_large wp-image-6891\" alt=\"\" srcset=\"https:\/\/www.coloredcaramel.com\/wp-content\/uploads\/2023\/10\/November-Dia-De-Los-Muertos-01.png 621w, https:\/\/www.coloredcaramel.com\/wp-content\/uploads\/2023\/10\/November-Dia-De-Los-Muertos-01-41x54.png 41w, https:\/\/www.coloredcaramel.com\/wp-content\/uploads\/2023\/10\/November-Dia-De-Los-Muertos-01-600x783.png 600w, https:\/\/www.coloredcaramel.com\/wp-content\/uploads\/2023\/10\/November-Dia-De-Los-Muertos-01-230x300.png 230w, https:\/\/www.coloredcaramel.com\/wp-content\/uploads\/2023\/10\/November-Dia-De-Los-Muertos-01-54x70.png 54w, https:\/\/www.coloredcaramel.com\/wp-content\/uploads\/2023\/10\/November-Dia-De-Los-Muertos-01-77x100.png 77w\" sizes=\"(max-width: 621px) 100vw, 621px\" \/>\t\t\t\t\t\t\t\t\t\t\t\t\t\t\t<\/div>\n\t\t\t\t<\/div>\n\t\t\t\t<div class=\"elementor-element elementor-element-9a9d174 elementor-widget elementor-widget-text-editor\" data-id=\"9a9d174\" data-element_type=\"widget\" data-e-type=\"widget\" data-widget_type=\"text-editor.default\">\n\t\t\t\t<div class=\"elementor-widget-container\">\n\t\t\t\t\t\t\t\t\t<p>Descubra a magia de Dia de los Muertos com este lindo desenho para colorir com uma doce garota chibi caveira de a\u00e7\u00facar e seu ador\u00e1vel gatinho. Esta ilustra\u00e7\u00e3o encantadora captura a ess\u00eancia dessa querida celebra\u00e7\u00e3o mexicana e convida voc\u00ea a dar vida a ela com suas pr\u00f3prias cores vibrantes.&nbsp;<br><\/p>\t\t\t\t\t\t\t\t<\/div>\n\t\t\t\t<\/div>\n\t\t\t\t<div class=\"elementor-element elementor-element-32af563 elementor-align-center elementor-widget elementor-widget-button\" data-id=\"32af563\" data-element_type=\"widget\" data-e-type=\"widget\" data-widget_type=\"button.default\">\n\t\t\t\t<div class=\"elementor-widget-container\">\n\t\t\t\t\t\t\t\t\t<div class=\"elementor-button-wrapper\">\n\t\t\t\t\t<a class=\"elementor-button elementor-button-link elementor-size-lg\" href=\"https:\/\/www.coloredcaramel.com\/wp-content\/uploads\/2023\/10\/November-Dia-De-Los-Muertos_-Blank-With-Frame_8.5x11-01.png\" target=\"_blank\">\n\t\t\t\t\t\t<span class=\"elementor-button-content-wrapper\">\n\t\t\t\t\t\t<span class=\"elementor-button-icon\">\n\t\t\t\t<svg aria-hidden=\"true\" class=\"e-font-icon-svg e-fas-file-download\" viewBox=\"0 0 384 512\" xmlns=\"http:\/\/www.w3.org\/2000\/svg\"><path d=\"M224 136V0H24C10.7 0 0 10.7 0 24v464c0 13.3 10.7 24 24 24h336c13.3 0 24-10.7 24-24V160H248c-13.2 0-24-10.8-24-24zm76.45 211.36l-96.42 95.7c-6.65 6.61-17.39 6.61-24.04 0l-96.42-95.7C73.42 337.29 80.54 320 94.82 320H160v-80c0-8.84 7.16-16 16-16h32c8.84 0 16 7.16 16 16v80h65.18c14.28 0 21.4 17.29 11.27 27.36zM377 105L279.1 7c-4.5-4.5-10.6-7-17-7H256v128h128v-6.1c0-6.3-2.5-12.4-7-16.9z\"><\/path><\/svg>\t\t\t<\/span>\n\t\t\t\t\t\t\t\t\t<span class=\"elementor-button-text\">Baixar<\/span>\n\t\t\t\t\t<\/span>\n\t\t\t\t\t<\/a>\n\t\t\t\t<\/div>\n\t\t\t\t\t\t\t\t<\/div>\n\t\t\t\t<\/div>\n\t\t\t\t\t<\/div>\n\t\t<\/div>\n\t\t\t\t<div class=\"elementor-column elementor-col-33 elementor-top-column elementor-element elementor-element-c61243f\" data-id=\"c61243f\" data-element_type=\"column\" data-e-type=\"column\">\n\t\t\t<div class=\"elementor-widget-wrap elementor-element-populated\">\n\t\t\t\t\t\t<div class=\"elementor-element elementor-element-7d04e08 elementor-widget elementor-widget-heading\" data-id=\"7d04e08\" data-element_type=\"widget\" data-e-type=\"widget\" data-widget_type=\"heading.default\">\n\t\t\t\t<div class=\"elementor-widget-container\">\n\t\t\t\t\t<h2 class=\"elementor-heading-title elementor-size-default\">Desenho para colorir de Thanksgiving<\/h2>\t\t\t\t<\/div>\n\t\t\t\t<\/div>\n\t\t\t\t<div class=\"elementor-element elementor-element-153e6bf elementor-widget elementor-widget-image\" data-id=\"153e6bf\" data-element_type=\"widget\" data-e-type=\"widget\" data-widget_type=\"image.default\">\n\t\t\t\t<div class=\"elementor-widget-container\">\n\t\t\t\t\t\t\t\t\t\t\t\t\t\t\t<img loading=\"lazy\" decoding=\"async\" width=\"621\" height=\"810\" src=\"https:\/\/www.coloredcaramel.com\/wp-content\/uploads\/2023\/11\/November-Thanks-Giving-01.png\" class=\"attachment-medium_large size-medium_large wp-image-6968\" alt=\"\" srcset=\"https:\/\/www.coloredcaramel.com\/wp-content\/uploads\/2023\/11\/November-Thanks-Giving-01.png 621w, https:\/\/www.coloredcaramel.com\/wp-content\/uploads\/2023\/11\/November-Thanks-Giving-01-41x54.png 41w, https:\/\/www.coloredcaramel.com\/wp-content\/uploads\/2023\/11\/November-Thanks-Giving-01-600x783.png 600w, https:\/\/www.coloredcaramel.com\/wp-content\/uploads\/2023\/11\/November-Thanks-Giving-01-230x300.png 230w, https:\/\/www.coloredcaramel.com\/wp-content\/uploads\/2023\/11\/November-Thanks-Giving-01-54x70.png 54w, https:\/\/www.coloredcaramel.com\/wp-content\/uploads\/2023\/11\/November-Thanks-Giving-01-77x100.png 77w\" sizes=\"(max-width: 621px) 100vw, 621px\" \/>\t\t\t\t\t\t\t\t\t\t\t\t\t\t\t<\/div>\n\t\t\t\t<\/div>\n\t\t\t\t<div class=\"elementor-element elementor-element-73059bb elementor-widget elementor-widget-text-editor\" data-id=\"73059bb\" data-element_type=\"widget\" data-e-type=\"widget\" data-widget_type=\"text-editor.default\">\n\t\t\t\t<div class=\"elementor-widget-container\">\n\t\t\t\t\t\t\t\t\t<div class=\"flex-shrink-0 flex flex-col relative items-end\"><div><div class=\"pt-0.5\"><div class=\"gizmo-shadow-stroke flex h-6 w-6 items-center justify-center overflow-hidden rounded-full\"><div class=\"relative p-1 rounded-sm h-9 w-9 text-white flex items-center justify-center\">Entre no clima festivo do Dia de A\u00e7\u00e3o de Gra\u00e7as com este lindo desenho para colorir que traz um casal de gnomos irresistivelmente fofos! Mergulhe nas cenas reconfortantes do outono enquanto os gnomos aproveitam a vibe da esta\u00e7\u00e3o, cercados por folhas douradas e pelo aroma aconchegante de torta de ab\u00f3bora. Baixe agora seu desenho para colorir gr\u00e1tis e deixe sua criatividade dar vida a essa ilustra\u00e7\u00e3o encantadora de A\u00e7\u00e3o de Gra\u00e7as.\u00a0<\/div><\/div><\/div><\/div><\/div>\t\t\t\t\t\t\t\t<\/div>\n\t\t\t\t<\/div>\n\t\t\t\t<div class=\"elementor-element elementor-element-050f3df elementor-align-center elementor-widget elementor-widget-button\" data-id=\"050f3df\" data-element_type=\"widget\" data-e-type=\"widget\" data-widget_type=\"button.default\">\n\t\t\t\t<div class=\"elementor-widget-container\">\n\t\t\t\t\t\t\t\t\t<div class=\"elementor-button-wrapper\">\n\t\t\t\t\t<a class=\"elementor-button elementor-button-link elementor-size-lg\" href=\"https:\/\/www.coloredcaramel.com\/wp-content\/uploads\/2023\/11\/Thanksgiving-Coloring-Page-Colored-Caramel.pdf\" target=\"_blank\">\n\t\t\t\t\t\t<span class=\"elementor-button-content-wrapper\">\n\t\t\t\t\t\t<span class=\"elementor-button-icon\">\n\t\t\t\t<svg aria-hidden=\"true\" class=\"e-font-icon-svg e-fas-file-download\" viewBox=\"0 0 384 512\" xmlns=\"http:\/\/www.w3.org\/2000\/svg\"><path d=\"M224 136V0H24C10.7 0 0 10.7 0 24v464c0 13.3 10.7 24 24 24h336c13.3 0 24-10.7 24-24V160H248c-13.2 0-24-10.8-24-24zm76.45 211.36l-96.42 95.7c-6.65 6.61-17.39 6.61-24.04 0l-96.42-95.7C73.42 337.29 80.54 320 94.82 320H160v-80c0-8.84 7.16-16 16-16h32c8.84 0 16 7.16 16 16v80h65.18c14.28 0 21.4 17.29 11.27 27.36zM377 105L279.1 7c-4.5-4.5-10.6-7-17-7H256v128h128v-6.1c0-6.3-2.5-12.4-7-16.9z\"><\/path><\/svg>\t\t\t<\/span>\n\t\t\t\t\t\t\t\t\t<span class=\"elementor-button-text\">Baixar<\/span>\n\t\t\t\t\t<\/span>\n\t\t\t\t\t<\/a>\n\t\t\t\t<\/div>\n\t\t\t\t\t\t\t\t<\/div>\n\t\t\t\t<\/div>\n\t\t\t\t\t<\/div>\n\t\t<\/div>\n\t\t\t\t<div class=\"elementor-column elementor-col-33 elementor-top-column elementor-element elementor-element-dee776c\" data-id=\"dee776c\" data-element_type=\"column\" data-e-type=\"column\">\n\t\t\t<div class=\"elementor-widget-wrap elementor-element-populated\">\n\t\t\t\t\t\t<div class=\"elementor-element elementor-element-f71d713 elementor-widget elementor-widget-heading\" data-id=\"f71d713\" data-element_type=\"widget\" data-e-type=\"widget\" data-widget_type=\"heading.default\">\n\t\t\t\t<div class=\"elementor-widget-container\">\n\t\t\t\t\t<h2 class=\"elementor-heading-title elementor-size-default\">Desenho para colorir de Feliz Natal<\/h2>\t\t\t\t<\/div>\n\t\t\t\t<\/div>\n\t\t\t\t<div class=\"elementor-element elementor-element-8082aa2 elementor-widget elementor-widget-image\" data-id=\"8082aa2\" data-element_type=\"widget\" data-e-type=\"widget\" data-widget_type=\"image.default\">\n\t\t\t\t<div class=\"elementor-widget-container\">\n\t\t\t\t\t\t\t\t\t\t\t\t\t\t\t<img loading=\"lazy\" decoding=\"async\" width=\"621\" height=\"810\" src=\"https:\/\/www.coloredcaramel.com\/wp-content\/uploads\/2023\/12\/December-Christmas-01.png\" class=\"attachment-medium_large size-medium_large wp-image-7373\" alt=\"\" srcset=\"https:\/\/www.coloredcaramel.com\/wp-content\/uploads\/2023\/12\/December-Christmas-01.png 621w, https:\/\/www.coloredcaramel.com\/wp-content\/uploads\/2023\/12\/December-Christmas-01-41x54.png 41w, https:\/\/www.coloredcaramel.com\/wp-content\/uploads\/2023\/12\/December-Christmas-01-600x783.png 600w, https:\/\/www.coloredcaramel.com\/wp-content\/uploads\/2023\/12\/December-Christmas-01-230x300.png 230w, https:\/\/www.coloredcaramel.com\/wp-content\/uploads\/2023\/12\/December-Christmas-01-54x70.png 54w, https:\/\/www.coloredcaramel.com\/wp-content\/uploads\/2023\/12\/December-Christmas-01-77x100.png 77w\" sizes=\"(max-width: 621px) 100vw, 621px\" \/>\t\t\t\t\t\t\t\t\t\t\t\t\t\t\t<\/div>\n\t\t\t\t<\/div>\n\t\t\t\t<div class=\"elementor-element elementor-element-c007cde elementor-widget elementor-widget-text-editor\" data-id=\"c007cde\" data-element_type=\"widget\" data-e-type=\"widget\" data-widget_type=\"text-editor.default\">\n\t\t\t\t<div class=\"elementor-widget-container\">\n\t\t\t\t\t\t\t\t\t<div class=\"flex-shrink-0 flex flex-col relative items-end\"><div><div class=\"pt-0.5\"><div class=\"gizmo-shadow-stroke flex h-6 w-6 items-center justify-center overflow-hidden rounded-full\"><div class=\"relative p-1 rounded-sm h-9 w-9 text-white flex items-center justify-center\"><span style=\"color: #374151;font-family: S\u00f6hne, ui-sans-serif, system-ui, -apple-system, &apos;Segoe UI&apos;, Roboto, Ubuntu, Cantarell, &apos;Noto Sans&apos;, sans-serif, &apos;Helvetica Neue&apos;, Arial, &apos;Apple Color Emoji&apos;, &apos;Segoe UI Emoji&apos;, &apos;Segoe UI Symbol&apos;, &apos;Noto Color Emoji&apos;\">Mergulhe no encanto festivo com nosso desenho para colorir de Feliz Natal! Este desenho cheio de fantasia captura a magia da \u00e9poca, com cenas alegres e detalhes encantadores esperando pelo seu toque art\u00edstico. Solte sua criatividade e encha esta p\u00e1gina de cores, espalhando a alegria do Natal a cada tra\u00e7o. Baixe, pinte e que comece a divers\u00e3o! <\/span><\/div><\/div><\/div><\/div><\/div>\t\t\t\t\t\t\t\t<\/div>\n\t\t\t\t<\/div>\n\t\t\t\t<div class=\"elementor-element elementor-element-e5453ba elementor-align-center elementor-widget elementor-widget-button\" data-id=\"e5453ba\" data-element_type=\"widget\" data-e-type=\"widget\" data-widget_type=\"button.default\">\n\t\t\t\t<div class=\"elementor-widget-container\">\n\t\t\t\t\t\t\t\t\t<div class=\"elementor-button-wrapper\">\n\t\t\t\t\t<a class=\"elementor-button elementor-button-link elementor-size-lg\" href=\"https:\/\/www.coloredcaramel.com\/wp-content\/uploads\/2023\/12\/Merry-Christmas-2023-Colored-Caramel.pdf\" target=\"_blank\">\n\t\t\t\t\t\t<span class=\"elementor-button-content-wrapper\">\n\t\t\t\t\t\t<span class=\"elementor-button-icon\">\n\t\t\t\t<svg aria-hidden=\"true\" class=\"e-font-icon-svg e-fas-file-download\" viewBox=\"0 0 384 512\" xmlns=\"http:\/\/www.w3.org\/2000\/svg\"><path d=\"M224 136V0H24C10.7 0 0 10.7 0 24v464c0 13.3 10.7 24 24 24h336c13.3 0 24-10.7 24-24V160H248c-13.2 0-24-10.8-24-24zm76.45 211.36l-96.42 95.7c-6.65 6.61-17.39 6.61-24.04 0l-96.42-95.7C73.42 337.29 80.54 320 94.82 320H160v-80c0-8.84 7.16-16 16-16h32c8.84 0 16 7.16 16 16v80h65.18c14.28 0 21.4 17.29 11.27 27.36zM377 105L279.1 7c-4.5-4.5-10.6-7-17-7H256v128h128v-6.1c0-6.3-2.5-12.4-7-16.9z\"><\/path><\/svg>\t\t\t<\/span>\n\t\t\t\t\t\t\t\t\t<span class=\"elementor-button-text\">Baixar<\/span>\n\t\t\t\t\t<\/span>\n\t\t\t\t\t<\/a>\n\t\t\t\t<\/div>\n\t\t\t\t\t\t\t\t<\/div>\n\t\t\t\t<\/div>\n\t\t\t\t\t<\/div>\n\t\t<\/div>\n\t\t\t\t\t<\/div>\n\t\t<\/section>\n\t\t\t\t<section class=\"elementor-section elementor-top-section elementor-element elementor-element-49053db elementor-section-full_width elementor-section-content-top elementor-section-height-default elementor-section-height-default\" data-id=\"49053db\" data-element_type=\"section\" data-e-type=\"section\">\n\t\t\t\t\t\t<div class=\"elementor-container elementor-column-gap-no\">\n\t\t\t\t\t<div class=\"elementor-column elementor-col-33 elementor-top-column elementor-element elementor-element-916942c\" data-id=\"916942c\" data-element_type=\"column\" data-e-type=\"column\">\n\t\t\t<div class=\"elementor-widget-wrap elementor-element-populated\">\n\t\t\t\t\t\t<div class=\"elementor-element elementor-element-dfd3b80 elementor-widget elementor-widget-heading\" data-id=\"dfd3b80\" data-element_type=\"widget\" data-e-type=\"widget\" data-widget_type=\"heading.default\">\n\t\t\t\t<div class=\"elementor-widget-container\">\n\t\t\t\t\t<h2 class=\"elementor-heading-title elementor-size-default\">Desenho para colorir de Ano-Novo<\/h2>\t\t\t\t<\/div>\n\t\t\t\t<\/div>\n\t\t\t\t<div class=\"elementor-element elementor-element-d23e033 elementor-widget elementor-widget-image\" data-id=\"d23e033\" data-element_type=\"widget\" data-e-type=\"widget\" data-widget_type=\"image.default\">\n\t\t\t\t<div class=\"elementor-widget-container\">\n\t\t\t\t\t\t\t\t\t\t\t\t\t\t\t<img loading=\"lazy\" decoding=\"async\" width=\"621\" height=\"810\" src=\"https:\/\/www.coloredcaramel.com\/wp-content\/uploads\/2023\/12\/December-New-Year-01.png\" class=\"attachment-medium_large size-medium_large wp-image-7406\" alt=\"\" srcset=\"https:\/\/www.coloredcaramel.com\/wp-content\/uploads\/2023\/12\/December-New-Year-01.png 621w, https:\/\/www.coloredcaramel.com\/wp-content\/uploads\/2023\/12\/December-New-Year-01-41x54.png 41w, https:\/\/www.coloredcaramel.com\/wp-content\/uploads\/2023\/12\/December-New-Year-01-600x783.png 600w, https:\/\/www.coloredcaramel.com\/wp-content\/uploads\/2023\/12\/December-New-Year-01-230x300.png 230w, https:\/\/www.coloredcaramel.com\/wp-content\/uploads\/2023\/12\/December-New-Year-01-54x70.png 54w, https:\/\/www.coloredcaramel.com\/wp-content\/uploads\/2023\/12\/December-New-Year-01-77x100.png 77w\" sizes=\"(max-width: 621px) 100vw, 621px\" \/>\t\t\t\t\t\t\t\t\t\t\t\t\t\t\t<\/div>\n\t\t\t\t<\/div>\n\t\t\t\t<div class=\"elementor-element elementor-element-bb72756 elementor-widget elementor-widget-text-editor\" data-id=\"bb72756\" data-element_type=\"widget\" data-e-type=\"widget\" data-widget_type=\"text-editor.default\">\n\t\t\t\t<div class=\"elementor-widget-container\">\n\t\t\t\t\t\t\t\t\t<p><span style=\"color: #374151;font-family: S\u00f6hne, ui-sans-serif, system-ui, -apple-system, &apos;Segoe UI&apos;, Roboto, Ubuntu, Cantarell, &apos;Noto Sans&apos;, sans-serif, &apos;Helvetica Neue&apos;, Arial, &apos;Apple Color Emoji&apos;, &apos;Segoe UI Emoji&apos;, &apos;Segoe UI Symbol&apos;, &apos;Noto Color Emoji&apos;;text-align: start\">Um desenho para colorir encantador, com gnomos comemorando o Ano-Novo. P<\/span><span style=\"color: #374151;font-family: S\u00f6hne, ui-sans-serif, system-ui, -apple-system, &apos;Segoe UI&apos;, Roboto, Ubuntu, Cantarell, &apos;Noto Sans&apos;, sans-serif, &apos;Helvetica Neue&apos;, Arial, &apos;Apple Color Emoji&apos;, &apos;Segoe UI Emoji&apos;, &apos;Segoe UI Symbol&apos;, &apos;Noto Color Emoji&apos;;text-align: start;background-color: var(--bb-body-background-color)\">erfeito para despertar a criatividade e a alegria de quem ama colorir, em todas as idades. <\/span><br \/>Feliz 2024!<\/p>\t\t\t\t\t\t\t\t<\/div>\n\t\t\t\t<\/div>\n\t\t\t\t<div class=\"elementor-element elementor-element-ccbced4 elementor-align-center elementor-widget elementor-widget-button\" data-id=\"ccbced4\" data-element_type=\"widget\" data-e-type=\"widget\" data-widget_type=\"button.default\">\n\t\t\t\t<div class=\"elementor-widget-container\">\n\t\t\t\t\t\t\t\t\t<div class=\"elementor-button-wrapper\">\n\t\t\t\t\t<a class=\"elementor-button elementor-button-link elementor-size-lg\" href=\"https:\/\/www.coloredcaramel.com\/wp-content\/uploads\/2023\/12\/Happy-2024-by-Colored-Caramel.pdf\" target=\"_blank\">\n\t\t\t\t\t\t<span class=\"elementor-button-content-wrapper\">\n\t\t\t\t\t\t<span class=\"elementor-button-icon\">\n\t\t\t\t<svg aria-hidden=\"true\" class=\"e-font-icon-svg e-fas-file-download\" viewBox=\"0 0 384 512\" xmlns=\"http:\/\/www.w3.org\/2000\/svg\"><path d=\"M224 136V0H24C10.7 0 0 10.7 0 24v464c0 13.3 10.7 24 24 24h336c13.3 0 24-10.7 24-24V160H248c-13.2 0-24-10.8-24-24zm76.45 211.36l-96.42 95.7c-6.65 6.61-17.39 6.61-24.04 0l-96.42-95.7C73.42 337.29 80.54 320 94.82 320H160v-80c0-8.84 7.16-16 16-16h32c8.84 0 16 7.16 16 16v80h65.18c14.28 0 21.4 17.29 11.27 27.36zM377 105L279.1 7c-4.5-4.5-10.6-7-17-7H256v128h128v-6.1c0-6.3-2.5-12.4-7-16.9z\"><\/path><\/svg>\t\t\t<\/span>\n\t\t\t\t\t\t\t\t\t<span class=\"elementor-button-text\">Baixar<\/span>\n\t\t\t\t\t<\/span>\n\t\t\t\t\t<\/a>\n\t\t\t\t<\/div>\n\t\t\t\t\t\t\t\t<\/div>\n\t\t\t\t<\/div>\n\t\t\t\t\t<\/div>\n\t\t<\/div>\n\t\t\t\t<div class=\"elementor-column elementor-col-33 elementor-top-column elementor-element elementor-element-893865f\" data-id=\"893865f\" data-element_type=\"column\" data-e-type=\"column\">\n\t\t\t<div class=\"elementor-widget-wrap elementor-element-populated\">\n\t\t\t\t\t\t<div class=\"elementor-element elementor-element-b849789 elementor-widget elementor-widget-heading\" data-id=\"b849789\" data-element_type=\"widget\" data-e-type=\"widget\" data-widget_type=\"heading.default\">\n\t\t\t\t<div class=\"elementor-widget-container\">\n\t\t\t\t\t<h2 class=\"elementor-heading-title elementor-size-default\">Blue Monday 2024<\/h2>\t\t\t\t<\/div>\n\t\t\t\t<\/div>\n\t\t\t\t<div class=\"elementor-element elementor-element-9c1405f elementor-widget elementor-widget-image\" data-id=\"9c1405f\" data-element_type=\"widget\" data-e-type=\"widget\" data-widget_type=\"image.default\">\n\t\t\t\t<div class=\"elementor-widget-container\">\n\t\t\t\t\t\t\t\t\t\t\t\t\t\t\t<img loading=\"lazy\" decoding=\"async\" width=\"621\" height=\"810\" src=\"https:\/\/www.coloredcaramel.com\/wp-content\/uploads\/2024\/01\/Blue-Monday-01.png\" class=\"attachment-medium_large size-medium_large wp-image-7422\" alt=\"\" srcset=\"https:\/\/www.coloredcaramel.com\/wp-content\/uploads\/2024\/01\/Blue-Monday-01.png 621w, https:\/\/www.coloredcaramel.com\/wp-content\/uploads\/2024\/01\/Blue-Monday-01-41x54.png 41w, https:\/\/www.coloredcaramel.com\/wp-content\/uploads\/2024\/01\/Blue-Monday-01-600x783.png 600w, https:\/\/www.coloredcaramel.com\/wp-content\/uploads\/2024\/01\/Blue-Monday-01-230x300.png 230w, https:\/\/www.coloredcaramel.com\/wp-content\/uploads\/2024\/01\/Blue-Monday-01-54x70.png 54w, https:\/\/www.coloredcaramel.com\/wp-content\/uploads\/2024\/01\/Blue-Monday-01-77x100.png 77w\" sizes=\"(max-width: 621px) 100vw, 621px\" \/>\t\t\t\t\t\t\t\t\t\t\t\t\t\t\t<\/div>\n\t\t\t\t<\/div>\n\t\t\t\t<div class=\"elementor-element elementor-element-e598a32 elementor-widget elementor-widget-text-editor\" data-id=\"e598a32\" data-element_type=\"widget\" data-e-type=\"widget\" data-widget_type=\"text-editor.default\">\n\t\t\t\t<div class=\"elementor-widget-container\">\n\t\t\t\t\t\t\t\t\t<p>P\u00e1gina para colorir fofa e positiva com arco-\u00edris, nuvens, estrelas, cora\u00e7\u00f5es e cupcakes para uma Blue Monday cheia de cor. Vamos espalhar boas vibra\u00e7\u00f5es e alegrar o nosso dia! <\/p>\t\t\t\t\t\t\t\t<\/div>\n\t\t\t\t<\/div>\n\t\t\t\t<div class=\"elementor-element elementor-element-b894ee0 elementor-align-center elementor-widget elementor-widget-button\" data-id=\"b894ee0\" data-element_type=\"widget\" data-e-type=\"widget\" data-widget_type=\"button.default\">\n\t\t\t\t<div class=\"elementor-widget-container\">\n\t\t\t\t\t\t\t\t\t<div class=\"elementor-button-wrapper\">\n\t\t\t\t\t<a class=\"elementor-button elementor-button-link elementor-size-lg\" href=\"https:\/\/www.coloredcaramel.com\/wp-content\/uploads\/2024\/01\/Blue-Monday-Colored-Caramel.pdf\" target=\"_blank\">\n\t\t\t\t\t\t<span class=\"elementor-button-content-wrapper\">\n\t\t\t\t\t\t<span class=\"elementor-button-icon\">\n\t\t\t\t<svg aria-hidden=\"true\" class=\"e-font-icon-svg e-fas-file-download\" viewBox=\"0 0 384 512\" xmlns=\"http:\/\/www.w3.org\/2000\/svg\"><path d=\"M224 136V0H24C10.7 0 0 10.7 0 24v464c0 13.3 10.7 24 24 24h336c13.3 0 24-10.7 24-24V160H248c-13.2 0-24-10.8-24-24zm76.45 211.36l-96.42 95.7c-6.65 6.61-17.39 6.61-24.04 0l-96.42-95.7C73.42 337.29 80.54 320 94.82 320H160v-80c0-8.84 7.16-16 16-16h32c8.84 0 16 7.16 16 16v80h65.18c14.28 0 21.4 17.29 11.27 27.36zM377 105L279.1 7c-4.5-4.5-10.6-7-17-7H256v128h128v-6.1c0-6.3-2.5-12.4-7-16.9z\"><\/path><\/svg>\t\t\t<\/span>\n\t\t\t\t\t\t\t\t\t<span class=\"elementor-button-text\">Baixar<\/span>\n\t\t\t\t\t<\/span>\n\t\t\t\t\t<\/a>\n\t\t\t\t<\/div>\n\t\t\t\t\t\t\t\t<\/div>\n\t\t\t\t<\/div>\n\t\t\t\t\t<\/div>\n\t\t<\/div>\n\t\t\t\t<div class=\"elementor-column elementor-col-33 elementor-top-column elementor-element elementor-element-fba7ee6\" data-id=\"fba7ee6\" data-element_type=\"column\" data-e-type=\"column\">\n\t\t\t<div class=\"elementor-widget-wrap elementor-element-populated\">\n\t\t\t\t\t\t<div class=\"elementor-element elementor-element-a5e251a elementor-widget elementor-widget-heading\" data-id=\"a5e251a\" data-element_type=\"widget\" data-e-type=\"widget\" data-widget_type=\"heading.default\">\n\t\t\t\t<div class=\"elementor-widget-container\">\n\t\t\t\t\t<h2 class=\"elementor-heading-title elementor-size-default\">Divers\u00e3o de inverno<\/h2>\t\t\t\t<\/div>\n\t\t\t\t<\/div>\n\t\t\t\t<div class=\"elementor-element elementor-element-69bbbc1 elementor-widget elementor-widget-image\" data-id=\"69bbbc1\" data-element_type=\"widget\" data-e-type=\"widget\" data-widget_type=\"image.default\">\n\t\t\t\t<div class=\"elementor-widget-container\">\n\t\t\t\t\t\t\t\t\t\t\t\t\t\t\t<img loading=\"lazy\" decoding=\"async\" width=\"621\" height=\"810\" src=\"https:\/\/www.coloredcaramel.com\/wp-content\/uploads\/2024\/01\/Winter-01.png\" class=\"attachment-medium_large size-medium_large wp-image-7467\" alt=\"\" srcset=\"https:\/\/www.coloredcaramel.com\/wp-content\/uploads\/2024\/01\/Winter-01.png 621w, https:\/\/www.coloredcaramel.com\/wp-content\/uploads\/2024\/01\/Winter-01-41x54.png 41w, https:\/\/www.coloredcaramel.com\/wp-content\/uploads\/2024\/01\/Winter-01-600x783.png 600w, https:\/\/www.coloredcaramel.com\/wp-content\/uploads\/2024\/01\/Winter-01-230x300.png 230w, https:\/\/www.coloredcaramel.com\/wp-content\/uploads\/2024\/01\/Winter-01-54x70.png 54w, https:\/\/www.coloredcaramel.com\/wp-content\/uploads\/2024\/01\/Winter-01-77x100.png 77w\" sizes=\"(max-width: 621px) 100vw, 621px\" \/>\t\t\t\t\t\t\t\t\t\t\t\t\t\t\t<\/div>\n\t\t\t\t<\/div>\n\t\t\t\t<div class=\"elementor-element elementor-element-bde7891 elementor-widget elementor-widget-text-editor\" data-id=\"bde7891\" data-element_type=\"widget\" data-e-type=\"widget\" data-widget_type=\"text-editor.default\">\n\t\t\t\t<div class=\"elementor-widget-container\">\n\t\t\t\t\t\t\t\t\t<p>Embarque em uma aventura de inverno cheia de fantasia com esta encantadora p\u00e1gina para colorir com ador\u00e1veis gnomos de inverno!<\/p>\t\t\t\t\t\t\t\t<\/div>\n\t\t\t\t<\/div>\n\t\t\t\t<div class=\"elementor-element elementor-element-f961cfc elementor-align-center elementor-widget elementor-widget-button\" data-id=\"f961cfc\" data-element_type=\"widget\" data-e-type=\"widget\" data-widget_type=\"button.default\">\n\t\t\t\t<div class=\"elementor-widget-container\">\n\t\t\t\t\t\t\t\t\t<div class=\"elementor-button-wrapper\">\n\t\t\t\t\t<a class=\"elementor-button elementor-button-link elementor-size-lg\" href=\"https:\/\/www.coloredcaramel.com\/wp-content\/uploads\/2024\/01\/Winter-Gnomes_Colored-Caramel.png\" target=\"_blank\">\n\t\t\t\t\t\t<span class=\"elementor-button-content-wrapper\">\n\t\t\t\t\t\t<span class=\"elementor-button-icon\">\n\t\t\t\t<svg aria-hidden=\"true\" class=\"e-font-icon-svg e-fas-file-download\" viewBox=\"0 0 384 512\" xmlns=\"http:\/\/www.w3.org\/2000\/svg\"><path d=\"M224 136V0H24C10.7 0 0 10.7 0 24v464c0 13.3 10.7 24 24 24h336c13.3 0 24-10.7 24-24V160H248c-13.2 0-24-10.8-24-24zm76.45 211.36l-96.42 95.7c-6.65 6.61-17.39 6.61-24.04 0l-96.42-95.7C73.42 337.29 80.54 320 94.82 320H160v-80c0-8.84 7.16-16 16-16h32c8.84 0 16 7.16 16 16v80h65.18c14.28 0 21.4 17.29 11.27 27.36zM377 105L279.1 7c-4.5-4.5-10.6-7-17-7H256v128h128v-6.1c0-6.3-2.5-12.4-7-16.9z\"><\/path><\/svg>\t\t\t<\/span>\n\t\t\t\t\t\t\t\t\t<span class=\"elementor-button-text\">Baixar<\/span>\n\t\t\t\t\t<\/span>\n\t\t\t\t\t<\/a>\n\t\t\t\t<\/div>\n\t\t\t\t\t\t\t\t<\/div>\n\t\t\t\t<\/div>\n\t\t\t\t\t<\/div>\n\t\t<\/div>\n\t\t\t\t\t<\/div>\n\t\t<\/section>\n\t\t\t\t<section class=\"elementor-section elementor-top-section elementor-element elementor-element-e145e37 elementor-section-full_width elementor-section-content-top elementor-section-height-default elementor-section-height-default\" data-id=\"e145e37\" data-element_type=\"section\" data-e-type=\"section\">\n\t\t\t\t\t\t<div class=\"elementor-container elementor-column-gap-no\">\n\t\t\t\t\t<div class=\"elementor-column elementor-col-33 elementor-top-column elementor-element elementor-element-4e4f2b3\" data-id=\"4e4f2b3\" data-element_type=\"column\" data-e-type=\"column\">\n\t\t\t<div class=\"elementor-widget-wrap elementor-element-populated\">\n\t\t\t\t\t\t<div class=\"elementor-element elementor-element-d8bf7ae elementor-widget elementor-widget-heading\" data-id=\"d8bf7ae\" data-element_type=\"widget\" data-e-type=\"widget\" data-widget_type=\"heading.default\">\n\t\t\t\t<div class=\"elementor-widget-container\">\n\t\t\t\t\t<h2 class=\"elementor-heading-title elementor-size-default\">Ano-Novo Chin\u00eas <\/h2>\t\t\t\t<\/div>\n\t\t\t\t<\/div>\n\t\t\t\t<div class=\"elementor-element elementor-element-cf4946b elementor-widget elementor-widget-image\" data-id=\"cf4946b\" data-element_type=\"widget\" data-e-type=\"widget\" data-widget_type=\"image.default\">\n\t\t\t\t<div class=\"elementor-widget-container\">\n\t\t\t\t\t\t\t\t\t\t\t\t\t\t\t<img loading=\"lazy\" decoding=\"async\" width=\"621\" height=\"810\" src=\"https:\/\/www.coloredcaramel.com\/wp-content\/uploads\/2024\/02\/Chinese-New-Year-01.png\" class=\"attachment-medium_large size-medium_large wp-image-7489\" alt=\"\" srcset=\"https:\/\/www.coloredcaramel.com\/wp-content\/uploads\/2024\/02\/Chinese-New-Year-01.png 621w, https:\/\/www.coloredcaramel.com\/wp-content\/uploads\/2024\/02\/Chinese-New-Year-01-41x54.png 41w, https:\/\/www.coloredcaramel.com\/wp-content\/uploads\/2024\/02\/Chinese-New-Year-01-600x783.png 600w, https:\/\/www.coloredcaramel.com\/wp-content\/uploads\/2024\/02\/Chinese-New-Year-01-230x300.png 230w, https:\/\/www.coloredcaramel.com\/wp-content\/uploads\/2024\/02\/Chinese-New-Year-01-54x70.png 54w, https:\/\/www.coloredcaramel.com\/wp-content\/uploads\/2024\/02\/Chinese-New-Year-01-77x100.png 77w\" sizes=\"(max-width: 621px) 100vw, 621px\" \/>\t\t\t\t\t\t\t\t\t\t\t\t\t\t\t<\/div>\n\t\t\t\t<\/div>\n\t\t\t\t<div class=\"elementor-element elementor-element-a433436 elementor-widget elementor-widget-text-editor\" data-id=\"a433436\" data-element_type=\"widget\" data-e-type=\"widget\" data-widget_type=\"text-editor.default\">\n\t\t\t\t<div class=\"elementor-widget-container\">\n\t\t\t\t\t\t\t\t\t<p><span style=\"color: #374151;font-family: S\u00f6hne, ui-sans-serif, system-ui, -apple-system, &apos;Segoe UI&apos;, Roboto, Ubuntu, Cantarell, &apos;Noto Sans&apos;, sans-serif, &apos;Helvetica Neue&apos;, Arial, &apos;Apple Color Emoji&apos;, &apos;Segoe UI Emoji&apos;, &apos;Segoe UI Symbol&apos;, &apos;Noto Color Emoji&apos;;text-align: start\">Comemore o Ano do Drag\u00e3o dando vida a essas fofuras com as suas cores favoritas. Perfeito para todas as idades, esse desenho para colorir encantador \u00e9 uma maneira deliciosa de dar um toque de alegria e criatividade ao Ano Novo Lunar!<\/span><\/p>\t\t\t\t\t\t\t\t<\/div>\n\t\t\t\t<\/div>\n\t\t\t\t<div class=\"elementor-element elementor-element-0d7ba0c elementor-align-center elementor-widget elementor-widget-button\" data-id=\"0d7ba0c\" data-element_type=\"widget\" data-e-type=\"widget\" data-widget_type=\"button.default\">\n\t\t\t\t<div class=\"elementor-widget-container\">\n\t\t\t\t\t\t\t\t\t<div class=\"elementor-button-wrapper\">\n\t\t\t\t\t<a class=\"elementor-button elementor-button-link elementor-size-lg\" href=\"https:\/\/www.coloredcaramel.com\/wp-content\/uploads\/2024\/02\/Year-of-the-Dragon-Colored-Caramel.pdf\" target=\"_blank\">\n\t\t\t\t\t\t<span class=\"elementor-button-content-wrapper\">\n\t\t\t\t\t\t<span class=\"elementor-button-icon\">\n\t\t\t\t<svg aria-hidden=\"true\" class=\"e-font-icon-svg e-fas-file-download\" viewBox=\"0 0 384 512\" xmlns=\"http:\/\/www.w3.org\/2000\/svg\"><path d=\"M224 136V0H24C10.7 0 0 10.7 0 24v464c0 13.3 10.7 24 24 24h336c13.3 0 24-10.7 24-24V160H248c-13.2 0-24-10.8-24-24zm76.45 211.36l-96.42 95.7c-6.65 6.61-17.39 6.61-24.04 0l-96.42-95.7C73.42 337.29 80.54 320 94.82 320H160v-80c0-8.84 7.16-16 16-16h32c8.84 0 16 7.16 16 16v80h65.18c14.28 0 21.4 17.29 11.27 27.36zM377 105L279.1 7c-4.5-4.5-10.6-7-17-7H256v128h128v-6.1c0-6.3-2.5-12.4-7-16.9z\"><\/path><\/svg>\t\t\t<\/span>\n\t\t\t\t\t\t\t\t\t<span class=\"elementor-button-text\">Baixar<\/span>\n\t\t\t\t\t<\/span>\n\t\t\t\t\t<\/a>\n\t\t\t\t<\/div>\n\t\t\t\t\t\t\t\t<\/div>\n\t\t\t\t<\/div>\n\t\t\t\t\t<\/div>\n\t\t<\/div>\n\t\t\t\t<div class=\"elementor-column elementor-col-33 elementor-top-column elementor-element elementor-element-8d80e44\" data-id=\"8d80e44\" data-element_type=\"column\" data-e-type=\"column\">\n\t\t\t<div class=\"elementor-widget-wrap elementor-element-populated\">\n\t\t\t\t\t\t<div class=\"elementor-element elementor-element-23196d4 elementor-widget elementor-widget-heading\" data-id=\"23196d4\" data-element_type=\"widget\" data-e-type=\"widget\" data-widget_type=\"heading.default\">\n\t\t\t\t<div class=\"elementor-widget-container\">\n\t\t\t\t\t<h2 class=\"elementor-heading-title elementor-size-default\">Feliz Dia dos Namorados<\/h2>\t\t\t\t<\/div>\n\t\t\t\t<\/div>\n\t\t\t\t<div class=\"elementor-element elementor-element-affbeb3 elementor-widget elementor-widget-image\" data-id=\"affbeb3\" data-element_type=\"widget\" data-e-type=\"widget\" data-widget_type=\"image.default\">\n\t\t\t\t<div class=\"elementor-widget-container\">\n\t\t\t\t\t\t\t\t\t\t\t\t\t\t\t<img loading=\"lazy\" decoding=\"async\" width=\"621\" height=\"810\" src=\"https:\/\/www.coloredcaramel.com\/wp-content\/uploads\/2024\/02\/Valentines-Day-01.png\" class=\"attachment-medium_large size-medium_large wp-image-7498\" alt=\"\" srcset=\"https:\/\/www.coloredcaramel.com\/wp-content\/uploads\/2024\/02\/Valentines-Day-01.png 621w, https:\/\/www.coloredcaramel.com\/wp-content\/uploads\/2024\/02\/Valentines-Day-01-41x54.png 41w, https:\/\/www.coloredcaramel.com\/wp-content\/uploads\/2024\/02\/Valentines-Day-01-600x783.png 600w, https:\/\/www.coloredcaramel.com\/wp-content\/uploads\/2024\/02\/Valentines-Day-01-230x300.png 230w, https:\/\/www.coloredcaramel.com\/wp-content\/uploads\/2024\/02\/Valentines-Day-01-54x70.png 54w, https:\/\/www.coloredcaramel.com\/wp-content\/uploads\/2024\/02\/Valentines-Day-01-77x100.png 77w\" sizes=\"(max-width: 621px) 100vw, 621px\" \/>\t\t\t\t\t\t\t\t\t\t\t\t\t\t\t<\/div>\n\t\t\t\t<\/div>\n\t\t\t\t<div class=\"elementor-element elementor-element-96e926e elementor-widget elementor-widget-text-editor\" data-id=\"96e926e\" data-element_type=\"widget\" data-e-type=\"widget\" data-widget_type=\"text-editor.default\">\n\t\t\t\t<div class=\"elementor-widget-container\">\n\t\t\t\t\t\t\t\t\t<p><span style=\"color: #374151;font-family: S\u00f6hne, ui-sans-serif, system-ui, -apple-system, &apos;Segoe UI&apos;, Roboto, Ubuntu, Cantarell, &apos;Noto Sans&apos;, sans-serif, &apos;Helvetica Neue&apos;, Arial, &apos;Apple Color Emoji&apos;, &apos;Segoe UI Emoji&apos;, &apos;Segoe UI Symbol&apos;, &apos;Noto Color Emoji&apos;;text-align: start\">Espalhe amor e alegria enquanto colore estes ador\u00e1veis animais kawaii. Este desenho para colorir fofo com certeza vai trazer um sorriso ao seu cora\u00e7\u00e3o. Compartilhe com as pessoas queridas e alegre o dia delas!<\/span><\/p>\t\t\t\t\t\t\t\t<\/div>\n\t\t\t\t<\/div>\n\t\t\t\t<div class=\"elementor-element elementor-element-996ef7d elementor-align-center elementor-widget elementor-widget-button\" data-id=\"996ef7d\" data-element_type=\"widget\" data-e-type=\"widget\" data-widget_type=\"button.default\">\n\t\t\t\t<div class=\"elementor-widget-container\">\n\t\t\t\t\t\t\t\t\t<div class=\"elementor-button-wrapper\">\n\t\t\t\t\t<a class=\"elementor-button elementor-button-link elementor-size-lg\" href=\"https:\/\/www.coloredcaramel.com\/wp-content\/uploads\/2024\/02\/Happy-Valentines-Day-Colored-Caramel.pdf\" target=\"_blank\">\n\t\t\t\t\t\t<span class=\"elementor-button-content-wrapper\">\n\t\t\t\t\t\t<span class=\"elementor-button-icon\">\n\t\t\t\t<svg aria-hidden=\"true\" class=\"e-font-icon-svg e-fas-file-download\" viewBox=\"0 0 384 512\" xmlns=\"http:\/\/www.w3.org\/2000\/svg\"><path d=\"M224 136V0H24C10.7 0 0 10.7 0 24v464c0 13.3 10.7 24 24 24h336c13.3 0 24-10.7 24-24V160H248c-13.2 0-24-10.8-24-24zm76.45 211.36l-96.42 95.7c-6.65 6.61-17.39 6.61-24.04 0l-96.42-95.7C73.42 337.29 80.54 320 94.82 320H160v-80c0-8.84 7.16-16 16-16h32c8.84 0 16 7.16 16 16v80h65.18c14.28 0 21.4 17.29 11.27 27.36zM377 105L279.1 7c-4.5-4.5-10.6-7-17-7H256v128h128v-6.1c0-6.3-2.5-12.4-7-16.9z\"><\/path><\/svg>\t\t\t<\/span>\n\t\t\t\t\t\t\t\t\t<span class=\"elementor-button-text\">Baixar<\/span>\n\t\t\t\t\t<\/span>\n\t\t\t\t\t<\/a>\n\t\t\t\t<\/div>\n\t\t\t\t\t\t\t\t<\/div>\n\t\t\t\t<\/div>\n\t\t\t\t\t<\/div>\n\t\t<\/div>\n\t\t\t\t<div class=\"elementor-column elementor-col-33 elementor-top-column elementor-element elementor-element-b6f0e26\" data-id=\"b6f0e26\" data-element_type=\"column\" data-e-type=\"column\">\n\t\t\t<div class=\"elementor-widget-wrap elementor-element-populated\">\n\t\t\t\t\t\t<div class=\"elementor-element elementor-element-929234d elementor-widget elementor-widget-heading\" data-id=\"929234d\" data-element_type=\"widget\" data-e-type=\"widget\" data-widget_type=\"heading.default\">\n\t\t\t\t<div class=\"elementor-widget-container\">\n\t\t\t\t\t<h2 class=\"elementor-heading-title elementor-size-default\">Feliz Dia da Mulher<\/h2>\t\t\t\t<\/div>\n\t\t\t\t<\/div>\n\t\t\t\t<div class=\"elementor-element elementor-element-fb0f440 elementor-widget elementor-widget-image\" data-id=\"fb0f440\" data-element_type=\"widget\" data-e-type=\"widget\" data-widget_type=\"image.default\">\n\t\t\t\t<div class=\"elementor-widget-container\">\n\t\t\t\t\t\t\t\t\t\t\t\t\t\t\t<img loading=\"lazy\" decoding=\"async\" width=\"621\" height=\"810\" src=\"https:\/\/www.coloredcaramel.com\/wp-content\/uploads\/2024\/02\/Womans-Day-01.png\" class=\"attachment-medium_large size-medium_large wp-image-7520\" alt=\"\" srcset=\"https:\/\/www.coloredcaramel.com\/wp-content\/uploads\/2024\/02\/Womans-Day-01.png 621w, https:\/\/www.coloredcaramel.com\/wp-content\/uploads\/2024\/02\/Womans-Day-01-41x54.png 41w, https:\/\/www.coloredcaramel.com\/wp-content\/uploads\/2024\/02\/Womans-Day-01-600x783.png 600w, https:\/\/www.coloredcaramel.com\/wp-content\/uploads\/2024\/02\/Womans-Day-01-230x300.png 230w, https:\/\/www.coloredcaramel.com\/wp-content\/uploads\/2024\/02\/Womans-Day-01-54x70.png 54w, https:\/\/www.coloredcaramel.com\/wp-content\/uploads\/2024\/02\/Womans-Day-01-77x100.png 77w\" sizes=\"(max-width: 621px) 100vw, 621px\" \/>\t\t\t\t\t\t\t\t\t\t\t\t\t\t\t<\/div>\n\t\t\t\t<\/div>\n\t\t\t\t<div class=\"elementor-element elementor-element-a0efe0c elementor-widget elementor-widget-text-editor\" data-id=\"a0efe0c\" data-element_type=\"widget\" data-e-type=\"widget\" data-widget_type=\"text-editor.default\">\n\t\t\t\t<div class=\"elementor-widget-container\">\n\t\t\t\t\t\t\t\t\t<p>P\u00e1gina para colorir ador\u00e1vel com fofas amigas gnominhas que representam beleza, amor e gentileza. \u00c9 perfeita para colorir e celebrar o Dia da Mulher, ou qualquer outro dia!<\/p>\t\t\t\t\t\t\t\t<\/div>\n\t\t\t\t<\/div>\n\t\t\t\t<div class=\"elementor-element elementor-element-02f358e elementor-align-center elementor-widget elementor-widget-button\" data-id=\"02f358e\" data-element_type=\"widget\" data-e-type=\"widget\" data-widget_type=\"button.default\">\n\t\t\t\t<div class=\"elementor-widget-container\">\n\t\t\t\t\t\t\t\t\t<div class=\"elementor-button-wrapper\">\n\t\t\t\t\t<a class=\"elementor-button elementor-button-link elementor-size-lg\" href=\"https:\/\/www.coloredcaramel.com\/wp-content\/uploads\/2024\/02\/Womens-Day-2024-ColoredCaramel_8.5x11.pdf\" target=\"_blank\">\n\t\t\t\t\t\t<span class=\"elementor-button-content-wrapper\">\n\t\t\t\t\t\t<span class=\"elementor-button-icon\">\n\t\t\t\t<svg aria-hidden=\"true\" class=\"e-font-icon-svg e-fas-file-download\" viewBox=\"0 0 384 512\" xmlns=\"http:\/\/www.w3.org\/2000\/svg\"><path d=\"M224 136V0H24C10.7 0 0 10.7 0 24v464c0 13.3 10.7 24 24 24h336c13.3 0 24-10.7 24-24V160H248c-13.2 0-24-10.8-24-24zm76.45 211.36l-96.42 95.7c-6.65 6.61-17.39 6.61-24.04 0l-96.42-95.7C73.42 337.29 80.54 320 94.82 320H160v-80c0-8.84 7.16-16 16-16h32c8.84 0 16 7.16 16 16v80h65.18c14.28 0 21.4 17.29 11.27 27.36zM377 105L279.1 7c-4.5-4.5-10.6-7-17-7H256v128h128v-6.1c0-6.3-2.5-12.4-7-16.9z\"><\/path><\/svg>\t\t\t<\/span>\n\t\t\t\t\t\t\t\t\t<span class=\"elementor-button-text\">Baixar<\/span>\n\t\t\t\t\t<\/span>\n\t\t\t\t\t<\/a>\n\t\t\t\t<\/div>\n\t\t\t\t\t\t\t\t<\/div>\n\t\t\t\t<\/div>\n\t\t\t\t\t<\/div>\n\t\t<\/div>\n\t\t\t\t\t<\/div>\n\t\t<\/section>\n\t\t\t\t<section class=\"elementor-section elementor-top-section elementor-element elementor-element-3bf8898 elementor-section-full_width elementor-section-content-top elementor-section-height-default elementor-section-height-default\" data-id=\"3bf8898\" data-element_type=\"section\" data-e-type=\"section\">\n\t\t\t\t\t\t<div class=\"elementor-container elementor-column-gap-no\">\n\t\t\t\t\t<div class=\"elementor-column elementor-col-33 elementor-top-column elementor-element elementor-element-a3db3f6\" data-id=\"a3db3f6\" data-element_type=\"column\" data-e-type=\"column\">\n\t\t\t<div class=\"elementor-widget-wrap elementor-element-populated\">\n\t\t\t\t\t\t<div class=\"elementor-element elementor-element-1afb7b0 elementor-widget elementor-widget-heading\" data-id=\"1afb7b0\" data-element_type=\"widget\" data-e-type=\"widget\" data-widget_type=\"heading.default\">\n\t\t\t\t<div class=\"elementor-widget-container\">\n\t\t\t\t\t<h2 class=\"elementor-heading-title elementor-size-default\">Dia de S\u00e3o Patr\u00edcio<\/h2>\t\t\t\t<\/div>\n\t\t\t\t<\/div>\n\t\t\t\t<div class=\"elementor-element elementor-element-9cca0a4 elementor-widget elementor-widget-image\" data-id=\"9cca0a4\" data-element_type=\"widget\" data-e-type=\"widget\" data-widget_type=\"image.default\">\n\t\t\t\t<div class=\"elementor-widget-container\">\n\t\t\t\t\t\t\t\t\t\t\t\t\t\t\t<img loading=\"lazy\" decoding=\"async\" width=\"621\" height=\"810\" src=\"https:\/\/www.coloredcaramel.com\/wp-content\/uploads\/2024\/03\/St.-Patricks-Day-01.png\" class=\"attachment-medium_large size-medium_large wp-image-7583\" alt=\"\" srcset=\"https:\/\/www.coloredcaramel.com\/wp-content\/uploads\/2024\/03\/St.-Patricks-Day-01.png 621w, https:\/\/www.coloredcaramel.com\/wp-content\/uploads\/2024\/03\/St.-Patricks-Day-01-41x54.png 41w, https:\/\/www.coloredcaramel.com\/wp-content\/uploads\/2024\/03\/St.-Patricks-Day-01-600x783.png 600w, https:\/\/www.coloredcaramel.com\/wp-content\/uploads\/2024\/03\/St.-Patricks-Day-01-230x300.png 230w, https:\/\/www.coloredcaramel.com\/wp-content\/uploads\/2024\/03\/St.-Patricks-Day-01-54x70.png 54w, https:\/\/www.coloredcaramel.com\/wp-content\/uploads\/2024\/03\/St.-Patricks-Day-01-77x100.png 77w\" sizes=\"(max-width: 621px) 100vw, 621px\" \/>\t\t\t\t\t\t\t\t\t\t\t\t\t\t\t<\/div>\n\t\t\t\t<\/div>\n\t\t\t\t<div class=\"elementor-element elementor-element-932f3c2 elementor-widget elementor-widget-text-editor\" data-id=\"932f3c2\" data-element_type=\"widget\" data-e-type=\"widget\" data-widget_type=\"text-editor.default\">\n\t\t\t\t<div class=\"elementor-widget-container\">\n\t\t\t\t\t\t\t\t\t<p><span style=\"color: #374151;font-family: S\u00f6hne, ui-sans-serif, system-ui, -apple-system, &apos;Segoe UI&apos;, Roboto, Ubuntu, Cantarell, &apos;Noto Sans&apos;, sans-serif, &apos;Helvetica Neue&apos;, Arial, &apos;Apple Color Emoji&apos;, &apos;Segoe UI Emoji&apos;, &apos;Segoe UI Symbol&apos;, &apos;Noto Color Emoji&apos;;text-align: start\">P\u00e1gina para colorir super fofa para espalhar sorte e alegria no Dia de S\u00e3o Patr\u00edcio!<\/span><\/p>\t\t\t\t\t\t\t\t<\/div>\n\t\t\t\t<\/div>\n\t\t\t\t<div class=\"elementor-element elementor-element-959a273 elementor-align-center elementor-widget elementor-widget-button\" data-id=\"959a273\" data-element_type=\"widget\" data-e-type=\"widget\" data-widget_type=\"button.default\">\n\t\t\t\t<div class=\"elementor-widget-container\">\n\t\t\t\t\t\t\t\t\t<div class=\"elementor-button-wrapper\">\n\t\t\t\t\t<a class=\"elementor-button elementor-button-link elementor-size-lg\" href=\"https:\/\/www.coloredcaramel.com\/wp-content\/uploads\/2024\/03\/Colored-Caramel-St.-Patricks-Day-2024.pdf\" target=\"_blank\">\n\t\t\t\t\t\t<span class=\"elementor-button-content-wrapper\">\n\t\t\t\t\t\t<span class=\"elementor-button-icon\">\n\t\t\t\t<svg aria-hidden=\"true\" class=\"e-font-icon-svg e-fas-file-download\" viewBox=\"0 0 384 512\" xmlns=\"http:\/\/www.w3.org\/2000\/svg\"><path d=\"M224 136V0H24C10.7 0 0 10.7 0 24v464c0 13.3 10.7 24 24 24h336c13.3 0 24-10.7 24-24V160H248c-13.2 0-24-10.8-24-24zm76.45 211.36l-96.42 95.7c-6.65 6.61-17.39 6.61-24.04 0l-96.42-95.7C73.42 337.29 80.54 320 94.82 320H160v-80c0-8.84 7.16-16 16-16h32c8.84 0 16 7.16 16 16v80h65.18c14.28 0 21.4 17.29 11.27 27.36zM377 105L279.1 7c-4.5-4.5-10.6-7-17-7H256v128h128v-6.1c0-6.3-2.5-12.4-7-16.9z\"><\/path><\/svg>\t\t\t<\/span>\n\t\t\t\t\t\t\t\t\t<span class=\"elementor-button-text\">Baixar<\/span>\n\t\t\t\t\t<\/span>\n\t\t\t\t\t<\/a>\n\t\t\t\t<\/div>\n\t\t\t\t\t\t\t\t<\/div>\n\t\t\t\t<\/div>\n\t\t\t\t\t<\/div>\n\t\t<\/div>\n\t\t\t\t<div class=\"elementor-column elementor-col-33 elementor-top-column elementor-element elementor-element-0c245c1\" data-id=\"0c245c1\" data-element_type=\"column\" data-e-type=\"column\">\n\t\t\t<div class=\"elementor-widget-wrap elementor-element-populated\">\n\t\t\t\t\t\t<div class=\"elementor-element elementor-element-a6af894 elementor-widget elementor-widget-heading\" data-id=\"a6af894\" data-element_type=\"widget\" data-e-type=\"widget\" data-widget_type=\"heading.default\">\n\t\t\t\t<div class=\"elementor-widget-container\">\n\t\t\t\t\t<h2 class=\"elementor-heading-title elementor-size-default\">Feliz P\u00e1scoa<\/h2>\t\t\t\t<\/div>\n\t\t\t\t<\/div>\n\t\t\t\t<div class=\"elementor-element elementor-element-2a26d58 elementor-widget elementor-widget-image\" data-id=\"2a26d58\" data-element_type=\"widget\" data-e-type=\"widget\" data-widget_type=\"image.default\">\n\t\t\t\t<div class=\"elementor-widget-container\">\n\t\t\t\t\t\t\t\t\t\t\t\t\t\t\t<img loading=\"lazy\" decoding=\"async\" width=\"621\" height=\"810\" src=\"https:\/\/www.coloredcaramel.com\/wp-content\/uploads\/2024\/03\/Easter-01.png\" class=\"attachment-medium_large size-medium_large wp-image-7591\" alt=\"\" srcset=\"https:\/\/www.coloredcaramel.com\/wp-content\/uploads\/2024\/03\/Easter-01.png 621w, https:\/\/www.coloredcaramel.com\/wp-content\/uploads\/2024\/03\/Easter-01-41x54.png 41w, https:\/\/www.coloredcaramel.com\/wp-content\/uploads\/2024\/03\/Easter-01-600x783.png 600w, https:\/\/www.coloredcaramel.com\/wp-content\/uploads\/2024\/03\/Easter-01-230x300.png 230w, https:\/\/www.coloredcaramel.com\/wp-content\/uploads\/2024\/03\/Easter-01-54x70.png 54w, https:\/\/www.coloredcaramel.com\/wp-content\/uploads\/2024\/03\/Easter-01-77x100.png 77w\" sizes=\"(max-width: 621px) 100vw, 621px\" \/>\t\t\t\t\t\t\t\t\t\t\t\t\t\t\t<\/div>\n\t\t\t\t<\/div>\n\t\t\t\t<div class=\"elementor-element elementor-element-48fd412 elementor-widget elementor-widget-text-editor\" data-id=\"48fd412\" data-element_type=\"widget\" data-e-type=\"widget\" data-widget_type=\"text-editor.default\">\n\t\t\t\t<div class=\"elementor-widget-container\">\n\t\t\t\t\t\t\t\t\t<p>Feliz P\u00e1scoa da nossa parte e dos ador\u00e1veis gnomos!  Pinte esta p\u00e1gina divertida e espalhe um pouco de alegria para todo mundo ao seu redor! <\/p>\t\t\t\t\t\t\t\t<\/div>\n\t\t\t\t<\/div>\n\t\t\t\t<div class=\"elementor-element elementor-element-de1551b elementor-align-center elementor-widget elementor-widget-button\" data-id=\"de1551b\" data-element_type=\"widget\" data-e-type=\"widget\" data-widget_type=\"button.default\">\n\t\t\t\t<div class=\"elementor-widget-container\">\n\t\t\t\t\t\t\t\t\t<div class=\"elementor-button-wrapper\">\n\t\t\t\t\t<a class=\"elementor-button elementor-button-link elementor-size-lg\" href=\"https:\/\/www.coloredcaramel.com\/wp-content\/uploads\/2024\/03\/Easter-2024-Colored-Caramel.pdf\" target=\"_blank\">\n\t\t\t\t\t\t<span class=\"elementor-button-content-wrapper\">\n\t\t\t\t\t\t<span class=\"elementor-button-icon\">\n\t\t\t\t<svg aria-hidden=\"true\" class=\"e-font-icon-svg e-fas-file-download\" viewBox=\"0 0 384 512\" xmlns=\"http:\/\/www.w3.org\/2000\/svg\"><path d=\"M224 136V0H24C10.7 0 0 10.7 0 24v464c0 13.3 10.7 24 24 24h336c13.3 0 24-10.7 24-24V160H248c-13.2 0-24-10.8-24-24zm76.45 211.36l-96.42 95.7c-6.65 6.61-17.39 6.61-24.04 0l-96.42-95.7C73.42 337.29 80.54 320 94.82 320H160v-80c0-8.84 7.16-16 16-16h32c8.84 0 16 7.16 16 16v80h65.18c14.28 0 21.4 17.29 11.27 27.36zM377 105L279.1 7c-4.5-4.5-10.6-7-17-7H256v128h128v-6.1c0-6.3-2.5-12.4-7-16.9z\"><\/path><\/svg>\t\t\t<\/span>\n\t\t\t\t\t\t\t\t\t<span class=\"elementor-button-text\">Baixar<\/span>\n\t\t\t\t\t<\/span>\n\t\t\t\t\t<\/a>\n\t\t\t\t<\/div>\n\t\t\t\t\t\t\t\t<\/div>\n\t\t\t\t<\/div>\n\t\t\t\t\t<\/div>\n\t\t<\/div>\n\t\t\t\t<div class=\"elementor-column elementor-col-33 elementor-top-column elementor-element elementor-element-abc1e8c\" data-id=\"abc1e8c\" data-element_type=\"column\" data-e-type=\"column\">\n\t\t\t<div class=\"elementor-widget-wrap elementor-element-populated\">\n\t\t\t\t\t\t<div class=\"elementor-element elementor-element-276aece elementor-widget elementor-widget-heading\" data-id=\"276aece\" data-element_type=\"widget\" data-e-type=\"widget\" data-widget_type=\"heading.default\">\n\t\t\t\t<div class=\"elementor-widget-container\">\n\t\t\t\t\t<h2 class=\"elementor-heading-title elementor-size-default\">Feliz Dia da Terra<\/h2>\t\t\t\t<\/div>\n\t\t\t\t<\/div>\n\t\t\t\t<div class=\"elementor-element elementor-element-82e5c7a elementor-widget elementor-widget-image\" data-id=\"82e5c7a\" data-element_type=\"widget\" data-e-type=\"widget\" data-widget_type=\"image.default\">\n\t\t\t\t<div class=\"elementor-widget-container\">\n\t\t\t\t\t\t\t\t\t\t\t\t\t\t\t<img loading=\"lazy\" decoding=\"async\" width=\"621\" height=\"810\" src=\"https:\/\/www.coloredcaramel.com\/wp-content\/uploads\/2024\/04\/Earth-Day-01.png\" class=\"attachment-medium_large size-medium_large wp-image-7612\" alt=\"\" srcset=\"https:\/\/www.coloredcaramel.com\/wp-content\/uploads\/2024\/04\/Earth-Day-01.png 621w, https:\/\/www.coloredcaramel.com\/wp-content\/uploads\/2024\/04\/Earth-Day-01-41x54.png 41w, https:\/\/www.coloredcaramel.com\/wp-content\/uploads\/2024\/04\/Earth-Day-01-600x783.png 600w, https:\/\/www.coloredcaramel.com\/wp-content\/uploads\/2024\/04\/Earth-Day-01-230x300.png 230w, https:\/\/www.coloredcaramel.com\/wp-content\/uploads\/2024\/04\/Earth-Day-01-54x70.png 54w, https:\/\/www.coloredcaramel.com\/wp-content\/uploads\/2024\/04\/Earth-Day-01-77x100.png 77w\" sizes=\"(max-width: 621px) 100vw, 621px\" \/>\t\t\t\t\t\t\t\t\t\t\t\t\t\t\t<\/div>\n\t\t\t\t<\/div>\n\t\t\t\t<div class=\"elementor-element elementor-element-4b7ddbc elementor-widget elementor-widget-text-editor\" data-id=\"4b7ddbc\" data-element_type=\"widget\" data-e-type=\"widget\" data-widget_type=\"text-editor.default\">\n\t\t\t\t<div class=\"elementor-widget-container\">\n\t\t\t\t\t\t\t\t\t<p>Todo dia deveria ser Dia da Terra! Vamos colorir esta p\u00e1gina fofa e celebrar nosso lindo planeta, cheio de maravilhas e magia.<\/p>\t\t\t\t\t\t\t\t<\/div>\n\t\t\t\t<\/div>\n\t\t\t\t<div class=\"elementor-element elementor-element-22f9cd2 elementor-align-center elementor-widget elementor-widget-button\" data-id=\"22f9cd2\" data-element_type=\"widget\" data-e-type=\"widget\" data-widget_type=\"button.default\">\n\t\t\t\t<div class=\"elementor-widget-container\">\n\t\t\t\t\t\t\t\t\t<div class=\"elementor-button-wrapper\">\n\t\t\t\t\t<a class=\"elementor-button elementor-button-link elementor-size-lg\" href=\"https:\/\/www.coloredcaramel.com\/wp-content\/uploads\/2024\/04\/Earth-Day-2024-Colored-Caramel.pdf\" target=\"_blank\">\n\t\t\t\t\t\t<span class=\"elementor-button-content-wrapper\">\n\t\t\t\t\t\t<span class=\"elementor-button-icon\">\n\t\t\t\t<svg aria-hidden=\"true\" class=\"e-font-icon-svg e-fas-file-download\" viewBox=\"0 0 384 512\" xmlns=\"http:\/\/www.w3.org\/2000\/svg\"><path d=\"M224 136V0H24C10.7 0 0 10.7 0 24v464c0 13.3 10.7 24 24 24h336c13.3 0 24-10.7 24-24V160H248c-13.2 0-24-10.8-24-24zm76.45 211.36l-96.42 95.7c-6.65 6.61-17.39 6.61-24.04 0l-96.42-95.7C73.42 337.29 80.54 320 94.82 320H160v-80c0-8.84 7.16-16 16-16h32c8.84 0 16 7.16 16 16v80h65.18c14.28 0 21.4 17.29 11.27 27.36zM377 105L279.1 7c-4.5-4.5-10.6-7-17-7H256v128h128v-6.1c0-6.3-2.5-12.4-7-16.9z\"><\/path><\/svg>\t\t\t<\/span>\n\t\t\t\t\t\t\t\t\t<span class=\"elementor-button-text\">Baixar<\/span>\n\t\t\t\t\t<\/span>\n\t\t\t\t\t<\/a>\n\t\t\t\t<\/div>\n\t\t\t\t\t\t\t\t<\/div>\n\t\t\t\t<\/div>\n\t\t\t\t\t<\/div>\n\t\t<\/div>\n\t\t\t\t\t<\/div>\n\t\t<\/section>\n\t\t\t\t<\/div>\n\t\t","protected":false},"excerpt":{"rendered":"<p>Free Coloring Books Cute Kawaii Mix Coloring Book This adorable kawaii coloring book features a collection of charming illustrations that are sure to put a smile on your face. From\u2026<\/p>\n","protected":false},"author":2,"featured_media":0,"parent":0,"menu_order":0,"comment_status":"closed","ping_status":"closed","template":"","meta":{"_acf_changed":false,"_glsr_average":0,"_glsr_ranking":0,"_glsr_reviews":0,"footnotes":""},"class_list":["post-33150","page","type-page","status-publish","hentry"],"acf":[],"_links":{"self":[{"href":"https:\/\/www.coloredcaramel.com\/pt-br\/wp-json\/wp\/v2\/pages\/33150","targetHints":{"allow":["GET"]}}],"collection":[{"href":"https:\/\/www.coloredcaramel.com\/pt-br\/wp-json\/wp\/v2\/pages"}],"about":[{"href":"https:\/\/www.coloredcaramel.com\/pt-br\/wp-json\/wp\/v2\/types\/page"}],"author":[{"embeddable":true,"href":"https:\/\/www.coloredcaramel.com\/pt-br\/wp-json\/wp\/v2\/users\/2"}],"replies":[{"embeddable":true,"href":"https:\/\/www.coloredcaramel.com\/pt-br\/wp-json\/wp\/v2\/comments?post=33150"}],"version-history":[{"count":0,"href":"https:\/\/www.coloredcaramel.com\/pt-br\/wp-json\/wp\/v2\/pages\/33150\/revisions"}],"wp:attachment":[{"href":"https:\/\/www.coloredcaramel.com\/pt-br\/wp-json\/wp\/v2\/media?parent=33150"}],"curies":[{"name":"wp","href":"https:\/\/api.w.org\/{rel}","templated":true}]}}