{"id":35621,"date":"2025-11-30T08:33:43","date_gmt":"2025-11-30T08:33:43","guid":{"rendered":"https:\/\/www.coloredcaramel.com\/product\/chibi-girls-christmas-coloring-book-2\/"},"modified":"2026-09-05T12:37:03","modified_gmt":"2026-09-05T12:37:03","slug":"chibi-girls-karacsonyi-szinezokonyv","status":"publish","type":"product","link":"https:\/\/www.coloredcaramel.com\/hu\/product\/chibi-girls-karacsonyi-szinezokonyv\/","title":{"rendered":"Chibi Girls kar\u00e1csonyi sz\u00ednez\u0151k\u00f6nyv"},"content":{"rendered":"<p data-start=\"100\" data-end=\"381\"><strong data-start=\"104\" data-end=\"151\">L\u00e9pj be a chibi kar\u00e1csonyi var\u00e1zslat vil\u00e1g\u00e1ba!<\/strong> \u2728<br data-start=\"155\" data-end=\"158\" \/>Fedezd fel a leg\u00e9desebb kis chibi l\u00e1nyokat, akik minden t\u00e9li jelenetben otthonosan, \u00fcnnepien \u00e9s elk\u00e9peszt\u0151en cukin mutatnak. A m\u00e9zeskal\u00e1cs-d\u00edsz\u00edt\u00e9st\u0151l az aj\u00e1nd\u00e9kcsomagol\u00e1son \u00e1t a h\u00f3ban val\u00f3 j\u00e1t\u00e9kig \u2013 minden oldal egy \u00fajabb decemberi \u00f6r\u00f6mpillanatot hoz el neked. \ud83d\udc97<br \/>\n<br data-start=\"424\" data-end=\"427\" \/>K\u00e9sz\u00fclj fel a kuck\u00f3z\u00f3s hangulatra, a ragyog\u00f3 mosolyokra \u00e9s a v\u00e9gtelen cukis\u00e1gra, amit csak ki kell sz\u00ednezned. \ud83c\udf80<\/p>\n<p><span style=\"font-family: 'comic sans ms', sans-serif; font-size: 12pt;\"><span style=\"font-weight: 400;\">\ud83e\udde1 <\/span><b>Mi\u00e9rt im\u00e1djuk:<\/b><\/span><\/p>\n<ul>\n<li><span style=\"font-weight: 400; font-family: 'comic sans ms', sans-serif; font-size: 12pt;\"> Im\u00e1dnival\u00f3, vastag vonalas rajzok a bekuck\u00f3z\u00f3s sz\u00ednez\u00e9shez.<\/span><\/li>\n<li><span style=\"font-weight: 400; font-family: 'comic sans ms', sans-serif; font-size: 12pt;\"> PDF 25 egyedi, \u00fcnnepi illusztr\u00e1ci\u00f3val \u2013 (nincs ism\u00e9tl\u0151d\u00e9s!).<\/span><\/li>\n<li><span style=\"font-weight: 400; font-family: 'comic sans ms', sans-serif; font-size: 12pt;\"> Az oldalak m\u00e9rete 8.5 x 11 inch.<\/span><\/li>\n<li><span style=\"font-weight: 400; font-family: 'comic sans ms', sans-serif; font-size: 12pt;\"> Feln\u0151tteknek \u00e9s tiniknek k\u00e9sz\u00fclt, akik szeretik a cuki, otthonos \u00e9s pihentet\u0151 illusztr\u00e1ci\u00f3kat.<\/span><\/li>\n<li><span style=\"font-weight: 400; font-family: 'comic sans ms', sans-serif; font-size: 12pt;\"> Nyugodt mened\u00e9k a mindennapi stressz el\u0151l.<\/span><\/li>\n<li><span style=\"font-weight: 400; font-family: 'comic sans ms', sans-serif; font-size: 12pt;\">T\u00f6k\u00e9letes, figyelmes aj\u00e1nd\u00e9k.<\/span><\/li>\n<\/ul>\n<h3><span style=\"font-family: 'comic sans ms', sans-serif; font-size: 12pt;\"><span style=\"font-weight: 400;\">V\u00e1laszd ki a kedvencedet: <\/span><b>Digit\u00e1lis vagy pap\u00edrk\u00f6t\u00e9s\u0171!<br \/>\n<\/b><span style=\"font-weight: 400;\">\ud83e\udde1 Szerezd be a <\/span><b>digit\u00e1lis p\u00e9ld\u00e1nyodat<\/b><span style=\"font-weight: 400;\"> itt, vagy<br \/>\n<\/span><span style=\"font-weight: 400;\">\ud83d\udc9a v\u00e1laszd a <\/span><b>pap\u00edrk\u00f6t\u00e9s\u0171 v\u00e1ltozatot<\/b><span style=\"font-weight: 400;\">, \u00e9s rendeld meg az Amazonon!<\/span><\/span><\/h3>\n<h3><span style=\"font-family: 'comic sans ms', sans-serif; font-size: 12pt;\"><span style=\"font-weight: 400;\">\u2728 <\/span><b>Fontos<\/b><span style=\"font-weight: 400;\"> \u2728<\/span><span style=\"font-weight: 400;\"><br \/>\n<\/span><span style=\"font-weight: 400;\">\ud83e\udde1 Ez egy digit\u00e1lis, nyomtathat\u00f3 sz\u00ednez\u0151.<\/span><span style=\"font-weight: 400;\"><br \/>\n<\/span><span style=\"font-weight: 400;\">\ud83d\udeab Fizikai p\u00e9ld\u00e1nyt nem k\u00fcld\u00fcnk.<\/span><span style=\"font-weight: 400;\"><br \/>\n<\/span><span style=\"font-weight: 400;\">\ud83c\udfe1 Otthon annyiszor t\u00f6ltheted le \u00e9s nyomtathatod ki, ah\u00e1nyszor csak szeretn\u00e9d \u2013 kiz\u00e1r\u00f3lag szem\u00e9lyes haszn\u00e1latra.<\/span><span style=\"font-weight: 400;\"><br \/>\n<\/span><span style=\"font-weight: 400;\">\ud83d\udc95 Kereskedelmi c\u00e9lra nem haszn\u00e1lhat\u00f3 \u2013 ne add el, ne oszd meg \u00e9s ne terjeszd ezeket az oldalakat.<\/span><span style=\"font-weight: 400;\"><br \/>\n<\/span><span style=\"font-weight: 400;\">\ud83c\udfa8 Ne haszn\u00e1ld a mint\u00e1kat \u00faj term\u00e9kek (p\u00e9ld\u00e1ul matric\u00e1k, k\u00f6nyvek vagy aj\u00e1nd\u00e9kt\u00e1rgyak) k\u00e9sz\u00edt\u00e9s\u00e9hez.<\/span><span style=\"font-weight: 400;\"><br \/>\n<\/span><span style=\"font-weight: 400;\">\ud83d\udcf8 Sz\u00edvesen vessz\u00fck, ha megosztod a kisz\u00ednezett oldalaidat az interneten \u2013 csak k\u00e9rj\u00fck, t\u00fcntesd fel a Colored Caramel nev\u00e9t.<\/span><span style=\"font-weight: 400;\"><br \/>\n<\/span><span style=\"font-weight: 400;\">\ud83d\udd8b\ufe0f Minden minta a Colored Caramel szerz\u0151i jogi v\u00e9delme alatt \u00e1ll. K\u00e9rj\u00fck, tiszteld a munk\u00e1nkat \u00e9s a kreativit\u00e1sunkat.<\/span><span style=\"font-weight: 400;\"><br \/>\n<\/span><span style=\"font-weight: 400;\"><br \/>\n<\/span><span style=\"font-weight: 400;\">Vigy\u00e1zz, k\u00e9sz, sz\u00ednezz! \u2728 Szerezd be a p\u00e9ld\u00e1nyodat, \u00e9s kezdd el sz\u00ednezni ezeket a kar\u00e1csonyi oldalakat az im\u00e1dnival\u00f3 kawaii chibi l\u00e1nyokkal.\u00a0<\/span><\/span><\/h3>\n<p><span style=\"font-weight: 400; font-family: 'comic sans ms', sans-serif; font-size: 12pt;\">Ha b\u00e1rmilyen k\u00e9rd\u00e9sed van, k\u00fcldj nek\u00fcnk egy \u00fczenetet! \ud83e\udde1<\/span><\/p>\n","protected":false},"excerpt":{"rendered":"<p>L\u00e9pj be a chibi kar\u00e1csonyi var\u00e1zslat vil\u00e1g\u00e1ba! \u2728Fedezd fel a leg\u00e9desebb kis chibi l\u00e1nyokat, akik minden t\u00e9li jelenetben otthonosan, \u00fcnnepien \u00e9s elk\u00e9peszt\u0151en cukin mutatnak. A m\u00e9zeskal\u00e1cs-d\u00edsz\u00edt\u00e9st\u0151l az aj\u00e1nd\u00e9kcsomagol\u00e1son \u00e1t a\u2026<\/p>\n","protected":false},"featured_media":0,"comment_status":"open","ping_status":"closed","template":"","meta":{"_acf_changed":false,"_glsr_average":0,"_glsr_ranking":0,"_glsr_reviews":0},"product_brand":[],"product_cat":[7745,7721,7657],"product_tag":[],"class_list":["post-35621","product","type-product","status-publish","product_cat-karacsony","product_cat-kawaii","product_cat-szinezok","first","instock","sold-individually","shipping-taxable","purchasable","product-type-variable"],"bundled_by":[],"bundle_stock_status":"instock","bundle_stock_quantity":null,"bundle_virtual":false,"bundle_layout":"","bundle_add_to_cart_form_location":"","bundle_editable_in_cart":false,"bundle_sold_individually_context":"","bundle_item_grouping":"","bundle_min_size":"","bundle_max_size":"","bundle_price":[],"bundled_items":[],"bundle_sell_ids":[],"acf":[],"_links":{"self":[{"href":"https:\/\/www.coloredcaramel.com\/hu\/wp-json\/wp\/v2\/product\/35621","targetHints":{"allow":["GET"]}}],"collection":[{"href":"https:\/\/www.coloredcaramel.com\/hu\/wp-json\/wp\/v2\/product"}],"about":[{"href":"https:\/\/www.coloredcaramel.com\/hu\/wp-json\/wp\/v2\/types\/product"}],"replies":[{"embeddable":true,"href":"https:\/\/www.coloredcaramel.com\/hu\/wp-json\/wp\/v2\/comments?post=35621"}],"wp:attachment":[{"href":"https:\/\/www.coloredcaramel.com\/hu\/wp-json\/wp\/v2\/media?parent=35621"}],"wp:term":[{"taxonomy":"product_brand","embeddable":true,"href":"https:\/\/www.coloredcaramel.com\/hu\/wp-json\/wp\/v2\/product_brand?post=35621"},{"taxonomy":"product_cat","embeddable":true,"href":"https:\/\/www.coloredcaramel.com\/hu\/wp-json\/wp\/v2\/product_cat?post=35621"},{"taxonomy":"product_tag","embeddable":true,"href":"https:\/\/www.coloredcaramel.com\/hu\/wp-json\/wp\/v2\/product_tag?post=35621"}],"curies":[{"name":"wp","href":"https:\/\/api.w.org\/{rel}","templated":true}]}}