{"id":35594,"date":"2025-11-30T08:08:49","date_gmt":"2025-11-30T08:08:49","guid":{"rendered":"https:\/\/www.coloredcaramel.com\/product\/christmas-gnomes-coloring-book-2\/"},"modified":"2026-09-05T12:37:02","modified_gmt":"2026-09-05T12:37:02","slug":"karacsonyi-manok-szinezokonyv","status":"publish","type":"product","link":"https:\/\/www.coloredcaramel.com\/hu\/product\/karacsonyi-manok-szinezokonyv\/","title":{"rendered":"Kar\u00e1csonyi man\u00f3k sz\u00ednez\u0151k\u00f6nyv"},"content":{"rendered":"<p><span style=\"font-weight: 400; font-family: 'comic sans ms', sans-serif; font-size: 12pt;\">Fedezd fel ezeket az im\u00e1dnival\u00f3 kar\u00e1csonyi sz\u00ednez\u0151 lapokat aranyos man\u00f3kkal egy var\u00e1zslatos december\u00e9rt.\u00a0<\/span><span style=\"font-family: 'comic sans ms', sans-serif; font-size: 12pt;\"><b>\u2728<\/b><\/span><\/p>\n<p><span style=\"font-weight: 400; font-family: 'comic sans ms', sans-serif; font-size: 12pt;\">Minden oldalon \u00faj, vid\u00e1m jelenet v\u00e1r! \ud83d\udc97<\/span><\/p>\n<p><span style=\"font-family: 'comic sans ms', sans-serif; font-size: 12pt;\"><span style=\"font-weight: 400;\">\ud83e\udde1 <\/span><b>Mi\u00e9rt im\u00e1djuk:<\/b><\/span><\/p>\n<ul>\n<li><span style=\"font-weight: 400; font-family: 'comic sans ms', sans-serif; font-size: 12pt;\"> Im\u00e1dnival\u00f3, vastag vonalas mint\u00e1k a bekuck\u00f3z\u00f3s, otthonos sz\u00ednez\u00e9shez.<\/span><\/li>\n<li><span style=\"font-weight: 400; font-family: 'comic sans ms', sans-serif; font-size: 12pt;\"> PDF 25 egyedi, \u00fcnnepi illusztr\u00e1ci\u00f3val (nincs ism\u00e9tl\u0151d\u00e9s!).<\/span><\/li>\n<li><span style=\"font-weight: 400; font-family: 'comic sans ms', sans-serif; font-size: 12pt;\"> Az oldalak m\u00e9rete 8.5 x 11 inch.<\/span><\/li>\n<li><span style=\"font-weight: 400; font-family: 'comic sans ms', sans-serif; font-size: 12pt;\"> Feln\u0151tteknek \u00e9s tiniknek k\u00e9sz\u00fclt, akik szeretik a cuki, otthonos \u00e9s pihentet\u0151 illusztr\u00e1ci\u00f3kat.<\/span><\/li>\n<li><span style=\"font-weight: 400; font-family: 'comic sans ms', sans-serif; font-size: 12pt;\"> Nyugodt mened\u00e9k a mindennapi stressz el\u0151l.<\/span><\/li>\n<li><span style=\"font-weight: 400; font-family: 'comic sans ms', sans-serif; font-size: 12pt;\">T\u00f6k\u00e9letes, figyelmes aj\u00e1nd\u00e9k.<\/span><\/li>\n<\/ul>\n<h3><span style=\"font-family: 'comic sans ms', sans-serif; font-size: 12pt;\"><span style=\"font-weight: 400;\">V\u00e1laszd ki a kedvenced: <\/span><b>digit\u00e1lis vagy pap\u00edrk\u00f6t\u00e9s\u0171!<br \/>\n<\/b><span style=\"font-weight: 400;\">\ud83e\udde1 Szerezd be a <\/span><b>digit\u00e1lis p\u00e9ld\u00e1nyt<\/b><span style=\"font-weight: 400;\"> itt, vagy<br \/>\n<\/span><span style=\"font-weight: 400;\">\ud83d\udc9a v\u00e1laszd a <\/span><b>pap\u00edrk\u00f6t\u00e9s\u0171t<\/b><span style=\"font-weight: 400;\">, \u00e9s rendeld meg az Amazonon!<\/span><\/span><\/h3>\n<h3><span style=\"font-family: 'comic sans ms', sans-serif; font-size: 12pt;\"><span style=\"font-weight: 400;\">\u2728 <\/span><b>Fontos<\/b><span style=\"font-weight: 400;\"> \u2728<\/span><span style=\"font-weight: 400;\"><br \/>\n<\/span><span style=\"font-weight: 400;\">\ud83e\udde1 Ez egy digit\u00e1lis, kinyomtathat\u00f3 kifest\u0151.<\/span><span style=\"font-weight: 400;\"><br \/>\n<\/span><span style=\"font-weight: 400;\">\ud83d\udeab Fizikai p\u00e9ld\u00e1nyt nem k\u00fcld\u00fcnk.<\/span><span style=\"font-weight: 400;\"><br \/>\n<\/span><span style=\"font-weight: 400;\">\ud83c\udfe1 Otthon annyiszor t\u00f6ltheted le \u00e9s nyomtathatod ki, ah\u00e1nyszor csak szeretn\u00e9d \u2013 kiz\u00e1r\u00f3lag szem\u00e9lyes haszn\u00e1latra.<\/span><span style=\"font-weight: 400;\"><br \/>\n<\/span><span style=\"font-weight: 400;\">\ud83d\udc95 Kereskedelmi c\u00e9lra nem haszn\u00e1lhat\u00f3 \u2013 ne \u00e1rus\u00edtsd, ne oszd meg \u00e9s ne terjeszd ezeket a lapokat.<\/span><span style=\"font-weight: 400;\"><br \/>\n<\/span><span style=\"font-weight: 400;\">\ud83c\udfa8 Ne haszn\u00e1ld a mint\u00e1kat \u00faj term\u00e9kek (p\u00e9ld\u00e1ul matric\u00e1k, k\u00f6nyvek vagy aj\u00e1nd\u00e9kt\u00e1rgyak) k\u00e9sz\u00edt\u00e9s\u00e9hez.<\/span><span style=\"font-weight: 400;\"><br \/>\n<\/span><span style=\"font-weight: 400;\">\ud83d\udcf8 Sz\u00edvesen vessz\u00fck, ha megosztod a kisz\u00ednezett lapokat online \u2013 csak k\u00e9rj\u00fck, jel\u00f6ld meg a Colored Caramel-t.<\/span><span style=\"font-weight: 400;\"><br \/>\n<\/span><span style=\"font-weight: 400;\">\ud83d\udd8b\ufe0f Minden minta a Colored Caramel teljes k\u00f6r\u0171 szerz\u0151i jogi v\u00e9delme alatt \u00e1ll. K\u00e9rj\u00fck, tartsd tiszteletben a munk\u00e1nkat \u00e9s a kreativit\u00e1sunkat.<\/span><span style=\"font-weight: 400;\"><br \/>\n<\/span><span style=\"font-weight: 400;\"><br \/>\n<\/span><span style=\"font-weight: 400;\">Vigy\u00e1zz, k\u00e9sz, sz\u00ednezz! \u2728 Szerezd be a saj\u00e1t p\u00e9ld\u00e1nyod, \u00e9s kezdd el sz\u00ednezni ezeket a kar\u00e1csonyi lapokat a cuki \u00e9s vid\u00e1m man\u00f3kkal.\u00a0<\/span><\/span><\/h3>\n<p><span style=\"font-weight: 400; font-family: 'comic sans ms', sans-serif; font-size: 12pt;\">Ha b\u00e1rmilyen k\u00e9rd\u00e9sed van, k\u00fcldj nek\u00fcnk egy \u00fczenetet \ud83e\udde1<\/span><\/p>\n","protected":false},"excerpt":{"rendered":"<p>Fedezd fel ezeket az im\u00e1dnival\u00f3 kar\u00e1csonyi sz\u00ednez\u0151 lapokat aranyos man\u00f3kkal egy var\u00e1zslatos december\u00e9rt.\u00a0\u2728 Minden oldalon \u00faj, vid\u00e1m jelenet v\u00e1r! \ud83d\udc97 \ud83e\udde1 Mi\u00e9rt im\u00e1djuk: Im\u00e1dnival\u00f3, vastag vonalas mint\u00e1k a bekuck\u00f3z\u00f3s, otthonos\u2026<\/p>\n","protected":false},"featured_media":0,"comment_status":"open","ping_status":"closed","template":"","meta":{"_acf_changed":false,"_glsr_average":0,"_glsr_ranking":0,"_glsr_reviews":0},"product_brand":[],"product_cat":[7745,7753,7657],"product_tag":[],"class_list":["post-35594","product","type-product","status-publish","product_cat-karacsony","product_cat-manok","product_cat-szinezok","first","instock","sold-individually","shipping-taxable","purchasable","product-type-variable"],"bundled_by":[],"bundle_stock_status":"instock","bundle_stock_quantity":null,"bundle_virtual":false,"bundle_layout":"","bundle_add_to_cart_form_location":"","bundle_editable_in_cart":false,"bundle_sold_individually_context":"","bundle_item_grouping":"","bundle_min_size":"","bundle_max_size":"","bundle_price":[],"bundled_items":[],"bundle_sell_ids":[],"acf":[],"_links":{"self":[{"href":"https:\/\/www.coloredcaramel.com\/hu\/wp-json\/wp\/v2\/product\/35594","targetHints":{"allow":["GET"]}}],"collection":[{"href":"https:\/\/www.coloredcaramel.com\/hu\/wp-json\/wp\/v2\/product"}],"about":[{"href":"https:\/\/www.coloredcaramel.com\/hu\/wp-json\/wp\/v2\/types\/product"}],"replies":[{"embeddable":true,"href":"https:\/\/www.coloredcaramel.com\/hu\/wp-json\/wp\/v2\/comments?post=35594"}],"wp:attachment":[{"href":"https:\/\/www.coloredcaramel.com\/hu\/wp-json\/wp\/v2\/media?parent=35594"}],"wp:term":[{"taxonomy":"product_brand","embeddable":true,"href":"https:\/\/www.coloredcaramel.com\/hu\/wp-json\/wp\/v2\/product_brand?post=35594"},{"taxonomy":"product_cat","embeddable":true,"href":"https:\/\/www.coloredcaramel.com\/hu\/wp-json\/wp\/v2\/product_cat?post=35594"},{"taxonomy":"product_tag","embeddable":true,"href":"https:\/\/www.coloredcaramel.com\/hu\/wp-json\/wp\/v2\/product_tag?post=35594"}],"curies":[{"name":"wp","href":"https:\/\/api.w.org\/{rel}","templated":true}]}}