{"id":35315,"date":"2025-09-25T12:09:35","date_gmt":"2025-09-25T12:09:35","guid":{"rendered":"https:\/\/www.coloredcaramel.com\/product\/girly-vibes-2\/"},"modified":"2026-09-05T12:36:44","modified_gmt":"2026-09-05T12:36:44","slug":"girly-vibes-szinezokonyv-vagany-egyszeru-es-cuki","status":"publish","type":"product","link":"https:\/\/www.coloredcaramel.com\/hu\/product\/girly-vibes-szinezokonyv-vagany-egyszeru-es-cuki\/","title":{"rendered":"Girly Vibes sz\u00ednez\u0151k\u00f6nyv: vag\u00e1ny, egyszer\u0171 \u00e9s cuki illusztr\u00e1ci\u00f3k"},"content":{"rendered":"<p><span style=\"font-family: 'comic sans ms', sans-serif;\">Szereted az aranyos, csajos, otthonos \u00e9s egyszer\u0171 sz\u00ednez\u0151ket?<\/span><br \/>\n<span style=\"font-family: 'comic sans ms', sans-serif;\">Akkor ezt biztosan im\u00e1dni fogod!<\/span><\/p>\n<p><span style=\"font-family: 'comic sans ms', sans-serif;\">Mi nem csak szeretj\u00fck ezt a sz\u00ednez\u0151t, hanem egyenesen odavagyunk \u00e9rte!<\/span><br \/>\n<span style=\"font-family: 'comic sans ms', sans-serif;\">\u2022 Tele van szuper aranyos, vastag vonalas \u00e9s egyszer\u0171 illusztr\u00e1ci\u00f3kkal.<\/span><br \/>\n<span style=\"font-family: 'comic sans ms', sans-serif;\">\u2022 Im\u00e1dnival\u00f3 oldalakat tartalmaz, amelyek t\u00f6k\u00e9letesek a k\u00f6z\u00f6s sz\u00ednez\u00e9shez!<\/span><br \/>\n<span style=\"font-family: 'comic sans ms', sans-serif;\">\u2022 Egy teljes PDF 55 egyedi mint\u00e1val &#8211; nincs ism\u00e9tl\u0151d\u00e9s!<\/span><br \/>\n<span style=\"font-family: 'comic sans ms', sans-serif;\">\u2022 Az oldalm\u00e9ret 8.5 x 8.5 inch &#8211; a legjobb 8.5 x 11 inch-es vagy A4-es pap\u00edrra nyomtatni.<\/span><br \/>\n<span style=\"font-family: 'comic sans ms', sans-serif;\">\u2022 T\u00f6k\u00e9letes feln\u0151tteknek \u00e9s tiniknek.<\/span><br \/>\n<span style=\"font-family: 'comic sans ms', sans-serif;\">\u2022 Pihentet\u0151!<\/span><br \/>\n<span style=\"font-family: 'comic sans ms', sans-serif;\">\u2022 Gy\u00f6ny\u00f6r\u0171 aj\u00e1nd\u00e9k.<\/span><\/p>\n<p><span style=\"font-family: 'comic sans ms', sans-serif;\">**FONTOS**<\/span><br \/>\n<span style=\"font-family: 'comic sans ms', sans-serif;\">\u2022 Ez egy let\u00f6lthet\u0151 e-k\u00f6nyv, amit otthon nyomtathatsz ki &#8211; fizikai p\u00e9ld\u00e1nyt nem k\u00fcld\u00fcnk post\u00e1n.<\/span><br \/>\n<span style=\"font-family: 'comic sans ms', sans-serif;\">\u2022 A let\u00f6lthet\u0151 f\u00e1jlokon nincs v\u00edzjel.<\/span><br \/>\n<span style=\"font-family: 'comic sans ms', sans-serif;\">\u2022 KIZ\u00c1R\u00d3LAG SZEM\u00c9LYES\/MAG\u00c1N haszn\u00e1latra! Kereskedelmi c\u00e9l\u00fa felhaszn\u00e1l\u00e1s nem enged\u00e9lyezett.<\/span><br \/>\n<span style=\"font-family: 'comic sans ms', sans-serif;\">\u2022 A k\u00f6nyv szerz\u0151i jogv\u00e9delem alatt \u00e1ll, T\u00d6MEGGY\u00c1RT\u00c1SA vagy TOV\u00c1BB\u00c9RT\u00c9KES\u00cdT\u00c9SE tilos.<\/span><\/p>\n<p><span style=\"font-family: 'comic sans ms', sans-serif;\">Rendeld meg ezt az aranyos SZ\u00cdNEZ\u0150T a sz\u00f3rakoz\u00e1shoz \u00e9s stresszold\u00e1shoz!<\/span><\/p>\n<p><span style=\"font-family: 'comic sans ms', sans-serif;\">Ha b\u00e1rmilyen k\u00e9rd\u00e9sed van, k\u00fcldj nek\u00fcnk egy \u00fczenetet \ud83d\ude42<\/span><\/p>\n","protected":false},"excerpt":{"rendered":"<p>Szereted az aranyos, csajos, otthonos \u00e9s egyszer\u0171 sz\u00ednez\u0151ket? Akkor ezt biztosan im\u00e1dni fogod! Mi nem csak szeretj\u00fck ezt a sz\u00ednez\u0151t, hanem egyenesen odavagyunk \u00e9rte! \u2022 Tele van szuper aranyos, vastag\u2026<\/p>\n","protected":false},"featured_media":0,"comment_status":"open","ping_status":"closed","template":"","meta":{"_acf_changed":false,"_glsr_average":0,"_glsr_ranking":0,"_glsr_reviews":0},"product_brand":[],"product_cat":[7657,7697,7793],"product_tag":[],"class_list":["post-35315","product","type-product","status-publish","product_cat-szinezok","product_cat-mindfulness","product_cat-relaxacio","first","instock","sold-individually","shipping-taxable","purchasable","product-type-variable"],"bundled_by":[],"bundle_stock_status":"instock","bundle_stock_quantity":null,"bundle_virtual":false,"bundle_layout":"","bundle_add_to_cart_form_location":"","bundle_editable_in_cart":false,"bundle_sold_individually_context":"","bundle_item_grouping":"","bundle_min_size":"","bundle_max_size":"","bundle_price":[],"bundled_items":[],"bundle_sell_ids":[],"acf":[],"_links":{"self":[{"href":"https:\/\/www.coloredcaramel.com\/hu\/wp-json\/wp\/v2\/product\/35315","targetHints":{"allow":["GET"]}}],"collection":[{"href":"https:\/\/www.coloredcaramel.com\/hu\/wp-json\/wp\/v2\/product"}],"about":[{"href":"https:\/\/www.coloredcaramel.com\/hu\/wp-json\/wp\/v2\/types\/product"}],"replies":[{"embeddable":true,"href":"https:\/\/www.coloredcaramel.com\/hu\/wp-json\/wp\/v2\/comments?post=35315"}],"wp:attachment":[{"href":"https:\/\/www.coloredcaramel.com\/hu\/wp-json\/wp\/v2\/media?parent=35315"}],"wp:term":[{"taxonomy":"product_brand","embeddable":true,"href":"https:\/\/www.coloredcaramel.com\/hu\/wp-json\/wp\/v2\/product_brand?post=35315"},{"taxonomy":"product_cat","embeddable":true,"href":"https:\/\/www.coloredcaramel.com\/hu\/wp-json\/wp\/v2\/product_cat?post=35315"},{"taxonomy":"product_tag","embeddable":true,"href":"https:\/\/www.coloredcaramel.com\/hu\/wp-json\/wp\/v2\/product_tag?post=35315"}],"curies":[{"name":"wp","href":"https:\/\/api.w.org\/{rel}","templated":true}]}}